{"id":9,"date":"2025-01-20T13:46:34","date_gmt":"2025-01-20T16:46:34","guid":{"rendered":"https:\/\/lucasvasconcelos.com.br\/bumper\/?page_id=9"},"modified":"2025-01-29T15:22:43","modified_gmt":"2025-01-29T18:22:43","slug":"pagina-inicial-2","status":"publish","type":"page","link":"https:\/\/lucasvasconcelos.com.br\/bumper\/","title":{"rendered":"P\u00e1gina inicial"},"content":{"rendered":"\t\t<div data-elementor-type=\"wp-page\" data-elementor-id=\"9\" class=\"elementor elementor-9\">\n\t\t\t\t<div class=\"aux-parallax-section elementor-element elementor-element-f0972ef e-flex e-con-boxed e-con e-parent\" data-id=\"f0972ef\" data-element_type=\"container\" data-e-type=\"container\">\n\t\t\t\t\t<div class=\"e-con-inner\">\n\t\t\t\t<div class=\"elementor-element elementor-element-c08ee9b elementor-widget elementor-widget-depicter_slider\" data-id=\"c08ee9b\" data-element_type=\"widget\" data-e-type=\"widget\" data-widget_type=\"depicter_slider.default\">\n\t\t\t\t<div class=\"elementor-widget-container\">\n\t\t\t\t\t<style id=\"depicter-1-inline-pre-css\">\n\n.depicter-1:not(.depicter-ready){\n\theight:480px;\n}\n\n\/***** Tablet *****\/\n@media screen and (max-width: 1024px){\n\n.depicter-1:not(.depicter-ready){\n\theight:700px;\n}\n\n}\n\/***** Mobile *****\/\n@media screen and (max-width: 767px){\n\n.depicter-1:not(.depicter-ready){\n\theight:540px;\n}\n\n}\n<\/style>\n<div id=\"depicter-1\" class=\"depicter depicter-document depicter-revert depicter-1 depicter-layout-fullwidth\">\n\n<div class=\"depicter-loading-container depicter-loading dotFlashing-dark\"><div class=\"depicter-loading-dark depicter-dot-flashing\">\n   <span><\/span>\n   <span><\/span>\n   <span><\/span>\n<\/div>\n<\/div>\n<div id=\"depicter-1-section-3\" class=\"depicter-section depicter-1-section-3\" data-name=\"Slide 1\" data-type=\"section\" data-local-id=\"section-3\">\n<picture class=\"depicter-bg\">\n<source data-depicter-srcset=\"https:\/\/lucasvasconcelos.com.br\/bumper\/wp-content\/uploads\/2025\/01\/institucional-dt-2-768x600.jpg, https:\/\/lucasvasconcelos.com.br\/bumper\/wp-content\/uploads\/2025\/01\/institucional-dt-2.jpg 2x\" srcset=\"data:image\/gif;base64,R0lGODlhAQABAIAAAAAAAP\/\/\/yH5BAEAAAAALAAAAAABAAEAAAIBRAA7\" media=\"(max-width: 1024px)\" \/>\n\n<source data-depicter-srcset=\"https:\/\/lucasvasconcelos.com.br\/bumper\/wp-content\/uploads\/2025\/01\/institucional-dt-2.jpg, https:\/\/lucasvasconcelos.com.br\/bumper\/wp-content\/uploads\/2025\/01\/institucional-dt-2-1920x600.jpg 2x\" srcset=\"data:image\/gif;base64,R0lGODlhAQABAIAAAAAAAP\/\/\/yH5BAEAAAAALAAAAAABAAEAAAIBRAA7\" media=\"(min-width: 1025px)\" \/>\n<img decoding=\"async\" src=\"data:image\/gif;base64,R0lGODlhAQABAIAAAAAAAP\/\/\/yH5BAEAAAAALAAAAAABAAEAAAIBRAA7\" alt=\"\" data-depicter-src=\"https:\/\/lucasvasconcelos.com.br\/bumper\/wp-content\/uploads\/2025\/01\/institucional-dt-2.jpg\" data-object-fit=\"cover,,cover\" data-object-position=\"center center,,\" \/>\n<\/picture>\n\n<\/div>\n\n<div id=\"depicter-1-section-1\" class=\"depicter-section depicter-1-section-1\" data-name=\"Section 1\" data-type=\"section\" data-local-id=\"section-1\">\n<picture class=\"depicter-bg\">\n<source data-depicter-srcset=\"https:\/\/lucasvasconcelos.com.br\/bumper\/wp-content\/uploads\/2025\/01\/D_NQ_NP_649829-MLA81032930604_122024-OO-768x600.webp, https:\/\/lucasvasconcelos.com.br\/bumper\/wp-content\/uploads\/2025\/01\/D_NQ_NP_649829-MLA81032930604_122024-OO.webp 2x\" srcset=\"data:image\/gif;base64,R0lGODlhAQABAIAAAAAAAP\/\/\/yH5BAEAAAAALAAAAAABAAEAAAIBRAA7\" media=\"(max-width: 1024px)\" \/>\n\n<source data-depicter-srcset=\"https:\/\/lucasvasconcelos.com.br\/bumper\/wp-content\/uploads\/2025\/01\/D_NQ_NP_649829-MLA81032930604_122024-OO.webp, https:\/\/lucasvasconcelos.com.br\/bumper\/wp-content\/uploads\/2025\/01\/D_NQ_NP_649829-MLA81032930604_122024-OO-1920x600.webp 2x\" srcset=\"data:image\/gif;base64,R0lGODlhAQABAIAAAAAAAP\/\/\/yH5BAEAAAAALAAAAAABAAEAAAIBRAA7\" media=\"(min-width: 1025px)\" \/>\n<img decoding=\"async\" src=\"data:image\/gif;base64,R0lGODlhAQABAIAAAAAAAP\/\/\/yH5BAEAAAAALAAAAAABAAEAAAIBRAA7\" alt=\"\" data-depicter-src=\"https:\/\/lucasvasconcelos.com.br\/bumper\/wp-content\/uploads\/2025\/01\/D_NQ_NP_649829-MLA81032930604_122024-OO.webp\" data-object-position=\"center bottom,,\" \/>\n<\/picture>\n\n<\/div>\n<\/div>\n<script>\n(window.depicterSetups = window.depicterSetups || []).push(function(){\n\tDepicter.basePath = 'https:\/\/lucasvasconcelos.com.br\/bumper\/wp-content\/plugins\/depicter\/resources\/scripts\/player\/';\n\tconst dpPlayer = Depicter.setup('.depicter-1',\n\t\t{\"width\":[\"1800\",\"1024\",\"460\"],\"height\":[\"480\",\"700\",\"540\"],\"view\":\"basic\",\"keepAspectRatio\":true,\"preload\":0,\"layout\":\"fullwidth\",\"rtl\":false,\"initAfterAppear\":false,\"ajaxApiUrl\":\"https:\\\/\\\/lucasvasconcelos.com.br\\\/bumper\\\/wp-admin\\\/admin-ajax.php\",\"mouseSwipe\":true,\"touchSwipe\":true,\"useWatermark\":false}\n\t);\n});\n<\/script>\t\t\t\t<\/div>\n\t\t\t\t<\/div>\n\t\t\t\t\t<\/div>\n\t\t\t\t<\/div>\n\t\t<div class=\"aux-parallax-section elementor-element elementor-element-f156567 e-flex e-con-boxed e-con e-parent\" data-id=\"f156567\" data-element_type=\"container\" data-e-type=\"container\">\n\t\t\t\t\t<div class=\"e-con-inner\">\n\t\t<div class=\"elementor-element elementor-element-eead0ff e-con-full e-flex e-con e-child\" data-id=\"eead0ff\" data-element_type=\"container\" data-e-type=\"container\">\n\t\t\t\t<div class=\"elementor-element elementor-element-473f86b elementor-position-inline-start elementor-mobile-position-inline-start elementor-view-default elementor-widget elementor-widget-icon-box\" data-id=\"473f86b\" data-element_type=\"widget\" data-e-type=\"widget\" data-widget_type=\"icon-box.default\">\n\t\t\t\t<div class=\"elementor-widget-container\">\n\t\t\t\t\t\t\t<div class=\"elementor-icon-box-wrapper\">\n\n\t\t\t\t\t\t<div class=\"elementor-icon-box-icon\">\n\t\t\t\t<span  class=\"elementor-icon\">\n\t\t\t\t<i aria-hidden=\"true\" class=\"auxicon auxicon-truck-3\"><\/i>\t\t\t\t<\/span>\n\t\t\t<\/div>\n\t\t\t\n\t\t\t\t\t\t<div class=\"elementor-icon-box-content\">\n\n\t\t\t\t\t\t\t\t\t<h3 class=\"elementor-icon-box-title\">\n\t\t\t\t\t\t<span  >\n\t\t\t\t\t\t\tEntrega\t\t\t\t\t\t<\/span>\n\t\t\t\t\t<\/h3>\n\t\t\t\t\n\t\t\t\t\t\t\t\t\t<p class=\"elementor-icon-box-description\">\n\t\t\t\t\t\tem todo Brasil\t\t\t\t\t<\/p>\n\t\t\t\t\n\t\t\t<\/div>\n\t\t\t\n\t\t<\/div>\n\t\t\t\t\t\t<\/div>\n\t\t\t\t<\/div>\n\t\t\t\t<\/div>\n\t\t<div class=\"elementor-element elementor-element-99e918e e-con-full e-flex e-con e-child\" data-id=\"99e918e\" data-element_type=\"container\" data-e-type=\"container\">\n\t\t\t\t<div class=\"elementor-element elementor-element-b008a2b elementor-position-inline-start elementor-mobile-position-inline-start elementor-view-default elementor-widget elementor-widget-icon-box\" data-id=\"b008a2b\" data-element_type=\"widget\" data-e-type=\"widget\" data-widget_type=\"icon-box.default\">\n\t\t\t\t<div class=\"elementor-widget-container\">\n\t\t\t\t\t\t\t<div class=\"elementor-icon-box-wrapper\">\n\n\t\t\t\t\t\t<div class=\"elementor-icon-box-icon\">\n\t\t\t\t<span  class=\"elementor-icon\">\n\t\t\t\t<i aria-hidden=\"true\" class=\"auxicon auxicon-credit-card-5\"><\/i>\t\t\t\t<\/span>\n\t\t\t<\/div>\n\t\t\t\n\t\t\t\t\t\t<div class=\"elementor-icon-box-content\">\n\n\t\t\t\t\t\t\t\t\t<h3 class=\"elementor-icon-box-title\">\n\t\t\t\t\t\t<span  >\n\t\t\t\t\t\t\tEm at\u00e9 4x sem juros\t\t\t\t\t\t<\/span>\n\t\t\t\t\t<\/h3>\n\t\t\t\t\n\t\t\t\t\t\t\t\t\t<p class=\"elementor-icon-box-description\">\n\t\t\t\t\t\tparcele seu pedido\t\t\t\t\t<\/p>\n\t\t\t\t\n\t\t\t<\/div>\n\t\t\t\n\t\t<\/div>\n\t\t\t\t\t\t<\/div>\n\t\t\t\t<\/div>\n\t\t\t\t<\/div>\n\t\t<div class=\"elementor-element elementor-element-d1f5bbf e-con-full e-flex e-con e-child\" data-id=\"d1f5bbf\" data-element_type=\"container\" data-e-type=\"container\">\n\t\t\t\t<div class=\"elementor-element elementor-element-6b358c1 elementor-position-inline-start elementor-mobile-position-inline-start elementor-view-default elementor-widget elementor-widget-icon-box\" data-id=\"6b358c1\" data-element_type=\"widget\" data-e-type=\"widget\" data-widget_type=\"icon-box.default\">\n\t\t\t\t<div class=\"elementor-widget-container\">\n\t\t\t\t\t\t\t<div class=\"elementor-icon-box-wrapper\">\n\n\t\t\t\t\t\t<div class=\"elementor-icon-box-icon\">\n\t\t\t\t<span  class=\"elementor-icon\">\n\t\t\t\t<i aria-hidden=\"true\" class=\"auxicon auxicon-lock-round\"><\/i>\t\t\t\t<\/span>\n\t\t\t<\/div>\n\t\t\t\n\t\t\t\t\t\t<div class=\"elementor-icon-box-content\">\n\n\t\t\t\t\t\t\t\t\t<h3 class=\"elementor-icon-box-title\">\n\t\t\t\t\t\t<span  >\n\t\t\t\t\t\t\tSite seguro\t\t\t\t\t\t<\/span>\n\t\t\t\t\t<\/h3>\n\t\t\t\t\n\t\t\t\t\t\t\t\t\t<p class=\"elementor-icon-box-description\">\n\t\t\t\t\t\tcertificado SSL\t\t\t\t\t<\/p>\n\t\t\t\t\n\t\t\t<\/div>\n\t\t\t\n\t\t<\/div>\n\t\t\t\t\t\t<\/div>\n\t\t\t\t<\/div>\n\t\t\t\t<\/div>\n\t\t<div class=\"elementor-element elementor-element-afc70c2 e-con-full e-flex e-con e-child\" data-id=\"afc70c2\" data-element_type=\"container\" data-e-type=\"container\">\n\t\t\t\t<div class=\"elementor-element elementor-element-051adb8 elementor-position-inline-start elementor-mobile-position-inline-start elementor-view-default elementor-widget elementor-widget-icon-box\" data-id=\"051adb8\" data-element_type=\"widget\" data-e-type=\"widget\" data-widget_type=\"icon-box.default\">\n\t\t\t\t<div class=\"elementor-widget-container\">\n\t\t\t\t\t\t\t<div class=\"elementor-icon-box-wrapper\">\n\n\t\t\t\t\t\t<div class=\"elementor-icon-box-icon\">\n\t\t\t\t<span  class=\"elementor-icon\">\n\t\t\t\t<i aria-hidden=\"true\" class=\"auxicon auxicon-like-2-1\"><\/i>\t\t\t\t<\/span>\n\t\t\t<\/div>\n\t\t\t\n\t\t\t\t\t\t<div class=\"elementor-icon-box-content\">\n\n\t\t\t\t\t\t\t\t\t<h3 class=\"elementor-icon-box-title\">\n\t\t\t\t\t\t<span  >\n\t\t\t\t\t\t\t5% de desconto\t\t\t\t\t\t<\/span>\n\t\t\t\t\t<\/h3>\n\t\t\t\t\n\t\t\t\t\t\t\t\t\t<p class=\"elementor-icon-box-description\">\n\t\t\t\t\t\tvia pix\t\t\t\t\t<\/p>\n\t\t\t\t\n\t\t\t<\/div>\n\t\t\t\n\t\t<\/div>\n\t\t\t\t\t\t<\/div>\n\t\t\t\t<\/div>\n\t\t\t\t<\/div>\n\t\t\t\t\t<\/div>\n\t\t\t\t<\/div>\n\t\t<div class=\"aux-parallax-section elementor-element elementor-element-e2b0dd2 e-flex e-con-boxed e-con e-parent\" data-id=\"e2b0dd2\" data-element_type=\"container\" data-e-type=\"container\">\n\t\t\t\t\t<div class=\"e-con-inner\">\n\t\t\t\t<div class=\"elementor-element elementor-element-c24172e elementor-widget elementor-widget-ucaddon_card_carousel\" data-id=\"c24172e\" data-element_type=\"widget\" data-e-type=\"widget\" data-widget_type=\"ucaddon_card_carousel.default\">\n\t\t\t\t<div class=\"elementor-widget-container\">\n\t\t\t\t\t\n<!-- start Card Carousel -->\n\t\t<link id='font-awesome-css' href='https:\/\/lucasvasconcelos.com.br\/bumper\/wp-content\/plugins\/unlimited-elements-for-elementor\/assets_libraries\/font-awesome6\/fontawesome-all.min.css' type='text\/css' rel='stylesheet' >\n\t\t<link id='font-awesome-4-shim-css' href='https:\/\/lucasvasconcelos.com.br\/bumper\/wp-content\/plugins\/unlimited-elements-for-elementor\/assets_libraries\/font-awesome6\/fontawesome-v4-shims.min.css' type='text\/css' rel='stylesheet' >\n\t\t<link id='owl-carousel-css' href='https:\/\/lucasvasconcelos.com.br\/bumper\/wp-content\/plugins\/unlimited-elements-for-elementor\/assets_libraries\/owl-carousel-new\/assets\/owl.carousel.css' type='text\/css' rel='stylesheet' >\n\t\t<link id='uc_ac_assets_file_animate_css_77907-css' href='https:\/\/lucasvasconcelos.com.br\/bumper\/wp-content\/uploads\/ac_assets\/uc_classic_carousel\/animate.css' type='text\/css' rel='stylesheet' >\n\n<style>\/* widget: Card Carousel *\/\n\n#uc_card_carousel_elementor_c24172e-wrapper{\n  min-height:1px;\n}\n\n#uc_card_carousel_elementor_c24172e *{\n\t-webkit-box-sizing: border-box;\n\t-moz-box-sizing: border-box;\n\tbox-sizing: border-box;\n}\n\n#uc_card_carousel_elementor_c24172e .ue-carousel-item{\n  overflow:hidden;\n  transition:0.3s;\n}\n\n#uc_card_carousel_elementor_c24172e .uc_classic_carousel_container_holder{\n\tdisplay:block;\n\tposition:relative;\n\twidth:100%;\n    box-sizing: border-box;\n}\n#uc_card_carousel_elementor_c24172e .uc_classic_carousel_placeholder{\n   position:relative;\n}\n\n\n#uc_card_carousel_elementor_c24172e .uc_classic_carousel_placeholder img, #uc_card_carousel_elementor_c24172e .ue_card_carousel_image_overlay{\n  transition: all 300ms;\n}\n\n.card_carousel_title{\n\tfont-size:21px;\n}\n\n.uc_classic_carousel .uc_classic_carousel_border{\n\tdisplay:block;\n    margin:0 auto;\n}\n\n.uc_classic_carousel  .uc_classic_carousel_placeholder img{\n\twidth:100%;    \n    display:block;\n}\n\n.uc_classic_carousel .uc_classic_carousel_content{\n  display: flex;\n  flex-flow: column nowrap;\n}\n\n.uc_classic_carousel .ue_button{\n  margin-top:auto;\n}\n\n.uc_classic_carousel .uc_classic_carousel_content .uc_more_btn {\n\tdisplay:inline-block;\n\ttext-decoration:none;\n\ttransition: all 0.5s ease;\n}\n\n#uc_card_carousel_elementor_c24172e .owl-dots {\n  overflow:hidden;\n  text-align:center;\n}\n\n#uc_card_carousel_elementor_c24172e .owl-dot {\n  border-radius:50%;\n  display:inline-block;\n}\n\n#uc_card_carousel_elementor_c24172e .owl-nav .owl-prev,\n#uc_card_carousel_elementor_c24172e .owl-nav .owl-next{\n    position:absolute;\n    display:flex;\n  \tjustify-content: center;\n  \talign-items: center;\n    text-align:center;\n}\n\n#uc_card_carousel_elementor_c24172e .owl-nav .disabled{\n    display: none;  \n}\n\n\n#uc_card_carousel_elementor_c24172e .ue-item-icon{\n  line-height:1em;\n  display:inline-flex;\n  justify-content:center;\n  align-items:center;  \n}\n\n#uc_card_carousel_elementor_c24172e .ue-item-icon svg{\n  height:1em;\n  width:1em;\n}\n\n#uc_card_carousel_elementor_c24172e .ue-item-icon-wrapper{\n  display:flex;\n}\n\n#uc_card_carousel_elementor_c24172e .uc_classic_carousel_container_holder {\n\t max-width: ;\n}\n\n\n\n@media screen and (max-width: 1024px) {\n  #uc_card_carousel_elementor_c24172e .uc_classic_carousel_container_holder {\n\t max-width: ;\n  }\n}\n\n@media screen and (max-width: 767px) {\n  #uc_card_carousel_elementor_c24172e .uc_classic_carousel_container_holder {\n    max-width: ;\n  }\n}\n\n<\/style>\n\n<div class=\"uc_classic_carousel\" id=\"uc_card_carousel_elementor_c24172e-wrapper\">\n        <div class=\"uc_carousel owl-carousel uc-items-wrapper  \" id=\"uc_card_carousel_elementor_c24172e\"  >\n          \t\n\n\n<div id=\"uc_card_carousel_elementor_c24172e_item1\" class=\"uc_classic_carousel_container_holder ue-item elementor-repeater-item-f5a9d0d\" data-hide-item=\"false\">  \n  <div class=\"ue-carousel-item\">\n    \n        \n    \n          <div class=\"uc_classic_carousel_placeholder\">\n        <a href=\"#\" title=\"\" >          <img fetchpriority=\"high\" decoding=\"async\" src=\"https:\/\/lucasvasconcelos.com.br\/bumper\/wp-content\/uploads\/2025\/01\/Eletroportateis.png\"  src=\"https:\/\/lucasvasconcelos.com.br\/bumper\/wp-content\/uploads\/2025\/01\/Eletroportateis.png\" alt=\"Eletroportateis\" width=\"250\" height=\"300\">\n        <\/a>              <\/div>\n    \n    <div class=\"uc_classic_carousel_content\" style=\"direction:ltr;\">    \n\n      \n          <div  class=\"card_carousel_title\">Eletroport\u00e1teis<\/div>\n        <div class=\"card_carousel_text\"><\/div>      \t\n\n      \t\n      \n    <\/div>\n    \n  <\/div>\n<\/div>\n\n\n\n<div id=\"uc_card_carousel_elementor_c24172e_item2\" class=\"uc_classic_carousel_container_holder ue-item elementor-repeater-item-49f5b79\" data-hide-item=\"false\">  \n  <div class=\"ue-carousel-item\">\n    \n        \n    \n          <div class=\"uc_classic_carousel_placeholder\">\n        <a href=\"#\" title=\"\" >          <img decoding=\"async\" src=\"https:\/\/lucasvasconcelos.com.br\/bumper\/wp-content\/uploads\/2025\/01\/Eletronicos.png\"  src=\"https:\/\/lucasvasconcelos.com.br\/bumper\/wp-content\/uploads\/2025\/01\/Eletronicos.png\" alt=\"Eletronicos\" width=\"250\" height=\"300\">\n        <\/a>              <\/div>\n    \n    <div class=\"uc_classic_carousel_content\" style=\"direction:ltr;\">    \n\n      \n          <div  class=\"card_carousel_title\">Eletr\u00f4nicos<\/div>\n        <div class=\"card_carousel_text\"><\/div>      \t\n\n      \t\n      \n    <\/div>\n    \n  <\/div>\n<\/div>\n\n\n\n<div id=\"uc_card_carousel_elementor_c24172e_item3\" class=\"uc_classic_carousel_container_holder ue-item elementor-repeater-item-3dd4552\" data-hide-item=\"false\">  \n  <div class=\"ue-carousel-item\">\n    \n        \n    \n          <div class=\"uc_classic_carousel_placeholder\">\n        <a href=\"#\" title=\"\" >          <img decoding=\"async\" src=\"https:\/\/lucasvasconcelos.com.br\/bumper\/wp-content\/uploads\/2025\/01\/Ferramentas-Eletricas.png\"  src=\"https:\/\/lucasvasconcelos.com.br\/bumper\/wp-content\/uploads\/2025\/01\/Ferramentas-Eletricas.png\" alt=\"Ferramentas-Eletricas\" width=\"250\" height=\"300\">\n        <\/a>              <\/div>\n    \n    <div class=\"uc_classic_carousel_content\" style=\"direction:ltr;\">    \n\n      \n          <div  class=\"card_carousel_title\">Ferramentas el\u00e9tricas<\/div>\n        <div class=\"card_carousel_text\"><\/div>      \t\n\n      \t\n      \n    <\/div>\n    \n  <\/div>\n<\/div>\n\n\n\n<div id=\"uc_card_carousel_elementor_c24172e_item4\" class=\"uc_classic_carousel_container_holder ue-item elementor-repeater-item-14199c8\" data-hide-item=\"false\">  \n  <div class=\"ue-carousel-item\">\n    \n        \n    \n          <div class=\"uc_classic_carousel_placeholder\">\n        <a href=\"#\" title=\"\" >          <img loading=\"lazy\" decoding=\"async\" src=\"https:\/\/lucasvasconcelos.com.br\/bumper\/wp-content\/uploads\/2025\/01\/Pecas-e-Acessorios2.webp\"  src=\"https:\/\/lucasvasconcelos.com.br\/bumper\/wp-content\/uploads\/2025\/01\/Pecas-e-Acessorios2.webp\" alt=\"Pecas-e-Acessorios2\" width=\"250\" height=\"300\">\n        <\/a>              <\/div>\n    \n    <div class=\"uc_classic_carousel_content\" style=\"direction:ltr;\">    \n\n      \n          <div  class=\"card_carousel_title\">Pe\u00e7as e acess\u00f3rios<\/div>\n        <div class=\"card_carousel_text\"><\/div>      \t\n\n      \t\n      \n    <\/div>\n    \n  <\/div>\n<\/div>\n\n\n\n<div id=\"uc_card_carousel_elementor_c24172e_item5\" class=\"uc_classic_carousel_container_holder ue-item elementor-repeater-item-b42219c\" data-hide-item=\"false\">  \n  <div class=\"ue-carousel-item\">\n    \n        \n    \n          <div class=\"uc_classic_carousel_placeholder\">\n        <a href=\"#\" title=\"\" >          <img loading=\"lazy\" decoding=\"async\" src=\"https:\/\/lucasvasconcelos.com.br\/bumper\/wp-content\/uploads\/2025\/01\/Utilidades-Domesticas_bm.png\"  src=\"https:\/\/lucasvasconcelos.com.br\/bumper\/wp-content\/uploads\/2025\/01\/Utilidades-Domesticas_bm.png\" alt=\"Utilidades-Domesticas_bm\" width=\"250\" height=\"300\">\n        <\/a>              <\/div>\n    \n    <div class=\"uc_classic_carousel_content\" style=\"direction:ltr;\">    \n\n      \n          <div  class=\"card_carousel_title\">Utilidades dom\u00e9sticas<\/div>\n        <div class=\"card_carousel_text\"><\/div>      \t\n\n      \t\n      \n    <\/div>\n    \n  <\/div>\n<\/div>\n\n\n\n<div id=\"uc_card_carousel_elementor_c24172e_item6\" class=\"uc_classic_carousel_container_holder ue-item elementor-repeater-item-164a644\" data-hide-item=\"false\">  \n  <div class=\"ue-carousel-item\">\n    \n        \n    \n          <div class=\"uc_classic_carousel_placeholder\">\n        <a href=\"#\" title=\"\" >          <img loading=\"lazy\" decoding=\"async\" src=\"https:\/\/lucasvasconcelos.com.br\/bumper\/wp-content\/uploads\/2025\/01\/Casa-Moveis-e-Decoracao.png\"  src=\"https:\/\/lucasvasconcelos.com.br\/bumper\/wp-content\/uploads\/2025\/01\/Casa-Moveis-e-Decoracao.png\" alt=\"Casa-Moveis-e-Decoracao\" width=\"250\" height=\"300\">\n        <\/a>              <\/div>\n    \n    <div class=\"uc_classic_carousel_content\" style=\"direction:ltr;\">    \n\n      \n          <div  class=\"card_carousel_title\">Casa m\u00f3veis e decora\u00e7\u00e3o<\/div>\n        <div class=\"card_carousel_text\"><\/div>      \t\n\n      \t\n      \n    <\/div>\n    \n  <\/div>\n<\/div>\n\n\n\n<div id=\"uc_card_carousel_elementor_c24172e_item7\" class=\"uc_classic_carousel_container_holder ue-item elementor-repeater-item-841ab28\" data-hide-item=\"false\">  \n  <div class=\"ue-carousel-item\">\n    \n        \n    \n          <div class=\"uc_classic_carousel_placeholder\">\n        <a href=\"#\" title=\"\" >          <img loading=\"lazy\" decoding=\"async\" src=\"https:\/\/lucasvasconcelos.com.br\/bumper\/wp-content\/uploads\/2025\/01\/Cuidados-Pessoais.png\"  src=\"https:\/\/lucasvasconcelos.com.br\/bumper\/wp-content\/uploads\/2025\/01\/Cuidados-Pessoais.png\" alt=\"Cuidados-Pessoais\" width=\"250\" height=\"300\">\n        <\/a>              <\/div>\n    \n    <div class=\"uc_classic_carousel_content\" style=\"direction:ltr;\">    \n\n      \n          <div  class=\"card_carousel_title\">Cuidados pessoais<\/div>\n        <div class=\"card_carousel_text\"><\/div>      \t\n\n      \t\n      \n    <\/div>\n    \n  <\/div>\n<\/div>\n\n\n\n<div id=\"uc_card_carousel_elementor_c24172e_item8\" class=\"uc_classic_carousel_container_holder ue-item elementor-repeater-item-b4e0484\" data-hide-item=\"false\">  \n  <div class=\"ue-carousel-item\">\n    \n        \n    \n          <div class=\"uc_classic_carousel_placeholder\">\n        <a href=\"#\" title=\"\" >          <img loading=\"lazy\" decoding=\"async\" src=\"https:\/\/lucasvasconcelos.com.br\/bumper\/wp-content\/uploads\/2025\/01\/Cameras-e-Acessorios.png\"  src=\"https:\/\/lucasvasconcelos.com.br\/bumper\/wp-content\/uploads\/2025\/01\/Cameras-e-Acessorios.png\" alt=\"Cameras-e-Acessorios\" width=\"250\" height=\"300\">\n        <\/a>              <\/div>\n    \n    <div class=\"uc_classic_carousel_content\" style=\"direction:ltr;\">    \n\n      \n          <div  class=\"card_carousel_title\">C\u00e2meras e acess\u00f3rios<\/div>\n        <div class=\"card_carousel_text\"><\/div>      \t\n\n      \t\n      \n    <\/div>\n    \n  <\/div>\n<\/div>\n\n\n\n<div id=\"uc_card_carousel_elementor_c24172e_item9\" class=\"uc_classic_carousel_container_holder ue-item elementor-repeater-item-4c4477d\" data-hide-item=\"false\">  \n  <div class=\"ue-carousel-item\">\n    \n        \n    \n          <div class=\"uc_classic_carousel_placeholder\">\n        <a href=\"#\" title=\"\" >          <img loading=\"lazy\" decoding=\"async\" src=\"https:\/\/lucasvasconcelos.com.br\/bumper\/wp-content\/uploads\/2025\/01\/Informatica2.webp\"  src=\"https:\/\/lucasvasconcelos.com.br\/bumper\/wp-content\/uploads\/2025\/01\/Informatica2.webp\" alt=\"Informatica2\" width=\"259\" height=\"343\">\n        <\/a>              <\/div>\n    \n    <div class=\"uc_classic_carousel_content\" style=\"direction:ltr;\">    \n\n      \n          <div  class=\"card_carousel_title\">Inform\u00e1tica<\/div>\n        <div class=\"card_carousel_text\"><\/div>      \t\n\n      \t\n      \n    <\/div>\n    \n  <\/div>\n<\/div>\n\n\n\n<div id=\"uc_card_carousel_elementor_c24172e_item10\" class=\"uc_classic_carousel_container_holder ue-item elementor-repeater-item-7b71ad2\" data-hide-item=\"false\">  \n  <div class=\"ue-carousel-item\">\n    \n        \n    \n          <div class=\"uc_classic_carousel_placeholder\">\n        <a href=\"#\" title=\"\" >          <img loading=\"lazy\" decoding=\"async\" src=\"https:\/\/lucasvasconcelos.com.br\/bumper\/wp-content\/uploads\/2025\/01\/Maquina-de-Costura.png\"  src=\"https:\/\/lucasvasconcelos.com.br\/bumper\/wp-content\/uploads\/2025\/01\/Maquina-de-Costura.png\" alt=\"Maquina-de-Costura\" width=\"250\" height=\"300\">\n        <\/a>              <\/div>\n    \n    <div class=\"uc_classic_carousel_content\" style=\"direction:ltr;\">    \n\n      \n          <div  class=\"card_carousel_title\">M\u00e1quina de Costura<\/div>\n        <div class=\"card_carousel_text\"><\/div>      \t\n\n      \t\n      \n    <\/div>\n    \n  <\/div>\n<\/div>\n\n      <\/div>\n<\/div>\n<!-- end Card Carousel -->\t\t\t\t<\/div>\n\t\t\t\t<\/div>\n\t\t\t\t\t<\/div>\n\t\t\t\t<\/div>\n\t\t<div class=\"aux-parallax-section elementor-element elementor-element-56a33f2 e-flex e-con-boxed e-con e-parent\" data-id=\"56a33f2\" data-element_type=\"container\" data-e-type=\"container\">\n\t\t\t\t\t<div class=\"e-con-inner\">\n\t\t<div class=\"elementor-element elementor-element-91f0ee3 e-con-full e-flex e-con e-child\" data-id=\"91f0ee3\" data-element_type=\"container\" data-e-type=\"container\">\n\t\t\t\t<div class=\"elementor-element elementor-element-6f4bab5 elementor-widget-mobile__width-auto aux-appear-watch-animation aux-fade-in-up elementor-widget elementor-widget-aux_modern_heading\" data-id=\"6f4bab5\" data-element_type=\"widget\" data-e-type=\"widget\" data-widget_type=\"aux_modern_heading.default\">\n\t\t\t\t<div class=\"elementor-widget-container\">\n\t\t\t\t\t<section class=\"aux-widget-modern-heading\">\n            <div class=\"aux-widget-inner\"><span class=\"aux-modern-heading-primary\"><\/span><h4 class=\"aux-modern-heading-secondary\"><span class=\"aux-head-before\">Ofertas Bumper \ud83d\uded2<\/span><\/h4><\/div>\n        <\/section>\t\t\t\t<\/div>\n\t\t\t\t<\/div>\n\t\t\t\t<\/div>\n\t\t<div class=\"elementor-element elementor-element-07d340e e-con-full e-flex e-con e-child\" data-id=\"07d340e\" data-element_type=\"container\" data-e-type=\"container\">\n\t\t\t\t<div class=\"elementor-element elementor-element-f884fea elementor-widget elementor-widget-aux_modern_button\" data-id=\"f884fea\" data-element_type=\"widget\" data-e-type=\"widget\" data-widget_type=\"aux_modern_button.default\">\n\t\t\t\t<div class=\"elementor-widget-container\">\n\t\t\t\t\t    <div class=\"aux-modern-button-wrapper aux-modern-button-align-right\" >\n                    <a class=\"aux-modern-button aux-black aux-modern-button-md aux-modern-button-normal aux-modern-button-default aux-icon-\" href=\"https:\/\/lucasvasconcelos.com.br\/bumper\/categoria-produto\/ofertas\/\">\n                <div class=\"aux-overlay\"><\/div>\n                                    <div class=\"aux-icon \">\n                                            <\/div>\n                                <div class=\"aux-text\">\n<span class=\"aux-text-before\">Ver todas<\/span>                <\/div>\n            <\/a>\n            \n    <\/div>\n\n    \t\t\t\t<\/div>\n\t\t\t\t<\/div>\n\t\t\t\t<\/div>\n\t\t\t\t\t<\/div>\n\t\t\t\t<\/div>\n\t\t<div class=\"aux-parallax-section elementor-element elementor-element-b6518b6 e-con-full elementor-hidden-mobile e-flex e-con e-parent\" data-id=\"b6518b6\" data-element_type=\"container\" data-e-type=\"container\">\n\t\t<div class=\"elementor-element elementor-element-5405fb7 e-con-full e-flex e-con e-child\" data-id=\"5405fb7\" data-element_type=\"container\" data-e-type=\"container\">\n\t\t\t\t<div class=\"elementor-element elementor-element-e1b5700 elementor-widget elementor-widget-shortcode\" data-id=\"e1b5700\" data-element_type=\"widget\" data-e-type=\"widget\" data-widget_type=\"shortcode.default\">\n\t\t\t\t<div class=\"elementor-widget-container\">\n\t\t\t\t\t\t\t<div class=\"elementor-shortcode\"><div class=\"woocommerce columns-5 \"><span class=\"wpfHidden\" data-shortcode-attribute=\"{&quot;limit&quot;:&quot;5&quot;,&quot;columns&quot;:&quot;5&quot;,&quot;rows&quot;:&quot;&quot;,&quot;orderby&quot;:&quot;date&quot;,&quot;order&quot;:&quot;DESC&quot;,&quot;ids&quot;:&quot;&quot;,&quot;skus&quot;:&quot;&quot;,&quot;category&quot;:&quot;&quot;,&quot;cat_operator&quot;:&quot;IN&quot;,&quot;attribute&quot;:&quot;&quot;,&quot;terms&quot;:&quot;&quot;,&quot;terms_operator&quot;:&quot;IN&quot;,&quot;tag&quot;:&quot;&quot;,&quot;tag_operator&quot;:&quot;IN&quot;,&quot;visibility&quot;:&quot;visible&quot;,&quot;class&quot;:&quot;&quot;,&quot;page&quot;:1,&quot;paginate&quot;:false,&quot;cache&quot;:false}\"><\/span><ul class=\"products columns-5\">\n<li class=\"product type-product post-1645 status-publish first instock product_cat-eletroportateis product_cat-para-cozinha product_cat-sanduicheira has-post-thumbnail shipping-taxable purchasable product-type-simple aux-remove-view-cart\">\n\t<div class=\"tinv-wraper woocommerce tinv-wishlist auxshp-wishlist-wrapper tinvwl-above_thumb-add-to-cart tinvwl-loop-button-wrapper tinvwl-woocommerce_before_shop_loop_item\"\n\t data-product_id=\"1645\">\n\t<a role=\"button\" tabindex=\"0\" name=\"adicionar-lista-de-desejos\" aria-label=\"Adicionar &agrave; lista de desejos\" class=\"tinvwl_add_to_wishlist_button auxshp-wishlist   no-txt tinvwl-product-already-on-wishlist  tinvwl-position-above_thumb tinvwl-loop\" data-tinv-wl-list=\"[]\" data-tinv-wl-product=\"1645\" data-tinv-wl-productvariation=\"0\" data-tinv-wl-productvariations=\"[]\" data-tinv-wl-producttype=\"simple\" data-tinv-wl-action=\"add\"><span class=\"aux-wishlist-icon aux-ico auxicon-heart-small-outline\"><\/span><\/a>\t\t<div class=\"tinvwl-tooltip\">Adicionar &agrave; lista de desejos<\/div>\n<\/div>\n<a href=\"https:\/\/lucasvasconcelos.com.br\/bumper\/produto\/sanduicheira-eletrica-blackdecker-cocina-g1400-cor-inox-220v\/\" class=\"woocommerce-LoopProduct-link woocommerce-loop-product__link\"><div class=\"tp-image-wrapper\"><img decoding=\"async\" class=\"tp-image\" src=\"https:\/\/lucasvasconcelos.com.br\/bumper\/wp-content\/uploads\/2025\/01\/D_NQ_NP_699981-MLA73432937705_122023-O-300x300.webp\" srcset=\"https:\/\/lucasvasconcelos.com.br\/bumper\/wp-content\/uploads\/2025\/01\/D_NQ_NP_699981-MLA73432937705_122023-O-300x300.webp 300w, https:\/\/lucasvasconcelos.com.br\/bumper\/wp-content\/uploads\/2025\/01\/D_NQ_NP_699981-MLA73432937705_122023-O-150x150.webp 150w, https:\/\/lucasvasconcelos.com.br\/bumper\/wp-content\/uploads\/2025\/01\/D_NQ_NP_699981-MLA73432937705_122023-O-100x100.webp 100w\" sizes=\"(max-width: 360px) 100vw, 360px\" alt=\"Sanduicheira El\u00e9trica Black+Decker Cocina G1400 Cor Inox 220V\"><img decoding=\"async\" class=\"tp-image-hover\" src=\"https:\/\/lucasvasconcelos.com.br\/bumper\/wp-content\/uploads\/2025\/01\/br-11134207-7r98o-lt8900ou9j3w93-300x300.jpeg\" srcset=\"https:\/\/lucasvasconcelos.com.br\/bumper\/wp-content\/uploads\/2025\/01\/br-11134207-7r98o-lt8900ou9j3w93-300x300.jpeg 300w, https:\/\/lucasvasconcelos.com.br\/bumper\/wp-content\/uploads\/2025\/01\/br-11134207-7r98o-lt8900ou9j3w93-150x150.jpeg 150w, https:\/\/lucasvasconcelos.com.br\/bumper\/wp-content\/uploads\/2025\/01\/br-11134207-7r98o-lt8900ou9j3w93-200x200.jpeg 200w, https:\/\/lucasvasconcelos.com.br\/bumper\/wp-content\/uploads\/2025\/01\/br-11134207-7r98o-lt8900ou9j3w93-100x100.jpeg 100w, https:\/\/lucasvasconcelos.com.br\/bumper\/wp-content\/uploads\/2025\/01\/br-11134207-7r98o-lt8900ou9j3w93.jpeg 500w\" sizes=\"(max-width: 360px) 100vw, 360px\" alt=\"Sanduicheira El\u00e9trica Black+Decker Cocina G1400 Cor Inox 220V\"><\/div><a href=\"https:\/\/lucasvasconcelos.com.br\/bumper\/produto\/sanduicheira-eletrica-blackdecker-cocina-g1400-cor-inox-220v\/\"><h2 class=\"woocommerce-loop-product__title\">Sanduicheira El\u00e9trica Black+Decker Cocina G1400 Cor Inox 220V<\/h2><\/a>\n\t<span class=\"price\">\r\n\t\t<div class=\"woo-custom-installments-group \">\r\n\t\t\t\r\n\t\t\t\r\n\t\t\t<div class=\"woo-custom-installments-group-main-price \">\r\n\t\t\t\t\t\t\t\t\t\t<span class=\"woo-custom-installments-price\"><span class=\"woocommerce-Price-amount amount\"><bdi><span class=\"woocommerce-Price-currencySymbol\">&#82;&#36;<\/span>337,90<\/bdi><\/span><\/span>\r\n\t\t\t\t\t\t\t\t<\/div>\r\n\r\n\t\t\t <span class=\"woo-custom-installments-card-container\"><span class=\"woo-custom-installments-details-without-fee\" data-end-installments=\"4\"><i class=\"wci-icon-best-installments icon-class fa-regular fa-credit-card\"><\/i><span class=\"woo-custom-installments-details best-value no-fee\">Em at\u00e9 4x de <span class=\"woocommerce-Price-amount amount\"><bdi><span class=\"woocommerce-Price-currencySymbol\">&#82;&#36;<\/span>84,48<\/bdi><\/span>  sem juros<\/span><\/span> <\/span><span class=\"woo-custom-installments-offer\"><i class=\"wci-icon-main-price icon-class fa-brands fa-pix\"><\/i><span class=\"discount-before-price\">\u00c0 vista<\/span><span class=\"discounted-price\"><span class=\"woocommerce-Price-amount amount\"><bdi><span class=\"woocommerce-Price-currencySymbol\">&#82;&#36;<\/span>321,01<\/bdi><\/span><\/span><span class=\"discount-after-price\">no Pix<\/span><\/span>\t\t<\/div>\r\n\r\n\t\t<\/span>\n<\/a><a href=\"\/bumper\/wp-json\/wp\/v2\/pages\/9?add-to-cart=1645\" aria-describedby=\"woocommerce_loop_add_to_cart_link_describedby_1645\" data-quantity=\"1\" class=\"button aux-ajax-add-to-cart product_type_simple add_to_cart_button\" data-product_id=\"1645\" data-product_sku=\"G1400-220V\" aria-label=\"Adicione ao carrinho: &ldquo;Sanduicheira El\u00e9trica Black+Decker Cocina G1400 Cor Inox 220V&rdquo;\" rel=\"nofollow\" data-success_message=\"\u201cSanduicheira El\u00e9trica Black+Decker Cocina G1400 Cor Inox 220V\u201d foi adicionado ao seu carrinho\" data-product-type=\"simple\" data-verify_nonce=\"a2b31fca41\" role=\"button\">Adicionar ao carrinho<\/a>\t<span id=\"woocommerce_loop_add_to_cart_link_describedby_1645\" class=\"screen-reader-text\">\n\t\t\t<\/span>\n<\/li>\n<li class=\"product type-product post-1644 status-publish instock product_cat-eletroportateis product_cat-grill-eletrico product_cat-para-cozinha has-post-thumbnail shipping-taxable purchasable product-type-simple aux-remove-view-cart\">\n\t<div class=\"tinv-wraper woocommerce tinv-wishlist auxshp-wishlist-wrapper tinvwl-above_thumb-add-to-cart tinvwl-loop-button-wrapper tinvwl-woocommerce_before_shop_loop_item\"\n\t data-product_id=\"1644\">\n\t<a role=\"button\" tabindex=\"0\" name=\"adicionar-lista-de-desejos\" aria-label=\"Adicionar &agrave; lista de desejos\" class=\"tinvwl_add_to_wishlist_button auxshp-wishlist   no-txt tinvwl-product-already-on-wishlist  tinvwl-position-above_thumb tinvwl-loop\" data-tinv-wl-list=\"[]\" data-tinv-wl-product=\"1644\" data-tinv-wl-productvariation=\"0\" data-tinv-wl-productvariations=\"[]\" data-tinv-wl-producttype=\"simple\" data-tinv-wl-action=\"add\"><span class=\"aux-wishlist-icon aux-ico auxicon-heart-small-outline\"><\/span><\/a>\t\t<div class=\"tinvwl-tooltip\">Adicionar &agrave; lista de desejos<\/div>\n<\/div>\n<a href=\"https:\/\/lucasvasconcelos.com.br\/bumper\/produto\/panela-grill-lenoxx-eletrico-multifuncional-gourmet-pgr151\/\" class=\"woocommerce-LoopProduct-link woocommerce-loop-product__link\"><div class=\"tp-image-wrapper\"><img decoding=\"async\" class=\"tp-image\" src=\"https:\/\/lucasvasconcelos.com.br\/bumper\/wp-content\/uploads\/2025\/01\/31523958_1-300x300.webp\" srcset=\"https:\/\/lucasvasconcelos.com.br\/bumper\/wp-content\/uploads\/2025\/01\/31523958_1-300x300.webp 300w, https:\/\/lucasvasconcelos.com.br\/bumper\/wp-content\/uploads\/2025\/01\/31523958_1-150x150.webp 150w, https:\/\/lucasvasconcelos.com.br\/bumper\/wp-content\/uploads\/2025\/01\/31523958_1-768x768.webp 768w, https:\/\/lucasvasconcelos.com.br\/bumper\/wp-content\/uploads\/2025\/01\/31523958_1-200x200.webp 200w, https:\/\/lucasvasconcelos.com.br\/bumper\/wp-content\/uploads\/2025\/01\/31523958_1-800x800.webp 800w, https:\/\/lucasvasconcelos.com.br\/bumper\/wp-content\/uploads\/2025\/01\/31523958_1-100x100.webp 100w, https:\/\/lucasvasconcelos.com.br\/bumper\/wp-content\/uploads\/2025\/01\/31523958_1.webp 1000w\" sizes=\"(max-width: 360px) 100vw, 360px\" alt=\"Panela Grill Lenoxx El\u00e9trico Multifuncional Gourmet Pgr151\"><img decoding=\"async\" class=\"tp-image-hover\" src=\"https:\/\/lucasvasconcelos.com.br\/bumper\/wp-content\/uploads\/2025\/01\/D_NQ_NP_604927-MLU70499827358_072023-O-300x300.webp\" srcset=\"https:\/\/lucasvasconcelos.com.br\/bumper\/wp-content\/uploads\/2025\/01\/D_NQ_NP_604927-MLU70499827358_072023-O-300x300.webp 300w, https:\/\/lucasvasconcelos.com.br\/bumper\/wp-content\/uploads\/2025\/01\/D_NQ_NP_604927-MLU70499827358_072023-O-150x150.webp 150w, https:\/\/lucasvasconcelos.com.br\/bumper\/wp-content\/uploads\/2025\/01\/D_NQ_NP_604927-MLU70499827358_072023-O-100x100.webp 100w\" sizes=\"(max-width: 360px) 100vw, 360px\" alt=\"Panela Grill Lenoxx El\u00e9trico Multifuncional Gourmet Pgr151\"><\/div><a href=\"https:\/\/lucasvasconcelos.com.br\/bumper\/produto\/panela-grill-lenoxx-eletrico-multifuncional-gourmet-pgr151\/\"><h2 class=\"woocommerce-loop-product__title\">Panela Grill Lenoxx El\u00e9trico Multifuncional Gourmet Pgr151<\/h2><\/a>\n\t<span class=\"price\">\r\n\t\t<div class=\"woo-custom-installments-group \">\r\n\t\t\t\r\n\t\t\t\r\n\t\t\t<div class=\"woo-custom-installments-group-main-price \">\r\n\t\t\t\t\t\t\t\t\t\t<span class=\"woo-custom-installments-price\"><span class=\"woocommerce-Price-amount amount\"><bdi><span class=\"woocommerce-Price-currencySymbol\">&#82;&#36;<\/span>185,90<\/bdi><\/span><\/span>\r\n\t\t\t\t\t\t\t\t<\/div>\r\n\r\n\t\t\t <span class=\"woo-custom-installments-card-container\"><span class=\"woo-custom-installments-details-without-fee\" data-end-installments=\"4\"><i class=\"wci-icon-best-installments icon-class fa-regular fa-credit-card\"><\/i><span class=\"woo-custom-installments-details best-value no-fee\">Em at\u00e9 4x de <span class=\"woocommerce-Price-amount amount\"><bdi><span class=\"woocommerce-Price-currencySymbol\">&#82;&#36;<\/span>46,48<\/bdi><\/span>  sem juros<\/span><\/span> <\/span><span class=\"woo-custom-installments-offer\"><i class=\"wci-icon-main-price icon-class fa-brands fa-pix\"><\/i><span class=\"discount-before-price\">\u00c0 vista<\/span><span class=\"discounted-price\"><span class=\"woocommerce-Price-amount amount\"><bdi><span class=\"woocommerce-Price-currencySymbol\">&#82;&#36;<\/span>176,61<\/bdi><\/span><\/span><span class=\"discount-after-price\">no Pix<\/span><\/span>\t\t<\/div>\r\n\r\n\t\t<\/span>\n<\/a><a href=\"\/bumper\/wp-json\/wp\/v2\/pages\/9?add-to-cart=1644\" aria-describedby=\"woocommerce_loop_add_to_cart_link_describedby_1644\" data-quantity=\"1\" class=\"button aux-ajax-add-to-cart product_type_simple add_to_cart_button\" data-product_id=\"1644\" data-product_sku=\"GRILL-PGR151-PRETO-127V\" aria-label=\"Adicione ao carrinho: &ldquo;Panela Grill Lenoxx El\u00e9trico Multifuncional Gourmet Pgr151&rdquo;\" rel=\"nofollow\" data-success_message=\"\u201cPanela Grill Lenoxx El\u00e9trico Multifuncional Gourmet Pgr151\u201d foi adicionado ao seu carrinho\" data-product-type=\"simple\" data-verify_nonce=\"70fb7889b1\" role=\"button\">Adicionar ao carrinho<\/a>\t<span id=\"woocommerce_loop_add_to_cart_link_describedby_1644\" class=\"screen-reader-text\">\n\t\t\t<\/span>\n<\/li>\n<li class=\"product type-product post-1643 status-publish instock product_cat-eletroportateis product_cat-grill-eletrico product_cat-para-cozinha has-post-thumbnail shipping-taxable purchasable product-type-simple aux-remove-view-cart\">\n\t<div class=\"tinv-wraper woocommerce tinv-wishlist auxshp-wishlist-wrapper tinvwl-above_thumb-add-to-cart tinvwl-loop-button-wrapper tinvwl-woocommerce_before_shop_loop_item\"\n\t data-product_id=\"1643\">\n\t<a role=\"button\" tabindex=\"0\" name=\"adicionar-lista-de-desejos\" aria-label=\"Adicionar &agrave; lista de desejos\" class=\"tinvwl_add_to_wishlist_button auxshp-wishlist   no-txt tinvwl-product-already-on-wishlist  tinvwl-position-above_thumb tinvwl-loop\" data-tinv-wl-list=\"[]\" data-tinv-wl-product=\"1643\" data-tinv-wl-productvariation=\"0\" data-tinv-wl-productvariations=\"[]\" data-tinv-wl-producttype=\"simple\" data-tinv-wl-action=\"add\"><span class=\"aux-wishlist-icon aux-ico auxicon-heart-small-outline\"><\/span><\/a>\t\t<div class=\"tinvwl-tooltip\">Adicionar &agrave; lista de desejos<\/div>\n<\/div>\n<a href=\"https:\/\/lucasvasconcelos.com.br\/bumper\/produto\/grill-multifuncional-eletrica-lenoxx-pgr159-vermelho-127v\/\" class=\"woocommerce-LoopProduct-link woocommerce-loop-product__link\"><div class=\"tp-image-wrapper\"><img decoding=\"async\" class=\"tp-image\" src=\"https:\/\/lucasvasconcelos.com.br\/bumper\/wp-content\/uploads\/2025\/01\/504764dfffbbee567f500405ae3465a3-300x300.webp\" srcset=\"https:\/\/lucasvasconcelos.com.br\/bumper\/wp-content\/uploads\/2025\/01\/504764dfffbbee567f500405ae3465a3-300x300.webp 300w, https:\/\/lucasvasconcelos.com.br\/bumper\/wp-content\/uploads\/2025\/01\/504764dfffbbee567f500405ae3465a3-150x150.webp 150w, https:\/\/lucasvasconcelos.com.br\/bumper\/wp-content\/uploads\/2025\/01\/504764dfffbbee567f500405ae3465a3-200x200.webp 200w, https:\/\/lucasvasconcelos.com.br\/bumper\/wp-content\/uploads\/2025\/01\/504764dfffbbee567f500405ae3465a3-100x100.webp 100w, https:\/\/lucasvasconcelos.com.br\/bumper\/wp-content\/uploads\/2025\/01\/504764dfffbbee567f500405ae3465a3.webp 560w\" sizes=\"(max-width: 360px) 100vw, 360px\" alt=\"Grill Multifuncional El\u00e9trica Lenoxx Pgr159 Vermelho 127V\"><img decoding=\"async\" class=\"tp-image-hover\" src=\"https:\/\/lucasvasconcelos.com.br\/bumper\/wp-content\/uploads\/2025\/01\/e481037157e05fe84c10301d15e25210-300x300.webp\" srcset=\"https:\/\/lucasvasconcelos.com.br\/bumper\/wp-content\/uploads\/2025\/01\/e481037157e05fe84c10301d15e25210-300x300.webp 300w, https:\/\/lucasvasconcelos.com.br\/bumper\/wp-content\/uploads\/2025\/01\/e481037157e05fe84c10301d15e25210-150x150.webp 150w, https:\/\/lucasvasconcelos.com.br\/bumper\/wp-content\/uploads\/2025\/01\/e481037157e05fe84c10301d15e25210-200x200.webp 200w, https:\/\/lucasvasconcelos.com.br\/bumper\/wp-content\/uploads\/2025\/01\/e481037157e05fe84c10301d15e25210-100x100.webp 100w, https:\/\/lucasvasconcelos.com.br\/bumper\/wp-content\/uploads\/2025\/01\/e481037157e05fe84c10301d15e25210.webp 560w\" sizes=\"(max-width: 360px) 100vw, 360px\" alt=\"Grill Multifuncional El\u00e9trica Lenoxx Pgr159 Vermelho 127V\"><\/div><a href=\"https:\/\/lucasvasconcelos.com.br\/bumper\/produto\/grill-multifuncional-eletrica-lenoxx-pgr159-vermelho-127v\/\"><h2 class=\"woocommerce-loop-product__title\">Grill Multifuncional El\u00e9trica Lenoxx Pgr159 Vermelho 127V<\/h2><\/a>\n\t<span class=\"price\">\r\n\t\t<div class=\"woo-custom-installments-group \">\r\n\t\t\t\r\n\t\t\t\r\n\t\t\t<div class=\"woo-custom-installments-group-main-price \">\r\n\t\t\t\t\t\t\t\t\t\t<span class=\"woo-custom-installments-price\"><span class=\"woocommerce-Price-amount amount\"><bdi><span class=\"woocommerce-Price-currencySymbol\">&#82;&#36;<\/span>161,90<\/bdi><\/span><\/span>\r\n\t\t\t\t\t\t\t\t<\/div>\r\n\r\n\t\t\t <span class=\"woo-custom-installments-card-container\"><span class=\"woo-custom-installments-details-without-fee\" data-end-installments=\"4\"><i class=\"wci-icon-best-installments icon-class fa-regular fa-credit-card\"><\/i><span class=\"woo-custom-installments-details best-value no-fee\">Em at\u00e9 4x de <span class=\"woocommerce-Price-amount amount\"><bdi><span class=\"woocommerce-Price-currencySymbol\">&#82;&#36;<\/span>40,48<\/bdi><\/span>  sem juros<\/span><\/span> <\/span><span class=\"woo-custom-installments-offer\"><i class=\"wci-icon-main-price icon-class fa-brands fa-pix\"><\/i><span class=\"discount-before-price\">\u00c0 vista<\/span><span class=\"discounted-price\"><span class=\"woocommerce-Price-amount amount\"><bdi><span class=\"woocommerce-Price-currencySymbol\">&#82;&#36;<\/span>153,81<\/bdi><\/span><\/span><span class=\"discount-after-price\">no Pix<\/span><\/span>\t\t<\/div>\r\n\r\n\t\t<\/span>\n<\/a><a href=\"\/bumper\/wp-json\/wp\/v2\/pages\/9?add-to-cart=1643\" aria-describedby=\"woocommerce_loop_add_to_cart_link_describedby_1643\" data-quantity=\"1\" class=\"button aux-ajax-add-to-cart product_type_simple add_to_cart_button\" data-product_id=\"1643\" data-product_sku=\"GRILL-PGR159-127V\" aria-label=\"Adicione ao carrinho: &ldquo;Grill Multifuncional El\u00e9trica Lenoxx Pgr159 Vermelho 127V&rdquo;\" rel=\"nofollow\" data-success_message=\"\u201cGrill Multifuncional El\u00e9trica Lenoxx Pgr159 Vermelho 127V\u201d foi adicionado ao seu carrinho\" data-product-type=\"simple\" data-verify_nonce=\"d709332752\" role=\"button\">Adicionar ao carrinho<\/a>\t<span id=\"woocommerce_loop_add_to_cart_link_describedby_1643\" class=\"screen-reader-text\">\n\t\t\t<\/span>\n<\/li>\n<li class=\"product type-product post-1642 status-publish instock product_cat-purificadores product_tag-novidade shipping-taxable purchasable product-type-simple aux-remove-view-cart\">\n\t<div class=\"tinv-wraper woocommerce tinv-wishlist auxshp-wishlist-wrapper tinvwl-above_thumb-add-to-cart tinvwl-loop-button-wrapper tinvwl-woocommerce_before_shop_loop_item\"\n\t data-product_id=\"1642\">\n\t<a role=\"button\" tabindex=\"0\" name=\"adicionar-lista-de-desejos\" aria-label=\"Adicionar &agrave; lista de desejos\" class=\"tinvwl_add_to_wishlist_button auxshp-wishlist   no-txt tinvwl-product-already-on-wishlist  tinvwl-position-above_thumb tinvwl-loop\" data-tinv-wl-list=\"[]\" data-tinv-wl-product=\"1642\" data-tinv-wl-productvariation=\"0\" data-tinv-wl-productvariations=\"[]\" data-tinv-wl-producttype=\"simple\" data-tinv-wl-action=\"add\"><span class=\"aux-wishlist-icon aux-ico auxicon-heart-small-outline\"><\/span><\/a>\t\t<div class=\"tinvwl-tooltip\">Adicionar &agrave; lista de desejos<\/div>\n<\/div>\n<a href=\"https:\/\/lucasvasconcelos.com.br\/bumper\/produto\/purificador-electrolux-pc01x-127v-agua-gelada-ou-natural-com-compressor\/\" class=\"woocommerce-LoopProduct-link woocommerce-loop-product__link\"><div class=\"tp-image-wrapper\"><img decoding=\"async\" class=\"image\" src=\"https:\/\/lucasvasconcelos.com.br\/bumper\/wp-content\/uploads\/woocommerce-placeholder-300x300.png\" \/><\/div><a href=\"https:\/\/lucasvasconcelos.com.br\/bumper\/produto\/purificador-electrolux-pc01x-127v-agua-gelada-ou-natural-com-compressor\/\"><h2 class=\"woocommerce-loop-product__title\">Purificador Electrolux PC01X &#8211; 127V \u00c1gua Gelada ou Natural com Compressor.<\/h2><\/a>\n\t<span class=\"price\">\r\n\t\t<div class=\"woo-custom-installments-group \">\r\n\t\t\t\r\n\t\t\t\r\n\t\t\t<div class=\"woo-custom-installments-group-main-price \">\r\n\t\t\t\t\t\t\t\t\t\t<span class=\"woo-custom-installments-price\"><span class=\"woocommerce-Price-amount amount\"><bdi><span class=\"woocommerce-Price-currencySymbol\">&#82;&#36;<\/span>941,54<\/bdi><\/span><\/span>\r\n\t\t\t\t\t\t\t\t<\/div>\r\n\r\n\t\t\t <span class=\"woo-custom-installments-card-container\"><span class=\"woo-custom-installments-details-without-fee\" data-end-installments=\"4\"><i class=\"wci-icon-best-installments icon-class fa-regular fa-credit-card\"><\/i><span class=\"woo-custom-installments-details best-value no-fee\">Em at\u00e9 4x de <span class=\"woocommerce-Price-amount amount\"><bdi><span class=\"woocommerce-Price-currencySymbol\">&#82;&#36;<\/span>235,39<\/bdi><\/span>  sem juros<\/span><\/span> <\/span><span class=\"woo-custom-installments-offer\"><i class=\"wci-icon-main-price icon-class fa-brands fa-pix\"><\/i><span class=\"discount-before-price\">\u00c0 vista<\/span><span class=\"discounted-price\"><span class=\"woocommerce-Price-amount amount\"><bdi><span class=\"woocommerce-Price-currencySymbol\">&#82;&#36;<\/span>894,46<\/bdi><\/span><\/span><span class=\"discount-after-price\">no Pix<\/span><\/span>\t\t<\/div>\r\n\r\n\t\t<\/span>\n<\/a><a href=\"\/bumper\/wp-json\/wp\/v2\/pages\/9?add-to-cart=1642\" aria-describedby=\"woocommerce_loop_add_to_cart_link_describedby_1642\" data-quantity=\"1\" class=\"button aux-ajax-add-to-cart product_type_simple add_to_cart_button\" data-product_id=\"1642\" data-product_sku=\"PC01X-127V\" aria-label=\"Adicione ao carrinho: &ldquo;Purificador Electrolux PC01X - 127V \u00c1gua Gelada ou Natural com Compressor.&rdquo;\" rel=\"nofollow\" data-success_message=\"\u201cPurificador Electrolux PC01X - 127V \u00c1gua Gelada ou Natural com Compressor.\u201d foi adicionado ao seu carrinho\" data-product-type=\"simple\" data-verify_nonce=\"96f2cd2a42\" role=\"button\">Adicionar ao carrinho<\/a>\t<span id=\"woocommerce_loop_add_to_cart_link_describedby_1642\" class=\"screen-reader-text\">\n\t\t\t<\/span>\n<\/li>\n<li class=\"product type-product post-1641 status-publish last instock product_cat-utensilios-para-cozinha product_cat-utilidades-domesticas product_tag-novidade product_tag-novidades shipping-taxable purchasable product-type-simple aux-remove-view-cart\">\n\t<div class=\"tinv-wraper woocommerce tinv-wishlist auxshp-wishlist-wrapper tinvwl-above_thumb-add-to-cart tinvwl-loop-button-wrapper tinvwl-woocommerce_before_shop_loop_item\"\n\t data-product_id=\"1641\">\n\t<a role=\"button\" tabindex=\"0\" name=\"adicionar-lista-de-desejos\" aria-label=\"Adicionar &agrave; lista de desejos\" class=\"tinvwl_add_to_wishlist_button auxshp-wishlist   no-txt tinvwl-product-already-on-wishlist  tinvwl-position-above_thumb tinvwl-loop\" data-tinv-wl-list=\"[]\" data-tinv-wl-product=\"1641\" data-tinv-wl-productvariation=\"0\" data-tinv-wl-productvariations=\"[]\" data-tinv-wl-producttype=\"simple\" data-tinv-wl-action=\"add\"><span class=\"aux-wishlist-icon aux-ico auxicon-heart-small-outline\"><\/span><\/a>\t\t<div class=\"tinvwl-tooltip\">Adicionar &agrave; lista de desejos<\/div>\n<\/div>\n<a href=\"https:\/\/lucasvasconcelos.com.br\/bumper\/produto\/conjunto-de-facas-electrolux-inox-7-pecas-bloco-madeira\/\" class=\"woocommerce-LoopProduct-link woocommerce-loop-product__link\"><div class=\"tp-image-wrapper\"><img decoding=\"async\" class=\"image\" src=\"https:\/\/lucasvasconcelos.com.br\/bumper\/wp-content\/uploads\/woocommerce-placeholder-300x300.png\" \/><\/div><a href=\"https:\/\/lucasvasconcelos.com.br\/bumper\/produto\/conjunto-de-facas-electrolux-inox-7-pecas-bloco-madeira\/\"><h2 class=\"woocommerce-loop-product__title\">Conjunto De Facas Electrolux Inox 7 Pe\u00e7as + Bloco Madeira<\/h2><\/a>\n\t<span class=\"price\">\r\n\t\t<div class=\"woo-custom-installments-group \">\r\n\t\t\t\r\n\t\t\t\r\n\t\t\t<div class=\"woo-custom-installments-group-main-price \">\r\n\t\t\t\t\t\t\t\t\t\t<span class=\"woo-custom-installments-price\"><span class=\"woocommerce-Price-amount amount\"><bdi><span class=\"woocommerce-Price-currencySymbol\">&#82;&#36;<\/span>417,88<\/bdi><\/span><\/span>\r\n\t\t\t\t\t\t\t\t<\/div>\r\n\r\n\t\t\t <span class=\"woo-custom-installments-card-container\"><span class=\"woo-custom-installments-details-without-fee\" data-end-installments=\"4\"><i class=\"wci-icon-best-installments icon-class fa-regular fa-credit-card\"><\/i><span class=\"woo-custom-installments-details best-value no-fee\">Em at\u00e9 4x de <span class=\"woocommerce-Price-amount amount\"><bdi><span class=\"woocommerce-Price-currencySymbol\">&#82;&#36;<\/span>104,47<\/bdi><\/span>  sem juros<\/span><\/span> <\/span><span class=\"woo-custom-installments-offer\"><i class=\"wci-icon-main-price icon-class fa-brands fa-pix\"><\/i><span class=\"discount-before-price\">\u00c0 vista<\/span><span class=\"discounted-price\"><span class=\"woocommerce-Price-amount amount\"><bdi><span class=\"woocommerce-Price-currencySymbol\">&#82;&#36;<\/span>396,99<\/bdi><\/span><\/span><span class=\"discount-after-price\">no Pix<\/span><\/span>\t\t<\/div>\r\n\r\n\t\t<\/span>\n<\/a><a href=\"\/bumper\/wp-json\/wp\/v2\/pages\/9?add-to-cart=1641\" aria-describedby=\"woocommerce_loop_add_to_cart_link_describedby_1641\" data-quantity=\"1\" class=\"button aux-ajax-add-to-cart product_type_simple add_to_cart_button\" data-product_id=\"1641\" data-product_sku=\"41044558\" aria-label=\"Adicione ao carrinho: &ldquo;Conjunto De Facas Electrolux Inox 7 Pe\u00e7as + Bloco Madeira&rdquo;\" rel=\"nofollow\" data-success_message=\"\u201cConjunto De Facas Electrolux Inox 7 Pe\u00e7as + Bloco Madeira\u201d foi adicionado ao seu carrinho\" data-product-type=\"simple\" data-verify_nonce=\"9db427ebf4\" role=\"button\">Adicionar ao carrinho<\/a>\t<span id=\"woocommerce_loop_add_to_cart_link_describedby_1641\" class=\"screen-reader-text\">\n\t\t\t<\/span>\n<\/li>\n<\/ul>\n<\/div><\/div>\n\t\t\t\t\t\t<\/div>\n\t\t\t\t<\/div>\n\t\t\t\t<\/div>\n\t\t\t\t<\/div>\n\t\t<div class=\"aux-parallax-section elementor-element elementor-element-8ea9cd7 e-con-full elementor-hidden-desktop elementor-hidden-tablet e-flex e-con e-parent\" data-id=\"8ea9cd7\" data-element_type=\"container\" data-e-type=\"container\">\n\t\t\t\t<div class=\"elementor-element elementor-element-46bf3fc elementor-widget elementor-widget-shortcode\" data-id=\"46bf3fc\" data-element_type=\"widget\" data-e-type=\"widget\" data-widget_type=\"shortcode.default\">\n\t\t\t\t<div class=\"elementor-widget-container\">\n\t\t\t\t\t\t\t<div class=\"elementor-shortcode\"><div class=\"woocommerce columns-4 \"><span class=\"wpfHidden\" data-shortcode-attribute=\"{&quot;limit&quot;:&quot;8&quot;,&quot;columns&quot;:&quot;4&quot;,&quot;rows&quot;:&quot;&quot;,&quot;orderby&quot;:&quot;date&quot;,&quot;order&quot;:&quot;ASC&quot;,&quot;ids&quot;:&quot;&quot;,&quot;skus&quot;:&quot;&quot;,&quot;category&quot;:&quot;&quot;,&quot;cat_operator&quot;:&quot;IN&quot;,&quot;attribute&quot;:&quot;&quot;,&quot;terms&quot;:&quot;&quot;,&quot;terms_operator&quot;:&quot;IN&quot;,&quot;tag&quot;:&quot;&quot;,&quot;tag_operator&quot;:&quot;IN&quot;,&quot;visibility&quot;:&quot;visible&quot;,&quot;class&quot;:&quot;&quot;,&quot;page&quot;:1,&quot;paginate&quot;:false,&quot;cache&quot;:false}\"><\/span><ul class=\"products columns-4\">\n<li class=\"product type-product post-326 status-publish first instock product_cat-caixa-de-som product_cat-eletronicos product_tag-mais-procurados has-post-thumbnail shipping-taxable purchasable product-type-simple aux-remove-view-cart\">\n\t<div class=\"tinv-wraper woocommerce tinv-wishlist auxshp-wishlist-wrapper tinvwl-above_thumb-add-to-cart tinvwl-loop-button-wrapper tinvwl-woocommerce_before_shop_loop_item\"\n\t data-product_id=\"326\">\n\t<a role=\"button\" tabindex=\"0\" name=\"adicionar-lista-de-desejos\" aria-label=\"Adicionar &agrave; lista de desejos\" class=\"tinvwl_add_to_wishlist_button auxshp-wishlist   no-txt tinvwl-product-already-on-wishlist  tinvwl-position-above_thumb tinvwl-loop\" data-tinv-wl-list=\"[]\" data-tinv-wl-product=\"326\" data-tinv-wl-productvariation=\"0\" data-tinv-wl-productvariations=\"[]\" data-tinv-wl-producttype=\"simple\" data-tinv-wl-action=\"add\"><span class=\"aux-wishlist-icon aux-ico auxicon-heart-small-outline\"><\/span><\/a>\t\t<div class=\"tinvwl-tooltip\">Adicionar &agrave; lista de desejos<\/div>\n<\/div>\n<a href=\"https:\/\/lucasvasconcelos.com.br\/bumper\/produto\/mini-system-lg-xboom-ck43n-com-bluetooth-preto-220w-bivolt\/\" class=\"woocommerce-LoopProduct-link woocommerce-loop-product__link\"><div class=\"tp-image-wrapper\"><img decoding=\"async\" class=\"image\" src=\"https:\/\/lucasvasconcelos.com.br\/bumper\/wp-content\/uploads\/2025\/01\/D_NQ_NP_653775-MLU75507155002_042024-O-300x300.webp\" srcset=\"https:\/\/lucasvasconcelos.com.br\/bumper\/wp-content\/uploads\/2025\/01\/D_NQ_NP_653775-MLU75507155002_042024-O-300x300.webp 300w, https:\/\/lucasvasconcelos.com.br\/bumper\/wp-content\/uploads\/2025\/01\/D_NQ_NP_653775-MLU75507155002_042024-O-100x100.webp 100w, https:\/\/lucasvasconcelos.com.br\/bumper\/wp-content\/uploads\/2025\/01\/D_NQ_NP_653775-MLU75507155002_042024-O-150x150.webp 150w\" sizes=\"(max-width: 360px) 100vw, 360px\" alt=\"Mini System LG Xboom Ck43N Com Bluetooth Preto 220w Bivolt\"><\/div><a href=\"https:\/\/lucasvasconcelos.com.br\/bumper\/produto\/mini-system-lg-xboom-ck43n-com-bluetooth-preto-220w-bivolt\/\"><h2 class=\"woocommerce-loop-product__title\">Mini System LG Xboom Ck43N Com Bluetooth Preto 220w Bivolt<\/h2><\/a>\n\t<span class=\"price\">\r\n\t\t<div class=\"woo-custom-installments-group \">\r\n\t\t\t\r\n\t\t\t\r\n\t\t\t<div class=\"woo-custom-installments-group-main-price \">\r\n\t\t\t\t\t\t\t\t\t\t<span class=\"woo-custom-installments-price\"><span class=\"woocommerce-Price-amount amount\"><bdi><span class=\"woocommerce-Price-currencySymbol\">&#82;&#36;<\/span>1.046,90<\/bdi><\/span><\/span>\r\n\t\t\t\t\t\t\t\t<\/div>\r\n\r\n\t\t\t <span class=\"woo-custom-installments-card-container\"><span class=\"woo-custom-installments-details-without-fee\" data-end-installments=\"4\"><i class=\"wci-icon-best-installments icon-class fa-regular fa-credit-card\"><\/i><span class=\"woo-custom-installments-details best-value no-fee\">Em at\u00e9 4x de <span class=\"woocommerce-Price-amount amount\"><bdi><span class=\"woocommerce-Price-currencySymbol\">&#82;&#36;<\/span>261,73<\/bdi><\/span>  sem juros<\/span><\/span> <\/span><span class=\"woo-custom-installments-offer\"><i class=\"wci-icon-main-price icon-class fa-brands fa-pix\"><\/i><span class=\"discount-before-price\">\u00c0 vista<\/span><span class=\"discounted-price\"><span class=\"woocommerce-Price-amount amount\"><bdi><span class=\"woocommerce-Price-currencySymbol\">&#82;&#36;<\/span>994,56<\/bdi><\/span><\/span><span class=\"discount-after-price\">no Pix<\/span><\/span>\t\t<\/div>\r\n\r\n\t\t<\/span>\n<\/a><a href=\"\/bumper\/wp-json\/wp\/v2\/pages\/9?add-to-cart=326\" aria-describedby=\"woocommerce_loop_add_to_cart_link_describedby_326\" data-quantity=\"1\" class=\"button aux-ajax-add-to-cart product_type_simple add_to_cart_button\" data-product_id=\"326\" data-product_sku=\"LG-XBOOM-CK43N\" aria-label=\"Adicione ao carrinho: &ldquo;Mini System LG Xboom Ck43N Com Bluetooth Preto 220w Bivolt&rdquo;\" rel=\"nofollow\" data-success_message=\"\u201cMini System LG Xboom Ck43N Com Bluetooth Preto 220w Bivolt\u201d foi adicionado ao seu carrinho\" data-product-type=\"simple\" data-verify_nonce=\"b5191cc3e1\" role=\"button\">Adicionar ao carrinho<\/a>\t<span id=\"woocommerce_loop_add_to_cart_link_describedby_326\" class=\"screen-reader-text\">\n\t\t\t<\/span>\n<\/li>\n<li class=\"product type-product post-336 status-publish instock product_cat-arrozeira product_cat-eletroportateis product_cat-para-cozinha has-post-thumbnail shipping-taxable purchasable product-type-simple aux-remove-view-cart\">\n\t<div class=\"tinv-wraper woocommerce tinv-wishlist auxshp-wishlist-wrapper tinvwl-above_thumb-add-to-cart tinvwl-loop-button-wrapper tinvwl-woocommerce_before_shop_loop_item\"\n\t data-product_id=\"336\">\n\t<a role=\"button\" tabindex=\"0\" name=\"adicionar-lista-de-desejos\" aria-label=\"Adicionar &agrave; lista de desejos\" class=\"tinvwl_add_to_wishlist_button auxshp-wishlist   no-txt tinvwl-product-already-on-wishlist  tinvwl-position-above_thumb tinvwl-loop\" data-tinv-wl-list=\"[]\" data-tinv-wl-product=\"336\" data-tinv-wl-productvariation=\"0\" data-tinv-wl-productvariations=\"[]\" data-tinv-wl-producttype=\"simple\" data-tinv-wl-action=\"add\"><span class=\"aux-wishlist-icon aux-ico auxicon-heart-small-outline\"><\/span><\/a>\t\t<div class=\"tinvwl-tooltip\">Adicionar &agrave; lista de desejos<\/div>\n<\/div>\n<a href=\"https:\/\/lucasvasconcelos.com.br\/bumper\/produto\/panela-de-arroz-eletrica-electrolux-13l-efficient-por-rita-lobo-cor-branca-220v\/\" class=\"woocommerce-LoopProduct-link woocommerce-loop-product__link\"><div class=\"tp-image-wrapper\"><img decoding=\"async\" class=\"tp-image\" src=\"https:\/\/lucasvasconcelos.com.br\/bumper\/wp-content\/uploads\/2025\/01\/220510-800-auto-300x300.webp\" srcset=\"https:\/\/lucasvasconcelos.com.br\/bumper\/wp-content\/uploads\/2025\/01\/220510-800-auto-300x300.webp 300w, https:\/\/lucasvasconcelos.com.br\/bumper\/wp-content\/uploads\/2025\/01\/220510-800-auto-100x100.webp 100w, https:\/\/lucasvasconcelos.com.br\/bumper\/wp-content\/uploads\/2025\/01\/220510-800-auto-600x600.webp 600w, https:\/\/lucasvasconcelos.com.br\/bumper\/wp-content\/uploads\/2025\/01\/220510-800-auto-150x150.webp 150w, https:\/\/lucasvasconcelos.com.br\/bumper\/wp-content\/uploads\/2025\/01\/220510-800-auto-768x768.webp 768w, https:\/\/lucasvasconcelos.com.br\/bumper\/wp-content\/uploads\/2025\/01\/220510-800-auto.webp 800w\" sizes=\"(max-width: 360px) 100vw, 360px\" alt=\"Panela de Arroz El\u00e9trica Electrolux 1,3L Efficient por Rita Lobo Cor Branca - 220V\"><img decoding=\"async\" class=\"tp-image-hover\" src=\"https:\/\/lucasvasconcelos.com.br\/bumper\/wp-content\/uploads\/2025\/01\/220511-800-auto-300x300.webp\" srcset=\"https:\/\/lucasvasconcelos.com.br\/bumper\/wp-content\/uploads\/2025\/01\/220511-800-auto-300x300.webp 300w, https:\/\/lucasvasconcelos.com.br\/bumper\/wp-content\/uploads\/2025\/01\/220511-800-auto-100x100.webp 100w, https:\/\/lucasvasconcelos.com.br\/bumper\/wp-content\/uploads\/2025\/01\/220511-800-auto-600x600.webp 600w, https:\/\/lucasvasconcelos.com.br\/bumper\/wp-content\/uploads\/2025\/01\/220511-800-auto-150x150.webp 150w, https:\/\/lucasvasconcelos.com.br\/bumper\/wp-content\/uploads\/2025\/01\/220511-800-auto-768x768.webp 768w, https:\/\/lucasvasconcelos.com.br\/bumper\/wp-content\/uploads\/2025\/01\/220511-800-auto.webp 800w\" sizes=\"(max-width: 360px) 100vw, 360px\" alt=\"Panela de Arroz El\u00e9trica Electrolux 1,3L Efficient por Rita Lobo Cor Branca - 220V\"><\/div><a href=\"https:\/\/lucasvasconcelos.com.br\/bumper\/produto\/panela-de-arroz-eletrica-electrolux-13l-efficient-por-rita-lobo-cor-branca-220v\/\"><h2 class=\"woocommerce-loop-product__title\">Panela de Arroz El\u00e9trica Electrolux 1,3L Efficient por Rita Lobo Cor Branca &#8211; 220V<\/h2><\/a>\n\t<span class=\"price\">\r\n\t\t<div class=\"woo-custom-installments-group \">\r\n\t\t\t\r\n\t\t\t\r\n\t\t\t<div class=\"woo-custom-installments-group-main-price \">\r\n\t\t\t\t\t\t\t\t\t\t<span class=\"woo-custom-installments-price\"><span class=\"woocommerce-Price-amount amount\"><bdi><span class=\"woocommerce-Price-currencySymbol\">&#82;&#36;<\/span>219,90<\/bdi><\/span><\/span>\r\n\t\t\t\t\t\t\t\t<\/div>\r\n\r\n\t\t\t <span class=\"woo-custom-installments-card-container\"><span class=\"woo-custom-installments-details-without-fee\" data-end-installments=\"4\"><i class=\"wci-icon-best-installments icon-class fa-regular fa-credit-card\"><\/i><span class=\"woo-custom-installments-details best-value no-fee\">Em at\u00e9 4x de <span class=\"woocommerce-Price-amount amount\"><bdi><span class=\"woocommerce-Price-currencySymbol\">&#82;&#36;<\/span>54,98<\/bdi><\/span>  sem juros<\/span><\/span> <\/span><span class=\"woo-custom-installments-offer\"><i class=\"wci-icon-main-price icon-class fa-brands fa-pix\"><\/i><span class=\"discount-before-price\">\u00c0 vista<\/span><span class=\"discounted-price\"><span class=\"woocommerce-Price-amount amount\"><bdi><span class=\"woocommerce-Price-currencySymbol\">&#82;&#36;<\/span>208,91<\/bdi><\/span><\/span><span class=\"discount-after-price\">no Pix<\/span><\/span>\t\t<\/div>\r\n\r\n\t\t<\/span>\n<\/a><a href=\"\/bumper\/wp-json\/wp\/v2\/pages\/9?add-to-cart=336\" aria-describedby=\"woocommerce_loop_add_to_cart_link_describedby_336\" data-quantity=\"1\" class=\"button aux-ajax-add-to-cart product_type_simple add_to_cart_button\" data-product_id=\"336\" data-product_sku=\"RCB50-220V\" aria-label=\"Adicione ao carrinho: &ldquo;Panela de Arroz El\u00e9trica Electrolux 1,3L Efficient por Rita Lobo Cor Branca - 220V&rdquo;\" rel=\"nofollow\" data-success_message=\"\u201cPanela de Arroz El\u00e9trica Electrolux 1,3L Efficient por Rita Lobo Cor Branca - 220V\u201d foi adicionado ao seu carrinho\" data-product-type=\"simple\" data-verify_nonce=\"765b783455\" role=\"button\">Adicionar ao carrinho<\/a>\t<span id=\"woocommerce_loop_add_to_cart_link_describedby_336\" class=\"screen-reader-text\">\n\t\t\t<\/span>\n<\/li>\n<li class=\"product type-product post-339 status-publish instock product_cat-arrozeira product_cat-eletroportateis product_cat-para-cozinha has-post-thumbnail shipping-taxable purchasable product-type-simple aux-remove-view-cart\">\n\t<div class=\"tinv-wraper woocommerce tinv-wishlist auxshp-wishlist-wrapper tinvwl-above_thumb-add-to-cart tinvwl-loop-button-wrapper tinvwl-woocommerce_before_shop_loop_item\"\n\t data-product_id=\"339\">\n\t<a role=\"button\" tabindex=\"0\" name=\"adicionar-lista-de-desejos\" aria-label=\"Adicionar &agrave; lista de desejos\" class=\"tinvwl_add_to_wishlist_button auxshp-wishlist   no-txt tinvwl-product-already-on-wishlist  tinvwl-position-above_thumb tinvwl-loop\" data-tinv-wl-list=\"[]\" data-tinv-wl-product=\"339\" data-tinv-wl-productvariation=\"0\" data-tinv-wl-productvariations=\"[]\" data-tinv-wl-producttype=\"simple\" data-tinv-wl-action=\"add\"><span class=\"aux-wishlist-icon aux-ico auxicon-heart-small-outline\"><\/span><\/a>\t\t<div class=\"tinvwl-tooltip\">Adicionar &agrave; lista de desejos<\/div>\n<\/div>\n<a href=\"https:\/\/lucasvasconcelos.com.br\/bumper\/produto\/panela-de-arroz-eletrica-electrolux-35l-efficient-visor-glass-por-rita-lobo-cor-preta-220v\/\" class=\"woocommerce-LoopProduct-link woocommerce-loop-product__link\"><div class=\"tp-image-wrapper\"><img decoding=\"async\" class=\"tp-image\" src=\"https:\/\/lucasvasconcelos.com.br\/bumper\/wp-content\/uploads\/2025\/01\/229383-800-auto-300x300.webp\" srcset=\"https:\/\/lucasvasconcelos.com.br\/bumper\/wp-content\/uploads\/2025\/01\/229383-800-auto-300x300.webp 300w, https:\/\/lucasvasconcelos.com.br\/bumper\/wp-content\/uploads\/2025\/01\/229383-800-auto-100x100.webp 100w, https:\/\/lucasvasconcelos.com.br\/bumper\/wp-content\/uploads\/2025\/01\/229383-800-auto-600x600.webp 600w, https:\/\/lucasvasconcelos.com.br\/bumper\/wp-content\/uploads\/2025\/01\/229383-800-auto-150x150.webp 150w, https:\/\/lucasvasconcelos.com.br\/bumper\/wp-content\/uploads\/2025\/01\/229383-800-auto-768x768.webp 768w, https:\/\/lucasvasconcelos.com.br\/bumper\/wp-content\/uploads\/2025\/01\/229383-800-auto.webp 800w\" sizes=\"(max-width: 360px) 100vw, 360px\" alt=\"Panela de Arroz El\u00e9trica Electrolux 3,5L Efficient Visor Glass por Rita Lobo Cor Preta - 220V\"><img decoding=\"async\" class=\"tp-image-hover\" src=\"https:\/\/lucasvasconcelos.com.br\/bumper\/wp-content\/uploads\/2025\/01\/229384-800-auto-300x300.webp\" srcset=\"https:\/\/lucasvasconcelos.com.br\/bumper\/wp-content\/uploads\/2025\/01\/229384-800-auto-300x300.webp 300w, https:\/\/lucasvasconcelos.com.br\/bumper\/wp-content\/uploads\/2025\/01\/229384-800-auto-100x100.webp 100w, https:\/\/lucasvasconcelos.com.br\/bumper\/wp-content\/uploads\/2025\/01\/229384-800-auto-600x600.webp 600w, https:\/\/lucasvasconcelos.com.br\/bumper\/wp-content\/uploads\/2025\/01\/229384-800-auto-150x150.webp 150w, https:\/\/lucasvasconcelos.com.br\/bumper\/wp-content\/uploads\/2025\/01\/229384-800-auto-768x768.webp 768w, https:\/\/lucasvasconcelos.com.br\/bumper\/wp-content\/uploads\/2025\/01\/229384-800-auto.webp 800w\" sizes=\"(max-width: 360px) 100vw, 360px\" alt=\"Panela de Arroz El\u00e9trica Electrolux 3,5L Efficient Visor Glass por Rita Lobo Cor Preta - 220V\"><\/div><a href=\"https:\/\/lucasvasconcelos.com.br\/bumper\/produto\/panela-de-arroz-eletrica-electrolux-35l-efficient-visor-glass-por-rita-lobo-cor-preta-220v\/\"><h2 class=\"woocommerce-loop-product__title\">Panela de Arroz El\u00e9trica Electrolux 3,5L Efficient Visor Glass por Rita Lobo Cor Preta &#8211; 220V<\/h2><\/a>\n\t<span class=\"price\">\r\n\t\t<div class=\"woo-custom-installments-group \">\r\n\t\t\t\r\n\t\t\t\r\n\t\t\t<div class=\"woo-custom-installments-group-main-price \">\r\n\t\t\t\t\t\t\t\t\t\t<span class=\"woo-custom-installments-price\"><span class=\"woocommerce-Price-amount amount\"><bdi><span class=\"woocommerce-Price-currencySymbol\">&#82;&#36;<\/span>276,90<\/bdi><\/span><\/span>\r\n\t\t\t\t\t\t\t\t<\/div>\r\n\r\n\t\t\t <span class=\"woo-custom-installments-card-container\"><span class=\"woo-custom-installments-details-without-fee\" data-end-installments=\"4\"><i class=\"wci-icon-best-installments icon-class fa-regular fa-credit-card\"><\/i><span class=\"woo-custom-installments-details best-value no-fee\">Em at\u00e9 4x de <span class=\"woocommerce-Price-amount amount\"><bdi><span class=\"woocommerce-Price-currencySymbol\">&#82;&#36;<\/span>69,23<\/bdi><\/span>  sem juros<\/span><\/span> <\/span><span class=\"woo-custom-installments-offer\"><i class=\"wci-icon-main-price icon-class fa-brands fa-pix\"><\/i><span class=\"discount-before-price\">\u00c0 vista<\/span><span class=\"discounted-price\"><span class=\"woocommerce-Price-amount amount\"><bdi><span class=\"woocommerce-Price-currencySymbol\">&#82;&#36;<\/span>263,06<\/bdi><\/span><\/span><span class=\"discount-after-price\">no Pix<\/span><\/span>\t\t<\/div>\r\n\r\n\t\t<\/span>\n<\/a><a href=\"\/bumper\/wp-json\/wp\/v2\/pages\/9?add-to-cart=339\" aria-describedby=\"woocommerce_loop_add_to_cart_link_describedby_339\" data-quantity=\"1\" class=\"button aux-ajax-add-to-cart product_type_simple add_to_cart_button\" data-product_id=\"339\" data-product_sku=\"ERC30-220V\" aria-label=\"Adicione ao carrinho: &ldquo;Panela de Arroz El\u00e9trica Electrolux 3,5L Efficient Visor Glass por Rita Lobo Cor Preta - 220V&rdquo;\" rel=\"nofollow\" data-success_message=\"\u201cPanela de Arroz El\u00e9trica Electrolux 3,5L Efficient Visor Glass por Rita Lobo Cor Preta - 220V\u201d foi adicionado ao seu carrinho\" data-product-type=\"simple\" data-verify_nonce=\"652f4b9134\" role=\"button\">Adicionar ao carrinho<\/a>\t<span id=\"woocommerce_loop_add_to_cart_link_describedby_339\" class=\"screen-reader-text\">\n\t\t\t<\/span>\n<\/li>\n<li class=\"product type-product post-340 status-publish last instock product_cat-arrozeira product_cat-eletroportateis product_cat-para-cozinha has-post-thumbnail shipping-taxable purchasable product-type-simple aux-remove-view-cart\">\n\t<div class=\"tinv-wraper woocommerce tinv-wishlist auxshp-wishlist-wrapper tinvwl-above_thumb-add-to-cart tinvwl-loop-button-wrapper tinvwl-woocommerce_before_shop_loop_item\"\n\t data-product_id=\"340\">\n\t<a role=\"button\" tabindex=\"0\" name=\"adicionar-lista-de-desejos\" aria-label=\"Adicionar &agrave; lista de desejos\" class=\"tinvwl_add_to_wishlist_button auxshp-wishlist   no-txt tinvwl-product-already-on-wishlist  tinvwl-position-above_thumb tinvwl-loop\" data-tinv-wl-list=\"[]\" data-tinv-wl-product=\"340\" data-tinv-wl-productvariation=\"0\" data-tinv-wl-productvariations=\"[]\" data-tinv-wl-producttype=\"simple\" data-tinv-wl-action=\"add\"><span class=\"aux-wishlist-icon aux-ico auxicon-heart-small-outline\"><\/span><\/a>\t\t<div class=\"tinvwl-tooltip\">Adicionar &agrave; lista de desejos<\/div>\n<\/div>\n<a href=\"https:\/\/lucasvasconcelos.com.br\/bumper\/produto\/panela-de-arroz-eletrica-electrolux-35l-efficient-2-em-1-por-rita-lobo-cor-inox-127v\/\" class=\"woocommerce-LoopProduct-link woocommerce-loop-product__link\"><div class=\"tp-image-wrapper\"><img decoding=\"async\" class=\"tp-image\" src=\"https:\/\/lucasvasconcelos.com.br\/bumper\/wp-content\/uploads\/2025\/01\/229372-800-auto-300x300.webp\" srcset=\"https:\/\/lucasvasconcelos.com.br\/bumper\/wp-content\/uploads\/2025\/01\/229372-800-auto-300x300.webp 300w, https:\/\/lucasvasconcelos.com.br\/bumper\/wp-content\/uploads\/2025\/01\/229372-800-auto-100x100.webp 100w, https:\/\/lucasvasconcelos.com.br\/bumper\/wp-content\/uploads\/2025\/01\/229372-800-auto-600x600.webp 600w, https:\/\/lucasvasconcelos.com.br\/bumper\/wp-content\/uploads\/2025\/01\/229372-800-auto-150x150.webp 150w, https:\/\/lucasvasconcelos.com.br\/bumper\/wp-content\/uploads\/2025\/01\/229372-800-auto-768x768.webp 768w, https:\/\/lucasvasconcelos.com.br\/bumper\/wp-content\/uploads\/2025\/01\/229372-800-auto.webp 800w\" sizes=\"(max-width: 360px) 100vw, 360px\" alt=\"Panela de Arroz El\u00e9trica Electrolux 3,5L Efficient 2 em 1 por Rita Lobo Cor Inox - 127V\"><img decoding=\"async\" class=\"tp-image-hover\" src=\"https:\/\/lucasvasconcelos.com.br\/bumper\/wp-content\/uploads\/2025\/01\/229373-800-auto-300x300.webp\" srcset=\"https:\/\/lucasvasconcelos.com.br\/bumper\/wp-content\/uploads\/2025\/01\/229373-800-auto-300x300.webp 300w, https:\/\/lucasvasconcelos.com.br\/bumper\/wp-content\/uploads\/2025\/01\/229373-800-auto-100x100.webp 100w, https:\/\/lucasvasconcelos.com.br\/bumper\/wp-content\/uploads\/2025\/01\/229373-800-auto-600x600.webp 600w, https:\/\/lucasvasconcelos.com.br\/bumper\/wp-content\/uploads\/2025\/01\/229373-800-auto-150x150.webp 150w, https:\/\/lucasvasconcelos.com.br\/bumper\/wp-content\/uploads\/2025\/01\/229373-800-auto-768x768.webp 768w, https:\/\/lucasvasconcelos.com.br\/bumper\/wp-content\/uploads\/2025\/01\/229373-800-auto.webp 800w\" sizes=\"(max-width: 360px) 100vw, 360px\" alt=\"Panela de Arroz El\u00e9trica Electrolux 3,5L Efficient 2 em 1 por Rita Lobo Cor Inox - 127V\"><\/div><a href=\"https:\/\/lucasvasconcelos.com.br\/bumper\/produto\/panela-de-arroz-eletrica-electrolux-35l-efficient-2-em-1-por-rita-lobo-cor-inox-127v\/\"><h2 class=\"woocommerce-loop-product__title\">Panela de Arroz El\u00e9trica Electrolux 3,5L Efficient 2 em 1 por Rita Lobo Cor Inox &#8211; 127V<\/h2><\/a>\n\t<span class=\"price\">\r\n\t\t<div class=\"woo-custom-installments-group \">\r\n\t\t\t\r\n\t\t\t\r\n\t\t\t<div class=\"woo-custom-installments-group-main-price \">\r\n\t\t\t\t\t\t\t\t\t\t<span class=\"woo-custom-installments-price\"><span class=\"woocommerce-Price-amount amount\"><bdi><span class=\"woocommerce-Price-currencySymbol\">&#82;&#36;<\/span>250,90<\/bdi><\/span><\/span>\r\n\t\t\t\t\t\t\t\t<\/div>\r\n\r\n\t\t\t <span class=\"woo-custom-installments-card-container\"><span class=\"woo-custom-installments-details-without-fee\" data-end-installments=\"4\"><i class=\"wci-icon-best-installments icon-class fa-regular fa-credit-card\"><\/i><span class=\"woo-custom-installments-details best-value no-fee\">Em at\u00e9 4x de <span class=\"woocommerce-Price-amount amount\"><bdi><span class=\"woocommerce-Price-currencySymbol\">&#82;&#36;<\/span>62,73<\/bdi><\/span>  sem juros<\/span><\/span> <\/span><span class=\"woo-custom-installments-offer\"><i class=\"wci-icon-main-price icon-class fa-brands fa-pix\"><\/i><span class=\"discount-before-price\">\u00c0 vista<\/span><span class=\"discounted-price\"><span class=\"woocommerce-Price-amount amount\"><bdi><span class=\"woocommerce-Price-currencySymbol\">&#82;&#36;<\/span>238,36<\/bdi><\/span><\/span><span class=\"discount-after-price\">no Pix<\/span><\/span>\t\t<\/div>\r\n\r\n\t\t<\/span>\n<\/a><a href=\"\/bumper\/wp-json\/wp\/v2\/pages\/9?add-to-cart=340\" aria-describedby=\"woocommerce_loop_add_to_cart_link_describedby_340\" data-quantity=\"1\" class=\"button aux-ajax-add-to-cart product_type_simple add_to_cart_button\" data-product_id=\"340\" data-product_sku=\"ERC20-110V\" aria-label=\"Adicione ao carrinho: &ldquo;Panela de Arroz El\u00e9trica Electrolux 3,5L Efficient 2 em 1 por Rita Lobo Cor Inox - 127V&rdquo;\" rel=\"nofollow\" data-success_message=\"\u201cPanela de Arroz El\u00e9trica Electrolux 3,5L Efficient 2 em 1 por Rita Lobo Cor Inox - 127V\u201d foi adicionado ao seu carrinho\" data-product-type=\"simple\" data-verify_nonce=\"ed9193b25a\" role=\"button\">Adicionar ao carrinho<\/a>\t<span id=\"woocommerce_loop_add_to_cart_link_describedby_340\" class=\"screen-reader-text\">\n\t\t\t<\/span>\n<\/li>\n<li class=\"product type-product post-341 status-publish first instock product_cat-arrozeira product_cat-eletroportateis product_cat-para-cozinha has-post-thumbnail shipping-taxable purchasable product-type-simple aux-remove-view-cart\">\n\t<div class=\"tinv-wraper woocommerce tinv-wishlist auxshp-wishlist-wrapper tinvwl-above_thumb-add-to-cart tinvwl-loop-button-wrapper tinvwl-woocommerce_before_shop_loop_item\"\n\t data-product_id=\"341\">\n\t<a role=\"button\" tabindex=\"0\" name=\"adicionar-lista-de-desejos\" aria-label=\"Adicionar &agrave; lista de desejos\" class=\"tinvwl_add_to_wishlist_button auxshp-wishlist   no-txt tinvwl-product-already-on-wishlist  tinvwl-position-above_thumb tinvwl-loop\" data-tinv-wl-list=\"[]\" data-tinv-wl-product=\"341\" data-tinv-wl-productvariation=\"0\" data-tinv-wl-productvariations=\"[]\" data-tinv-wl-producttype=\"simple\" data-tinv-wl-action=\"add\"><span class=\"aux-wishlist-icon aux-ico auxicon-heart-small-outline\"><\/span><\/a>\t\t<div class=\"tinvwl-tooltip\">Adicionar &agrave; lista de desejos<\/div>\n<\/div>\n<a href=\"https:\/\/lucasvasconcelos.com.br\/bumper\/produto\/panela-de-arroz-eletrica-electrolux-35l-efficient-2-em-1-por-rita-lobo-cor-inox-220v\/\" class=\"woocommerce-LoopProduct-link woocommerce-loop-product__link\"><div class=\"tp-image-wrapper\"><img decoding=\"async\" class=\"tp-image\" src=\"https:\/\/lucasvasconcelos.com.br\/bumper\/wp-content\/uploads\/2025\/01\/229372-800-auto-300x300.webp\" srcset=\"https:\/\/lucasvasconcelos.com.br\/bumper\/wp-content\/uploads\/2025\/01\/229372-800-auto-300x300.webp 300w, https:\/\/lucasvasconcelos.com.br\/bumper\/wp-content\/uploads\/2025\/01\/229372-800-auto-100x100.webp 100w, https:\/\/lucasvasconcelos.com.br\/bumper\/wp-content\/uploads\/2025\/01\/229372-800-auto-600x600.webp 600w, https:\/\/lucasvasconcelos.com.br\/bumper\/wp-content\/uploads\/2025\/01\/229372-800-auto-150x150.webp 150w, https:\/\/lucasvasconcelos.com.br\/bumper\/wp-content\/uploads\/2025\/01\/229372-800-auto-768x768.webp 768w, https:\/\/lucasvasconcelos.com.br\/bumper\/wp-content\/uploads\/2025\/01\/229372-800-auto.webp 800w\" sizes=\"(max-width: 360px) 100vw, 360px\" alt=\"Panela de Arroz El\u00e9trica Electrolux 3,5L Efficient 2 em 1 por Rita Lobo Cor Inox - 220V\"><img decoding=\"async\" class=\"tp-image-hover\" src=\"https:\/\/lucasvasconcelos.com.br\/bumper\/wp-content\/uploads\/2025\/01\/229373-800-auto-300x300.webp\" srcset=\"https:\/\/lucasvasconcelos.com.br\/bumper\/wp-content\/uploads\/2025\/01\/229373-800-auto-300x300.webp 300w, https:\/\/lucasvasconcelos.com.br\/bumper\/wp-content\/uploads\/2025\/01\/229373-800-auto-100x100.webp 100w, https:\/\/lucasvasconcelos.com.br\/bumper\/wp-content\/uploads\/2025\/01\/229373-800-auto-600x600.webp 600w, https:\/\/lucasvasconcelos.com.br\/bumper\/wp-content\/uploads\/2025\/01\/229373-800-auto-150x150.webp 150w, https:\/\/lucasvasconcelos.com.br\/bumper\/wp-content\/uploads\/2025\/01\/229373-800-auto-768x768.webp 768w, https:\/\/lucasvasconcelos.com.br\/bumper\/wp-content\/uploads\/2025\/01\/229373-800-auto.webp 800w\" sizes=\"(max-width: 360px) 100vw, 360px\" alt=\"Panela de Arroz El\u00e9trica Electrolux 3,5L Efficient 2 em 1 por Rita Lobo Cor Inox - 220V\"><\/div><a href=\"https:\/\/lucasvasconcelos.com.br\/bumper\/produto\/panela-de-arroz-eletrica-electrolux-35l-efficient-2-em-1-por-rita-lobo-cor-inox-220v\/\"><h2 class=\"woocommerce-loop-product__title\">Panela de Arroz El\u00e9trica Electrolux 3,5L Efficient 2 em 1 por Rita Lobo Cor Inox &#8211; 220V<\/h2><\/a>\n\t<span class=\"price\">\r\n\t\t<div class=\"woo-custom-installments-group \">\r\n\t\t\t\r\n\t\t\t\r\n\t\t\t<div class=\"woo-custom-installments-group-main-price \">\r\n\t\t\t\t\t\t\t\t\t\t<span class=\"woo-custom-installments-price\"><span class=\"woocommerce-Price-amount amount\"><bdi><span class=\"woocommerce-Price-currencySymbol\">&#82;&#36;<\/span>250,90<\/bdi><\/span><\/span>\r\n\t\t\t\t\t\t\t\t<\/div>\r\n\r\n\t\t\t <span class=\"woo-custom-installments-card-container\"><span class=\"woo-custom-installments-details-without-fee\" data-end-installments=\"4\"><i class=\"wci-icon-best-installments icon-class fa-regular fa-credit-card\"><\/i><span class=\"woo-custom-installments-details best-value no-fee\">Em at\u00e9 4x de <span class=\"woocommerce-Price-amount amount\"><bdi><span class=\"woocommerce-Price-currencySymbol\">&#82;&#36;<\/span>62,73<\/bdi><\/span>  sem juros<\/span><\/span> <\/span><span class=\"woo-custom-installments-offer\"><i class=\"wci-icon-main-price icon-class fa-brands fa-pix\"><\/i><span class=\"discount-before-price\">\u00c0 vista<\/span><span class=\"discounted-price\"><span class=\"woocommerce-Price-amount amount\"><bdi><span class=\"woocommerce-Price-currencySymbol\">&#82;&#36;<\/span>238,36<\/bdi><\/span><\/span><span class=\"discount-after-price\">no Pix<\/span><\/span>\t\t<\/div>\r\n\r\n\t\t<\/span>\n<\/a><a href=\"\/bumper\/wp-json\/wp\/v2\/pages\/9?add-to-cart=341\" aria-describedby=\"woocommerce_loop_add_to_cart_link_describedby_341\" data-quantity=\"1\" class=\"button aux-ajax-add-to-cart product_type_simple add_to_cart_button\" data-product_id=\"341\" data-product_sku=\"ERC20-220V\" aria-label=\"Adicione ao carrinho: &ldquo;Panela de Arroz El\u00e9trica Electrolux 3,5L Efficient 2 em 1 por Rita Lobo Cor Inox - 220V&rdquo;\" rel=\"nofollow\" data-success_message=\"\u201cPanela de Arroz El\u00e9trica Electrolux 3,5L Efficient 2 em 1 por Rita Lobo Cor Inox - 220V\u201d foi adicionado ao seu carrinho\" data-product-type=\"simple\" data-verify_nonce=\"1d7fbd67de\" role=\"button\">Adicionar ao carrinho<\/a>\t<span id=\"woocommerce_loop_add_to_cart_link_describedby_341\" class=\"screen-reader-text\">\n\t\t\t<\/span>\n<\/li>\n<li class=\"product type-product post-345 status-publish instock product_cat-arrozeira product_cat-eletroportateis product_cat-para-cozinha product_tag-novos-produtos has-post-thumbnail shipping-taxable purchasable product-type-simple aux-remove-view-cart\">\n\t<div class=\"tinv-wraper woocommerce tinv-wishlist auxshp-wishlist-wrapper tinvwl-above_thumb-add-to-cart tinvwl-loop-button-wrapper tinvwl-woocommerce_before_shop_loop_item\"\n\t data-product_id=\"345\">\n\t<a role=\"button\" tabindex=\"0\" name=\"adicionar-lista-de-desejos\" aria-label=\"Adicionar &agrave; lista de desejos\" class=\"tinvwl_add_to_wishlist_button auxshp-wishlist   no-txt tinvwl-product-already-on-wishlist  tinvwl-position-above_thumb tinvwl-loop\" data-tinv-wl-list=\"[]\" data-tinv-wl-product=\"345\" data-tinv-wl-productvariation=\"0\" data-tinv-wl-productvariations=\"[]\" data-tinv-wl-producttype=\"simple\" data-tinv-wl-action=\"add\"><span class=\"aux-wishlist-icon aux-ico auxicon-heart-small-outline\"><\/span><\/a>\t\t<div class=\"tinvwl-tooltip\">Adicionar &agrave; lista de desejos<\/div>\n<\/div>\n<a href=\"https:\/\/lucasvasconcelos.com.br\/bumper\/produto\/panela-de-arroz-eletrica-agratto-6-xicaras-cor-branca-pa6x-127v\/\" class=\"woocommerce-LoopProduct-link woocommerce-loop-product__link\"><div class=\"tp-image-wrapper\"><img decoding=\"async\" class=\"tp-image\" src=\"https:\/\/lucasvasconcelos.com.br\/bumper\/wp-content\/uploads\/2025\/01\/2090344900-1587768118-300x300.jpg\" srcset=\"https:\/\/lucasvasconcelos.com.br\/bumper\/wp-content\/uploads\/2025\/01\/2090344900-1587768118-300x300.jpg 300w, https:\/\/lucasvasconcelos.com.br\/bumper\/wp-content\/uploads\/2025\/01\/2090344900-1587768118-100x100.jpg 100w, https:\/\/lucasvasconcelos.com.br\/bumper\/wp-content\/uploads\/2025\/01\/2090344900-1587768118-800x800.jpg 800w, https:\/\/lucasvasconcelos.com.br\/bumper\/wp-content\/uploads\/2025\/01\/2090344900-1587768118-150x150.jpg 150w, https:\/\/lucasvasconcelos.com.br\/bumper\/wp-content\/uploads\/2025\/01\/2090344900-1587768118-768x768.jpg 768w, https:\/\/lucasvasconcelos.com.br\/bumper\/wp-content\/uploads\/2025\/01\/2090344900-1587768118.jpg 1000w\" sizes=\"(max-width: 360px) 100vw, 360px\" alt=\"Panela de Arroz El\u00e9trica Agratto 6 X\u00edcaras Cor Branca (PA6X) - 127V\"><img decoding=\"async\" class=\"tp-image-hover\" src=\"https:\/\/lucasvasconcelos.com.br\/bumper\/wp-content\/uploads\/2025\/01\/2090344899-1587768118-300x300.jpg\" srcset=\"https:\/\/lucasvasconcelos.com.br\/bumper\/wp-content\/uploads\/2025\/01\/2090344899-1587768118-300x300.jpg 300w, https:\/\/lucasvasconcelos.com.br\/bumper\/wp-content\/uploads\/2025\/01\/2090344899-1587768118-100x100.jpg 100w, https:\/\/lucasvasconcelos.com.br\/bumper\/wp-content\/uploads\/2025\/01\/2090344899-1587768118-800x800.jpg 800w, https:\/\/lucasvasconcelos.com.br\/bumper\/wp-content\/uploads\/2025\/01\/2090344899-1587768118-150x150.jpg 150w, https:\/\/lucasvasconcelos.com.br\/bumper\/wp-content\/uploads\/2025\/01\/2090344899-1587768118-768x768.jpg 768w, https:\/\/lucasvasconcelos.com.br\/bumper\/wp-content\/uploads\/2025\/01\/2090344899-1587768118.jpg 1000w\" sizes=\"(max-width: 360px) 100vw, 360px\" alt=\"Panela de Arroz El\u00e9trica Agratto 6 X\u00edcaras Cor Branca (PA6X) - 127V\"><\/div><a href=\"https:\/\/lucasvasconcelos.com.br\/bumper\/produto\/panela-de-arroz-eletrica-agratto-6-xicaras-cor-branca-pa6x-127v\/\"><h2 class=\"woocommerce-loop-product__title\">Panela de Arroz El\u00e9trica Agratto 6 X\u00edcaras Cor Branca (PA6X) &#8211; 127V<\/h2><\/a>\n\t<span class=\"price\">\r\n\t\t<div class=\"woo-custom-installments-group \">\r\n\t\t\t\r\n\t\t\t\r\n\t\t\t<div class=\"woo-custom-installments-group-main-price \">\r\n\t\t\t\t\t\t\t\t\t\t<span class=\"woo-custom-installments-price\"><span class=\"woocommerce-Price-amount amount\"><bdi><span class=\"woocommerce-Price-currencySymbol\">&#82;&#36;<\/span>136,90<\/bdi><\/span><\/span>\r\n\t\t\t\t\t\t\t\t<\/div>\r\n\r\n\t\t\t <span class=\"woo-custom-installments-card-container\"><span class=\"woo-custom-installments-details-without-fee\" data-end-installments=\"4\"><i class=\"wci-icon-best-installments icon-class fa-regular fa-credit-card\"><\/i><span class=\"woo-custom-installments-details best-value no-fee\">Em at\u00e9 4x de <span class=\"woocommerce-Price-amount amount\"><bdi><span class=\"woocommerce-Price-currencySymbol\">&#82;&#36;<\/span>34,23<\/bdi><\/span>  sem juros<\/span><\/span> <\/span><span class=\"woo-custom-installments-offer\"><i class=\"wci-icon-main-price icon-class fa-brands fa-pix\"><\/i><span class=\"discount-before-price\">\u00c0 vista<\/span><span class=\"discounted-price\"><span class=\"woocommerce-Price-amount amount\"><bdi><span class=\"woocommerce-Price-currencySymbol\">&#82;&#36;<\/span>130,06<\/bdi><\/span><\/span><span class=\"discount-after-price\">no Pix<\/span><\/span>\t\t<\/div>\r\n\r\n\t\t<\/span>\n<\/a><a href=\"\/bumper\/wp-json\/wp\/v2\/pages\/9?add-to-cart=345\" aria-describedby=\"woocommerce_loop_add_to_cart_link_describedby_345\" data-quantity=\"1\" class=\"button aux-ajax-add-to-cart product_type_simple add_to_cart_button\" data-product_id=\"345\" data-product_sku=\"PA6X-BRANCO-127V\" aria-label=\"Adicione ao carrinho: &ldquo;Panela de Arroz El\u00e9trica Agratto 6 X\u00edcaras Cor Branca (PA6X) - 127V&rdquo;\" rel=\"nofollow\" data-success_message=\"\u201cPanela de Arroz El\u00e9trica Agratto 6 X\u00edcaras Cor Branca (PA6X) - 127V\u201d foi adicionado ao seu carrinho\" data-product-type=\"simple\" data-verify_nonce=\"91eeeb7a52\" role=\"button\">Adicionar ao carrinho<\/a>\t<span id=\"woocommerce_loop_add_to_cart_link_describedby_345\" class=\"screen-reader-text\">\n\t\t\t<\/span>\n<\/li>\n<li class=\"product type-product post-348 status-publish instock product_cat-acessorios-para-lavadoras product_cat-para-cozinha product_cat-pecas-e-acessorios product_tag-acessorios-para-lavadoras has-post-thumbnail shipping-taxable purchasable product-type-simple aux-remove-view-cart\">\n\t<div class=\"tinv-wraper woocommerce tinv-wishlist auxshp-wishlist-wrapper tinvwl-above_thumb-add-to-cart tinvwl-loop-button-wrapper tinvwl-woocommerce_before_shop_loop_item\"\n\t data-product_id=\"348\">\n\t<a role=\"button\" tabindex=\"0\" name=\"adicionar-lista-de-desejos\" aria-label=\"Adicionar &agrave; lista de desejos\" class=\"tinvwl_add_to_wishlist_button auxshp-wishlist   no-txt tinvwl-product-already-on-wishlist  tinvwl-position-above_thumb tinvwl-loop\" data-tinv-wl-list=\"[]\" data-tinv-wl-product=\"348\" data-tinv-wl-productvariation=\"0\" data-tinv-wl-productvariations=\"[]\" data-tinv-wl-producttype=\"simple\" data-tinv-wl-action=\"add\"><span class=\"aux-wishlist-icon aux-ico auxicon-heart-small-outline\"><\/span><\/a>\t\t<div class=\"tinvwl-tooltip\">Adicionar &agrave; lista de desejos<\/div>\n<\/div>\n<a href=\"https:\/\/lucasvasconcelos.com.br\/bumper\/produto\/capa-para-maquina-de-lavar-electrolux-10kg-a-16kg-cor-cinza\/\" class=\"woocommerce-LoopProduct-link woocommerce-loop-product__link\"><div class=\"tp-image-wrapper\"><img decoding=\"async\" class=\"tp-image\" src=\"https:\/\/lucasvasconcelos.com.br\/bumper\/wp-content\/uploads\/2025\/01\/215181-800-auto-300x300.webp\" srcset=\"https:\/\/lucasvasconcelos.com.br\/bumper\/wp-content\/uploads\/2025\/01\/215181-800-auto-300x300.webp 300w, https:\/\/lucasvasconcelos.com.br\/bumper\/wp-content\/uploads\/2025\/01\/215181-800-auto-100x100.webp 100w, https:\/\/lucasvasconcelos.com.br\/bumper\/wp-content\/uploads\/2025\/01\/215181-800-auto-150x150.webp 150w, https:\/\/lucasvasconcelos.com.br\/bumper\/wp-content\/uploads\/2025\/01\/215181-800-auto-768x768.webp 768w, https:\/\/lucasvasconcelos.com.br\/bumper\/wp-content\/uploads\/2025\/01\/215181-800-auto-200x200.webp 200w, https:\/\/lucasvasconcelos.com.br\/bumper\/wp-content\/uploads\/2025\/01\/215181-800-auto-600x600.webp 600w, https:\/\/lucasvasconcelos.com.br\/bumper\/wp-content\/uploads\/2025\/01\/215181-800-auto.webp 800w\" sizes=\"(max-width: 360px) 100vw, 360px\" alt=\"Capa para M\u00e1quina de Lavar Electrolux 10kg a 16kg Cor Cinza\"><img decoding=\"async\" class=\"tp-image-hover\" src=\"https:\/\/lucasvasconcelos.com.br\/bumper\/wp-content\/uploads\/2025\/01\/200719-800-auto-300x300.webp\" srcset=\"https:\/\/lucasvasconcelos.com.br\/bumper\/wp-content\/uploads\/2025\/01\/200719-800-auto-300x300.webp 300w, https:\/\/lucasvasconcelos.com.br\/bumper\/wp-content\/uploads\/2025\/01\/200719-800-auto-100x100.webp 100w, https:\/\/lucasvasconcelos.com.br\/bumper\/wp-content\/uploads\/2025\/01\/200719-800-auto-150x150.webp 150w, https:\/\/lucasvasconcelos.com.br\/bumper\/wp-content\/uploads\/2025\/01\/200719-800-auto-768x768.webp 768w, https:\/\/lucasvasconcelos.com.br\/bumper\/wp-content\/uploads\/2025\/01\/200719-800-auto-200x200.webp 200w, https:\/\/lucasvasconcelos.com.br\/bumper\/wp-content\/uploads\/2025\/01\/200719-800-auto-600x600.webp 600w, https:\/\/lucasvasconcelos.com.br\/bumper\/wp-content\/uploads\/2025\/01\/200719-800-auto.webp 800w\" sizes=\"(max-width: 360px) 100vw, 360px\" alt=\"Capa para M\u00e1quina de Lavar Electrolux 10kg a 16kg Cor Cinza\"><\/div><a href=\"https:\/\/lucasvasconcelos.com.br\/bumper\/produto\/capa-para-maquina-de-lavar-electrolux-10kg-a-16kg-cor-cinza\/\"><h2 class=\"woocommerce-loop-product__title\">Capa para M\u00e1quina de Lavar Electrolux 10kg a 16kg Cor Cinza<\/h2><\/a>\n\t<span class=\"price\">\r\n\t\t<div class=\"woo-custom-installments-group \">\r\n\t\t\t\r\n\t\t\t\r\n\t\t\t<div class=\"woo-custom-installments-group-main-price \">\r\n\t\t\t\t\t\t\t\t\t\t<span class=\"woo-custom-installments-price\"><span class=\"woocommerce-Price-amount amount\"><bdi><span class=\"woocommerce-Price-currencySymbol\">&#82;&#36;<\/span>68,90<\/bdi><\/span><\/span>\r\n\t\t\t\t\t\t\t\t<\/div>\r\n\r\n\t\t\t <span class=\"woo-custom-installments-card-container\"><span class=\"woo-custom-installments-details-without-fee\" data-end-installments=\"3\"><i class=\"wci-icon-best-installments icon-class fa-regular fa-credit-card\"><\/i><span class=\"woo-custom-installments-details best-value no-fee\">Em at\u00e9 3x de <span class=\"woocommerce-Price-amount amount\"><bdi><span class=\"woocommerce-Price-currencySymbol\">&#82;&#36;<\/span>22,97<\/bdi><\/span>  sem juros<\/span><\/span> <\/span><span class=\"woo-custom-installments-offer\"><i class=\"wci-icon-main-price icon-class fa-brands fa-pix\"><\/i><span class=\"discount-before-price\">\u00c0 vista<\/span><span class=\"discounted-price\"><span class=\"woocommerce-Price-amount amount\"><bdi><span class=\"woocommerce-Price-currencySymbol\">&#82;&#36;<\/span>65,46<\/bdi><\/span><\/span><span class=\"discount-after-price\">no Pix<\/span><\/span>\t\t<\/div>\r\n\r\n\t\t<\/span>\n<\/a><a href=\"\/bumper\/wp-json\/wp\/v2\/pages\/9?add-to-cart=348\" aria-describedby=\"woocommerce_loop_add_to_cart_link_describedby_348\" data-quantity=\"1\" class=\"button aux-ajax-add-to-cart product_type_simple add_to_cart_button\" data-product_id=\"348\" data-product_sku=\"41036669\" aria-label=\"Adicione ao carrinho: &ldquo;Capa para M\u00e1quina de Lavar Electrolux 10kg a 16kg Cor Cinza&rdquo;\" rel=\"nofollow\" data-success_message=\"\u201cCapa para M\u00e1quina de Lavar Electrolux 10kg a 16kg Cor Cinza\u201d foi adicionado ao seu carrinho\" data-product-type=\"simple\" data-verify_nonce=\"49457226f8\" role=\"button\">Adicionar ao carrinho<\/a>\t<span id=\"woocommerce_loop_add_to_cart_link_describedby_348\" class=\"screen-reader-text\">\n\t\t\t<\/span>\n<\/li>\n<li class=\"product type-product post-355 status-publish last instock product_cat-barbeador product_cat-cuidados-pessoais has-post-thumbnail shipping-taxable purchasable product-type-simple aux-remove-view-cart\">\n\t<div class=\"tinv-wraper woocommerce tinv-wishlist auxshp-wishlist-wrapper tinvwl-above_thumb-add-to-cart tinvwl-loop-button-wrapper tinvwl-woocommerce_before_shop_loop_item\"\n\t data-product_id=\"355\">\n\t<a role=\"button\" tabindex=\"0\" name=\"adicionar-lista-de-desejos\" aria-label=\"Adicionar &agrave; lista de desejos\" class=\"tinvwl_add_to_wishlist_button auxshp-wishlist   no-txt tinvwl-product-already-on-wishlist  tinvwl-position-above_thumb tinvwl-loop\" data-tinv-wl-list=\"[]\" data-tinv-wl-product=\"355\" data-tinv-wl-productvariation=\"0\" data-tinv-wl-productvariations=\"[]\" data-tinv-wl-producttype=\"simple\" data-tinv-wl-action=\"add\"><span class=\"aux-wishlist-icon aux-ico auxicon-heart-small-outline\"><\/span><\/a>\t\t<div class=\"tinvwl-tooltip\">Adicionar &agrave; lista de desejos<\/div>\n<\/div>\n<a href=\"https:\/\/lucasvasconcelos.com.br\/bumper\/produto\/aparador-de-pelos-philips-serie-3000-mg3721-77-7-em-1-bivolt\/\" class=\"woocommerce-LoopProduct-link woocommerce-loop-product__link\"><div class=\"tp-image-wrapper\"><img decoding=\"async\" class=\"tp-image\" src=\"https:\/\/lucasvasconcelos.com.br\/bumper\/wp-content\/uploads\/2025\/01\/2218362_02-300x300.webp\" srcset=\"https:\/\/lucasvasconcelos.com.br\/bumper\/wp-content\/uploads\/2025\/01\/2218362_02-300x300.webp 300w, https:\/\/lucasvasconcelos.com.br\/bumper\/wp-content\/uploads\/2025\/01\/2218362_02-100x100.webp 100w, https:\/\/lucasvasconcelos.com.br\/bumper\/wp-content\/uploads\/2025\/01\/2218362_02-150x150.webp 150w, https:\/\/lucasvasconcelos.com.br\/bumper\/wp-content\/uploads\/2025\/01\/2218362_02-200x200.webp 200w, https:\/\/lucasvasconcelos.com.br\/bumper\/wp-content\/uploads\/2025\/01\/2218362_02.webp 360w\" sizes=\"(max-width: 360px) 100vw, 360px\" alt=\"Aparador De Pelos Philips Serie 3000 MG3721\/77 7 Em 1  Bivolt\"><img decoding=\"async\" class=\"tp-image-hover\" src=\"https:\/\/lucasvasconcelos.com.br\/bumper\/wp-content\/uploads\/2025\/01\/D_NQ_NP_2X_807602-MLU72645321119_112023-F-300x300.webp\" srcset=\"https:\/\/lucasvasconcelos.com.br\/bumper\/wp-content\/uploads\/2025\/01\/D_NQ_NP_2X_807602-MLU72645321119_112023-F-300x300.webp 300w, https:\/\/lucasvasconcelos.com.br\/bumper\/wp-content\/uploads\/2025\/01\/D_NQ_NP_2X_807602-MLU72645321119_112023-F-100x100.webp 100w, https:\/\/lucasvasconcelos.com.br\/bumper\/wp-content\/uploads\/2025\/01\/D_NQ_NP_2X_807602-MLU72645321119_112023-F-150x150.webp 150w\" sizes=\"(max-width: 360px) 100vw, 360px\" alt=\"Aparador De Pelos Philips Serie 3000 MG3721\/77 7 Em 1  Bivolt\"><\/div><a href=\"https:\/\/lucasvasconcelos.com.br\/bumper\/produto\/aparador-de-pelos-philips-serie-3000-mg3721-77-7-em-1-bivolt\/\"><h2 class=\"woocommerce-loop-product__title\">Aparador De Pelos Philips Serie 3000 MG3721\/77 7 Em 1  Bivolt<\/h2><\/a>\n\t<span class=\"price\">\r\n\t\t<div class=\"woo-custom-installments-group \">\r\n\t\t\t\r\n\t\t\t\r\n\t\t\t<div class=\"woo-custom-installments-group-main-price \">\r\n\t\t\t\t\t\t\t\t\t\t<span class=\"woo-custom-installments-price\"><span class=\"woocommerce-Price-amount amount\"><bdi><span class=\"woocommerce-Price-currencySymbol\">&#82;&#36;<\/span>140,90<\/bdi><\/span><\/span>\r\n\t\t\t\t\t\t\t\t<\/div>\r\n\r\n\t\t\t <span class=\"woo-custom-installments-card-container\"><span class=\"woo-custom-installments-details-without-fee\" data-end-installments=\"4\"><i class=\"wci-icon-best-installments icon-class fa-regular fa-credit-card\"><\/i><span class=\"woo-custom-installments-details best-value no-fee\">Em at\u00e9 4x de <span class=\"woocommerce-Price-amount amount\"><bdi><span class=\"woocommerce-Price-currencySymbol\">&#82;&#36;<\/span>35,23<\/bdi><\/span>  sem juros<\/span><\/span> <\/span><span class=\"woo-custom-installments-offer\"><i class=\"wci-icon-main-price icon-class fa-brands fa-pix\"><\/i><span class=\"discount-before-price\">\u00c0 vista<\/span><span class=\"discounted-price\"><span class=\"woocommerce-Price-amount amount\"><bdi><span class=\"woocommerce-Price-currencySymbol\">&#82;&#36;<\/span>133,86<\/bdi><\/span><\/span><span class=\"discount-after-price\">no Pix<\/span><\/span>\t\t<\/div>\r\n\r\n\t\t<\/span>\n<\/a><a href=\"\/bumper\/wp-json\/wp\/v2\/pages\/9?add-to-cart=355\" aria-describedby=\"woocommerce_loop_add_to_cart_link_describedby_355\" data-quantity=\"1\" class=\"button aux-ajax-add-to-cart product_type_simple add_to_cart_button\" data-product_id=\"355\" data-product_sku=\"MG3721\" aria-label=\"Adicione ao carrinho: &ldquo;Aparador De Pelos Philips Serie 3000 MG3721\/77 7 Em 1  Bivolt&rdquo;\" rel=\"nofollow\" data-success_message=\"\u201cAparador De Pelos Philips Serie 3000 MG3721\/77 7 Em 1  Bivolt\u201d foi adicionado ao seu carrinho\" data-product-type=\"simple\" data-verify_nonce=\"e43bf43d1b\" role=\"button\">Adicionar ao carrinho<\/a>\t<span id=\"woocommerce_loop_add_to_cart_link_describedby_355\" class=\"screen-reader-text\">\n\t\t\t<\/span>\n<\/li>\n<\/ul>\n<\/div><\/div>\n\t\t\t\t\t\t<\/div>\n\t\t\t\t<\/div>\n\t\t\t\t<\/div>\n\t\t<div class=\"aux-parallax-section elementor-element elementor-element-dc0f95d e-flex e-con-boxed e-con e-parent\" data-id=\"dc0f95d\" data-element_type=\"container\" data-e-type=\"container\">\n\t\t\t\t\t<div class=\"e-con-inner\">\n\t\t<div class=\"elementor-element elementor-element-117eb08 e-con-full e-flex e-con e-child\" data-id=\"117eb08\" data-element_type=\"container\" data-e-type=\"container\" data-settings=\"{&quot;background_background&quot;:&quot;classic&quot;}\">\n\t\t\t\t<div class=\"elementor-element elementor-element-2c2083c elementor-widget elementor-widget-aux_image\" data-id=\"2c2083c\" data-element_type=\"widget\" data-e-type=\"widget\" data-widget_type=\"aux_image.default\">\n\t\t\t\t<div class=\"elementor-widget-container\">\n\t\t\t\t\t<section class=\"widget-container aux-widget-image aux-alignnone aux-parent-au5f8f4ce2\">\n    <div class=\"aux-media-hint-frame \">\n        <div class=\"aux-media-image \" >\n        \n            \n\n            \n            <img loading=\"lazy\" decoding=\"async\" width=\"1110\" height=\"250\" src=\"https:\/\/lucasvasconcelos.com.br\/bumper\/wp-content\/uploads\/2025\/01\/eletronicos1.webp\" class=\"aux-attachment aux-featured-image aux-attachment-id-1233\" alt=\"eletronicos1\" data-ratio=\"4.44\" data-original-w=\"1110\" \/>            \n                <\/div>\n    <\/div>\n\n<\/section><!-- widget-container -->\t\t\t\t<\/div>\n\t\t\t\t<\/div>\n\t\t\t\t<\/div>\n\t\t\t\t\t<\/div>\n\t\t\t\t<\/div>\n\t\t<div class=\"aux-parallax-section elementor-element elementor-element-632ebec e-flex e-con-boxed e-con e-parent\" data-id=\"632ebec\" data-element_type=\"container\" data-e-type=\"container\">\n\t\t\t\t\t<div class=\"e-con-inner\">\n\t\t<div class=\"elementor-element elementor-element-345b470 e-con-full e-flex e-con e-child\" data-id=\"345b470\" data-element_type=\"container\" data-e-type=\"container\">\n\t\t\t\t<div class=\"elementor-element elementor-element-f3753f4 elementor-widget-mobile__width-auto aux-appear-watch-animation aux-fade-in-up elementor-widget elementor-widget-aux_modern_heading\" data-id=\"f3753f4\" data-element_type=\"widget\" data-e-type=\"widget\" data-widget_type=\"aux_modern_heading.default\">\n\t\t\t\t<div class=\"elementor-widget-container\">\n\t\t\t\t\t<section class=\"aux-widget-modern-heading\">\n            <div class=\"aux-widget-inner\"><span class=\"aux-modern-heading-primary\"><\/span><h4 class=\"aux-modern-heading-secondary\"><span class=\"aux-head-before\">Em alta na Bumper \ud83d\udd25<\/span><\/h4><\/div>\n        <\/section>\t\t\t\t<\/div>\n\t\t\t\t<\/div>\n\t\t\t\t<\/div>\n\t\t<div class=\"elementor-element elementor-element-06407b3 e-con-full e-flex e-con e-child\" data-id=\"06407b3\" data-element_type=\"container\" data-e-type=\"container\">\n\t\t\t\t<div class=\"elementor-element elementor-element-c95c452 elementor-widget elementor-widget-aux_modern_button\" data-id=\"c95c452\" data-element_type=\"widget\" data-e-type=\"widget\" data-widget_type=\"aux_modern_button.default\">\n\t\t\t\t<div class=\"elementor-widget-container\">\n\t\t\t\t\t    <div class=\"aux-modern-button-wrapper aux-modern-button-align-right\" >\n                    <a class=\"aux-modern-button aux-black aux-modern-button-md aux-modern-button-normal aux-modern-button-default aux-icon-\" href=\"https:\/\/lucasvasconcelos.com.br\/bumper\/categoria-produto\/em-alta\/\">\n                <div class=\"aux-overlay\"><\/div>\n                                    <div class=\"aux-icon \">\n                                            <\/div>\n                                <div class=\"aux-text\">\n<span class=\"aux-text-before\">Ver todos<\/span>                <\/div>\n            <\/a>\n            \n    <\/div>\n\n    \t\t\t\t<\/div>\n\t\t\t\t<\/div>\n\t\t\t\t<\/div>\n\t\t\t\t\t<\/div>\n\t\t\t\t<\/div>\n\t\t<div class=\"aux-parallax-section elementor-element elementor-element-b0e42d2 e-con-full elementor-hidden-desktop elementor-hidden-tablet e-flex e-con e-parent\" data-id=\"b0e42d2\" data-element_type=\"container\" data-e-type=\"container\">\n\t\t\t\t<div class=\"elementor-element elementor-element-0ad5961 elementor-widget elementor-widget-shortcode\" data-id=\"0ad5961\" data-element_type=\"widget\" data-e-type=\"widget\" data-widget_type=\"shortcode.default\">\n\t\t\t\t<div class=\"elementor-widget-container\">\n\t\t\t\t\t\t\t<div class=\"elementor-shortcode\"><div class=\"woocommerce columns-4 \"><span class=\"wpfHidden\" data-shortcode-attribute=\"{&quot;limit&quot;:&quot;8&quot;,&quot;columns&quot;:&quot;4&quot;,&quot;rows&quot;:&quot;&quot;,&quot;orderby&quot;:&quot;date&quot;,&quot;order&quot;:&quot;ASC&quot;,&quot;ids&quot;:&quot;&quot;,&quot;skus&quot;:&quot;&quot;,&quot;category&quot;:&quot;&quot;,&quot;cat_operator&quot;:&quot;IN&quot;,&quot;attribute&quot;:&quot;&quot;,&quot;terms&quot;:&quot;&quot;,&quot;terms_operator&quot;:&quot;IN&quot;,&quot;tag&quot;:&quot;&quot;,&quot;tag_operator&quot;:&quot;IN&quot;,&quot;visibility&quot;:&quot;visible&quot;,&quot;class&quot;:&quot;&quot;,&quot;page&quot;:1,&quot;paginate&quot;:false,&quot;cache&quot;:false}\"><\/span><ul class=\"products columns-4\">\n<li class=\"product type-product post-326 status-publish first instock product_cat-caixa-de-som product_cat-eletronicos product_tag-mais-procurados has-post-thumbnail shipping-taxable purchasable product-type-simple aux-remove-view-cart\">\n\t<div class=\"tinv-wraper woocommerce tinv-wishlist auxshp-wishlist-wrapper tinvwl-above_thumb-add-to-cart tinvwl-loop-button-wrapper tinvwl-woocommerce_before_shop_loop_item\"\n\t data-product_id=\"326\">\n\t<a role=\"button\" tabindex=\"0\" name=\"adicionar-lista-de-desejos\" aria-label=\"Adicionar &agrave; lista de desejos\" class=\"tinvwl_add_to_wishlist_button auxshp-wishlist   no-txt tinvwl-product-already-on-wishlist  tinvwl-position-above_thumb tinvwl-loop\" data-tinv-wl-list=\"[]\" data-tinv-wl-product=\"326\" data-tinv-wl-productvariation=\"0\" data-tinv-wl-productvariations=\"[]\" data-tinv-wl-producttype=\"simple\" data-tinv-wl-action=\"add\"><span class=\"aux-wishlist-icon aux-ico auxicon-heart-small-outline\"><\/span><\/a>\t\t<div class=\"tinvwl-tooltip\">Adicionar &agrave; lista de desejos<\/div>\n<\/div>\n<a href=\"https:\/\/lucasvasconcelos.com.br\/bumper\/produto\/mini-system-lg-xboom-ck43n-com-bluetooth-preto-220w-bivolt\/\" class=\"woocommerce-LoopProduct-link woocommerce-loop-product__link\"><div class=\"tp-image-wrapper\"><img decoding=\"async\" class=\"image\" src=\"https:\/\/lucasvasconcelos.com.br\/bumper\/wp-content\/uploads\/2025\/01\/D_NQ_NP_653775-MLU75507155002_042024-O-300x300.webp\" srcset=\"https:\/\/lucasvasconcelos.com.br\/bumper\/wp-content\/uploads\/2025\/01\/D_NQ_NP_653775-MLU75507155002_042024-O-300x300.webp 300w, https:\/\/lucasvasconcelos.com.br\/bumper\/wp-content\/uploads\/2025\/01\/D_NQ_NP_653775-MLU75507155002_042024-O-100x100.webp 100w, https:\/\/lucasvasconcelos.com.br\/bumper\/wp-content\/uploads\/2025\/01\/D_NQ_NP_653775-MLU75507155002_042024-O-150x150.webp 150w\" sizes=\"(max-width: 360px) 100vw, 360px\" alt=\"Mini System LG Xboom Ck43N Com Bluetooth Preto 220w Bivolt\"><\/div><a href=\"https:\/\/lucasvasconcelos.com.br\/bumper\/produto\/mini-system-lg-xboom-ck43n-com-bluetooth-preto-220w-bivolt\/\"><h2 class=\"woocommerce-loop-product__title\">Mini System LG Xboom Ck43N Com Bluetooth Preto 220w Bivolt<\/h2><\/a>\n\t<span class=\"price\">\r\n\t\t<div class=\"woo-custom-installments-group \">\r\n\t\t\t\r\n\t\t\t\r\n\t\t\t<div class=\"woo-custom-installments-group-main-price \">\r\n\t\t\t\t\t\t\t\t\t\t<span class=\"woo-custom-installments-price\"><span class=\"woocommerce-Price-amount amount\"><bdi><span class=\"woocommerce-Price-currencySymbol\">&#82;&#36;<\/span>1.046,90<\/bdi><\/span><\/span>\r\n\t\t\t\t\t\t\t\t<\/div>\r\n\r\n\t\t\t <span class=\"woo-custom-installments-card-container\"><span class=\"woo-custom-installments-details-without-fee\" data-end-installments=\"4\"><i class=\"wci-icon-best-installments icon-class fa-regular fa-credit-card\"><\/i><span class=\"woo-custom-installments-details best-value no-fee\">Em at\u00e9 4x de <span class=\"woocommerce-Price-amount amount\"><bdi><span class=\"woocommerce-Price-currencySymbol\">&#82;&#36;<\/span>261,73<\/bdi><\/span>  sem juros<\/span><\/span> <\/span><span class=\"woo-custom-installments-offer\"><i class=\"wci-icon-main-price icon-class fa-brands fa-pix\"><\/i><span class=\"discount-before-price\">\u00c0 vista<\/span><span class=\"discounted-price\"><span class=\"woocommerce-Price-amount amount\"><bdi><span class=\"woocommerce-Price-currencySymbol\">&#82;&#36;<\/span>994,56<\/bdi><\/span><\/span><span class=\"discount-after-price\">no Pix<\/span><\/span>\t\t<\/div>\r\n\r\n\t\t<\/span>\n<\/a><a href=\"\/bumper\/wp-json\/wp\/v2\/pages\/9?add-to-cart=326\" aria-describedby=\"woocommerce_loop_add_to_cart_link_describedby_326\" data-quantity=\"1\" class=\"button aux-ajax-add-to-cart product_type_simple add_to_cart_button\" data-product_id=\"326\" data-product_sku=\"LG-XBOOM-CK43N\" aria-label=\"Adicione ao carrinho: &ldquo;Mini System LG Xboom Ck43N Com Bluetooth Preto 220w Bivolt&rdquo;\" rel=\"nofollow\" data-success_message=\"\u201cMini System LG Xboom Ck43N Com Bluetooth Preto 220w Bivolt\u201d foi adicionado ao seu carrinho\" data-product-type=\"simple\" data-verify_nonce=\"b5191cc3e1\" role=\"button\">Adicionar ao carrinho<\/a>\t<span id=\"woocommerce_loop_add_to_cart_link_describedby_326\" class=\"screen-reader-text\">\n\t\t\t<\/span>\n<\/li>\n<li class=\"product type-product post-336 status-publish instock product_cat-arrozeira product_cat-eletroportateis product_cat-para-cozinha has-post-thumbnail shipping-taxable purchasable product-type-simple aux-remove-view-cart\">\n\t<div class=\"tinv-wraper woocommerce tinv-wishlist auxshp-wishlist-wrapper tinvwl-above_thumb-add-to-cart tinvwl-loop-button-wrapper tinvwl-woocommerce_before_shop_loop_item\"\n\t data-product_id=\"336\">\n\t<a role=\"button\" tabindex=\"0\" name=\"adicionar-lista-de-desejos\" aria-label=\"Adicionar &agrave; lista de desejos\" class=\"tinvwl_add_to_wishlist_button auxshp-wishlist   no-txt tinvwl-product-already-on-wishlist  tinvwl-position-above_thumb tinvwl-loop\" data-tinv-wl-list=\"[]\" data-tinv-wl-product=\"336\" data-tinv-wl-productvariation=\"0\" data-tinv-wl-productvariations=\"[]\" data-tinv-wl-producttype=\"simple\" data-tinv-wl-action=\"add\"><span class=\"aux-wishlist-icon aux-ico auxicon-heart-small-outline\"><\/span><\/a>\t\t<div class=\"tinvwl-tooltip\">Adicionar &agrave; lista de desejos<\/div>\n<\/div>\n<a href=\"https:\/\/lucasvasconcelos.com.br\/bumper\/produto\/panela-de-arroz-eletrica-electrolux-13l-efficient-por-rita-lobo-cor-branca-220v\/\" class=\"woocommerce-LoopProduct-link woocommerce-loop-product__link\"><div class=\"tp-image-wrapper\"><img decoding=\"async\" class=\"tp-image\" src=\"https:\/\/lucasvasconcelos.com.br\/bumper\/wp-content\/uploads\/2025\/01\/220510-800-auto-300x300.webp\" srcset=\"https:\/\/lucasvasconcelos.com.br\/bumper\/wp-content\/uploads\/2025\/01\/220510-800-auto-300x300.webp 300w, https:\/\/lucasvasconcelos.com.br\/bumper\/wp-content\/uploads\/2025\/01\/220510-800-auto-100x100.webp 100w, https:\/\/lucasvasconcelos.com.br\/bumper\/wp-content\/uploads\/2025\/01\/220510-800-auto-600x600.webp 600w, https:\/\/lucasvasconcelos.com.br\/bumper\/wp-content\/uploads\/2025\/01\/220510-800-auto-150x150.webp 150w, https:\/\/lucasvasconcelos.com.br\/bumper\/wp-content\/uploads\/2025\/01\/220510-800-auto-768x768.webp 768w, https:\/\/lucasvasconcelos.com.br\/bumper\/wp-content\/uploads\/2025\/01\/220510-800-auto.webp 800w\" sizes=\"(max-width: 360px) 100vw, 360px\" alt=\"Panela de Arroz El\u00e9trica Electrolux 1,3L Efficient por Rita Lobo Cor Branca - 220V\"><img decoding=\"async\" class=\"tp-image-hover\" src=\"https:\/\/lucasvasconcelos.com.br\/bumper\/wp-content\/uploads\/2025\/01\/220511-800-auto-300x300.webp\" srcset=\"https:\/\/lucasvasconcelos.com.br\/bumper\/wp-content\/uploads\/2025\/01\/220511-800-auto-300x300.webp 300w, https:\/\/lucasvasconcelos.com.br\/bumper\/wp-content\/uploads\/2025\/01\/220511-800-auto-100x100.webp 100w, https:\/\/lucasvasconcelos.com.br\/bumper\/wp-content\/uploads\/2025\/01\/220511-800-auto-600x600.webp 600w, https:\/\/lucasvasconcelos.com.br\/bumper\/wp-content\/uploads\/2025\/01\/220511-800-auto-150x150.webp 150w, https:\/\/lucasvasconcelos.com.br\/bumper\/wp-content\/uploads\/2025\/01\/220511-800-auto-768x768.webp 768w, https:\/\/lucasvasconcelos.com.br\/bumper\/wp-content\/uploads\/2025\/01\/220511-800-auto.webp 800w\" sizes=\"(max-width: 360px) 100vw, 360px\" alt=\"Panela de Arroz El\u00e9trica Electrolux 1,3L Efficient por Rita Lobo Cor Branca - 220V\"><\/div><a href=\"https:\/\/lucasvasconcelos.com.br\/bumper\/produto\/panela-de-arroz-eletrica-electrolux-13l-efficient-por-rita-lobo-cor-branca-220v\/\"><h2 class=\"woocommerce-loop-product__title\">Panela de Arroz El\u00e9trica Electrolux 1,3L Efficient por Rita Lobo Cor Branca &#8211; 220V<\/h2><\/a>\n\t<span class=\"price\">\r\n\t\t<div class=\"woo-custom-installments-group \">\r\n\t\t\t\r\n\t\t\t\r\n\t\t\t<div class=\"woo-custom-installments-group-main-price \">\r\n\t\t\t\t\t\t\t\t\t\t<span class=\"woo-custom-installments-price\"><span class=\"woocommerce-Price-amount amount\"><bdi><span class=\"woocommerce-Price-currencySymbol\">&#82;&#36;<\/span>219,90<\/bdi><\/span><\/span>\r\n\t\t\t\t\t\t\t\t<\/div>\r\n\r\n\t\t\t <span class=\"woo-custom-installments-card-container\"><span class=\"woo-custom-installments-details-without-fee\" data-end-installments=\"4\"><i class=\"wci-icon-best-installments icon-class fa-regular fa-credit-card\"><\/i><span class=\"woo-custom-installments-details best-value no-fee\">Em at\u00e9 4x de <span class=\"woocommerce-Price-amount amount\"><bdi><span class=\"woocommerce-Price-currencySymbol\">&#82;&#36;<\/span>54,98<\/bdi><\/span>  sem juros<\/span><\/span> <\/span><span class=\"woo-custom-installments-offer\"><i class=\"wci-icon-main-price icon-class fa-brands fa-pix\"><\/i><span class=\"discount-before-price\">\u00c0 vista<\/span><span class=\"discounted-price\"><span class=\"woocommerce-Price-amount amount\"><bdi><span class=\"woocommerce-Price-currencySymbol\">&#82;&#36;<\/span>208,91<\/bdi><\/span><\/span><span class=\"discount-after-price\">no Pix<\/span><\/span>\t\t<\/div>\r\n\r\n\t\t<\/span>\n<\/a><a href=\"\/bumper\/wp-json\/wp\/v2\/pages\/9?add-to-cart=336\" aria-describedby=\"woocommerce_loop_add_to_cart_link_describedby_336\" data-quantity=\"1\" class=\"button aux-ajax-add-to-cart product_type_simple add_to_cart_button\" data-product_id=\"336\" data-product_sku=\"RCB50-220V\" aria-label=\"Adicione ao carrinho: &ldquo;Panela de Arroz El\u00e9trica Electrolux 1,3L Efficient por Rita Lobo Cor Branca - 220V&rdquo;\" rel=\"nofollow\" data-success_message=\"\u201cPanela de Arroz El\u00e9trica Electrolux 1,3L Efficient por Rita Lobo Cor Branca - 220V\u201d foi adicionado ao seu carrinho\" data-product-type=\"simple\" data-verify_nonce=\"765b783455\" role=\"button\">Adicionar ao carrinho<\/a>\t<span id=\"woocommerce_loop_add_to_cart_link_describedby_336\" class=\"screen-reader-text\">\n\t\t\t<\/span>\n<\/li>\n<li class=\"product type-product post-339 status-publish instock product_cat-arrozeira product_cat-eletroportateis product_cat-para-cozinha has-post-thumbnail shipping-taxable purchasable product-type-simple aux-remove-view-cart\">\n\t<div class=\"tinv-wraper woocommerce tinv-wishlist auxshp-wishlist-wrapper tinvwl-above_thumb-add-to-cart tinvwl-loop-button-wrapper tinvwl-woocommerce_before_shop_loop_item\"\n\t data-product_id=\"339\">\n\t<a role=\"button\" tabindex=\"0\" name=\"adicionar-lista-de-desejos\" aria-label=\"Adicionar &agrave; lista de desejos\" class=\"tinvwl_add_to_wishlist_button auxshp-wishlist   no-txt tinvwl-product-already-on-wishlist  tinvwl-position-above_thumb tinvwl-loop\" data-tinv-wl-list=\"[]\" data-tinv-wl-product=\"339\" data-tinv-wl-productvariation=\"0\" data-tinv-wl-productvariations=\"[]\" data-tinv-wl-producttype=\"simple\" data-tinv-wl-action=\"add\"><span class=\"aux-wishlist-icon aux-ico auxicon-heart-small-outline\"><\/span><\/a>\t\t<div class=\"tinvwl-tooltip\">Adicionar &agrave; lista de desejos<\/div>\n<\/div>\n<a href=\"https:\/\/lucasvasconcelos.com.br\/bumper\/produto\/panela-de-arroz-eletrica-electrolux-35l-efficient-visor-glass-por-rita-lobo-cor-preta-220v\/\" class=\"woocommerce-LoopProduct-link woocommerce-loop-product__link\"><div class=\"tp-image-wrapper\"><img decoding=\"async\" class=\"tp-image\" src=\"https:\/\/lucasvasconcelos.com.br\/bumper\/wp-content\/uploads\/2025\/01\/229383-800-auto-300x300.webp\" srcset=\"https:\/\/lucasvasconcelos.com.br\/bumper\/wp-content\/uploads\/2025\/01\/229383-800-auto-300x300.webp 300w, https:\/\/lucasvasconcelos.com.br\/bumper\/wp-content\/uploads\/2025\/01\/229383-800-auto-100x100.webp 100w, https:\/\/lucasvasconcelos.com.br\/bumper\/wp-content\/uploads\/2025\/01\/229383-800-auto-600x600.webp 600w, https:\/\/lucasvasconcelos.com.br\/bumper\/wp-content\/uploads\/2025\/01\/229383-800-auto-150x150.webp 150w, https:\/\/lucasvasconcelos.com.br\/bumper\/wp-content\/uploads\/2025\/01\/229383-800-auto-768x768.webp 768w, https:\/\/lucasvasconcelos.com.br\/bumper\/wp-content\/uploads\/2025\/01\/229383-800-auto.webp 800w\" sizes=\"(max-width: 360px) 100vw, 360px\" alt=\"Panela de Arroz El\u00e9trica Electrolux 3,5L Efficient Visor Glass por Rita Lobo Cor Preta - 220V\"><img decoding=\"async\" class=\"tp-image-hover\" src=\"https:\/\/lucasvasconcelos.com.br\/bumper\/wp-content\/uploads\/2025\/01\/229384-800-auto-300x300.webp\" srcset=\"https:\/\/lucasvasconcelos.com.br\/bumper\/wp-content\/uploads\/2025\/01\/229384-800-auto-300x300.webp 300w, https:\/\/lucasvasconcelos.com.br\/bumper\/wp-content\/uploads\/2025\/01\/229384-800-auto-100x100.webp 100w, https:\/\/lucasvasconcelos.com.br\/bumper\/wp-content\/uploads\/2025\/01\/229384-800-auto-600x600.webp 600w, https:\/\/lucasvasconcelos.com.br\/bumper\/wp-content\/uploads\/2025\/01\/229384-800-auto-150x150.webp 150w, https:\/\/lucasvasconcelos.com.br\/bumper\/wp-content\/uploads\/2025\/01\/229384-800-auto-768x768.webp 768w, https:\/\/lucasvasconcelos.com.br\/bumper\/wp-content\/uploads\/2025\/01\/229384-800-auto.webp 800w\" sizes=\"(max-width: 360px) 100vw, 360px\" alt=\"Panela de Arroz El\u00e9trica Electrolux 3,5L Efficient Visor Glass por Rita Lobo Cor Preta - 220V\"><\/div><a href=\"https:\/\/lucasvasconcelos.com.br\/bumper\/produto\/panela-de-arroz-eletrica-electrolux-35l-efficient-visor-glass-por-rita-lobo-cor-preta-220v\/\"><h2 class=\"woocommerce-loop-product__title\">Panela de Arroz El\u00e9trica Electrolux 3,5L Efficient Visor Glass por Rita Lobo Cor Preta &#8211; 220V<\/h2><\/a>\n\t<span class=\"price\">\r\n\t\t<div class=\"woo-custom-installments-group \">\r\n\t\t\t\r\n\t\t\t\r\n\t\t\t<div class=\"woo-custom-installments-group-main-price \">\r\n\t\t\t\t\t\t\t\t\t\t<span class=\"woo-custom-installments-price\"><span class=\"woocommerce-Price-amount amount\"><bdi><span class=\"woocommerce-Price-currencySymbol\">&#82;&#36;<\/span>276,90<\/bdi><\/span><\/span>\r\n\t\t\t\t\t\t\t\t<\/div>\r\n\r\n\t\t\t <span class=\"woo-custom-installments-card-container\"><span class=\"woo-custom-installments-details-without-fee\" data-end-installments=\"4\"><i class=\"wci-icon-best-installments icon-class fa-regular fa-credit-card\"><\/i><span class=\"woo-custom-installments-details best-value no-fee\">Em at\u00e9 4x de <span class=\"woocommerce-Price-amount amount\"><bdi><span class=\"woocommerce-Price-currencySymbol\">&#82;&#36;<\/span>69,23<\/bdi><\/span>  sem juros<\/span><\/span> <\/span><span class=\"woo-custom-installments-offer\"><i class=\"wci-icon-main-price icon-class fa-brands fa-pix\"><\/i><span class=\"discount-before-price\">\u00c0 vista<\/span><span class=\"discounted-price\"><span class=\"woocommerce-Price-amount amount\"><bdi><span class=\"woocommerce-Price-currencySymbol\">&#82;&#36;<\/span>263,06<\/bdi><\/span><\/span><span class=\"discount-after-price\">no Pix<\/span><\/span>\t\t<\/div>\r\n\r\n\t\t<\/span>\n<\/a><a href=\"\/bumper\/wp-json\/wp\/v2\/pages\/9?add-to-cart=339\" aria-describedby=\"woocommerce_loop_add_to_cart_link_describedby_339\" data-quantity=\"1\" class=\"button aux-ajax-add-to-cart product_type_simple add_to_cart_button\" data-product_id=\"339\" data-product_sku=\"ERC30-220V\" aria-label=\"Adicione ao carrinho: &ldquo;Panela de Arroz El\u00e9trica Electrolux 3,5L Efficient Visor Glass por Rita Lobo Cor Preta - 220V&rdquo;\" rel=\"nofollow\" data-success_message=\"\u201cPanela de Arroz El\u00e9trica Electrolux 3,5L Efficient Visor Glass por Rita Lobo Cor Preta - 220V\u201d foi adicionado ao seu carrinho\" data-product-type=\"simple\" data-verify_nonce=\"652f4b9134\" role=\"button\">Adicionar ao carrinho<\/a>\t<span id=\"woocommerce_loop_add_to_cart_link_describedby_339\" class=\"screen-reader-text\">\n\t\t\t<\/span>\n<\/li>\n<li class=\"product type-product post-340 status-publish last instock product_cat-arrozeira product_cat-eletroportateis product_cat-para-cozinha has-post-thumbnail shipping-taxable purchasable product-type-simple aux-remove-view-cart\">\n\t<div class=\"tinv-wraper woocommerce tinv-wishlist auxshp-wishlist-wrapper tinvwl-above_thumb-add-to-cart tinvwl-loop-button-wrapper tinvwl-woocommerce_before_shop_loop_item\"\n\t data-product_id=\"340\">\n\t<a role=\"button\" tabindex=\"0\" name=\"adicionar-lista-de-desejos\" aria-label=\"Adicionar &agrave; lista de desejos\" class=\"tinvwl_add_to_wishlist_button auxshp-wishlist   no-txt tinvwl-product-already-on-wishlist  tinvwl-position-above_thumb tinvwl-loop\" data-tinv-wl-list=\"[]\" data-tinv-wl-product=\"340\" data-tinv-wl-productvariation=\"0\" data-tinv-wl-productvariations=\"[]\" data-tinv-wl-producttype=\"simple\" data-tinv-wl-action=\"add\"><span class=\"aux-wishlist-icon aux-ico auxicon-heart-small-outline\"><\/span><\/a>\t\t<div class=\"tinvwl-tooltip\">Adicionar &agrave; lista de desejos<\/div>\n<\/div>\n<a href=\"https:\/\/lucasvasconcelos.com.br\/bumper\/produto\/panela-de-arroz-eletrica-electrolux-35l-efficient-2-em-1-por-rita-lobo-cor-inox-127v\/\" class=\"woocommerce-LoopProduct-link woocommerce-loop-product__link\"><div class=\"tp-image-wrapper\"><img decoding=\"async\" class=\"tp-image\" src=\"https:\/\/lucasvasconcelos.com.br\/bumper\/wp-content\/uploads\/2025\/01\/229372-800-auto-300x300.webp\" srcset=\"https:\/\/lucasvasconcelos.com.br\/bumper\/wp-content\/uploads\/2025\/01\/229372-800-auto-300x300.webp 300w, https:\/\/lucasvasconcelos.com.br\/bumper\/wp-content\/uploads\/2025\/01\/229372-800-auto-100x100.webp 100w, https:\/\/lucasvasconcelos.com.br\/bumper\/wp-content\/uploads\/2025\/01\/229372-800-auto-600x600.webp 600w, https:\/\/lucasvasconcelos.com.br\/bumper\/wp-content\/uploads\/2025\/01\/229372-800-auto-150x150.webp 150w, https:\/\/lucasvasconcelos.com.br\/bumper\/wp-content\/uploads\/2025\/01\/229372-800-auto-768x768.webp 768w, https:\/\/lucasvasconcelos.com.br\/bumper\/wp-content\/uploads\/2025\/01\/229372-800-auto.webp 800w\" sizes=\"(max-width: 360px) 100vw, 360px\" alt=\"Panela de Arroz El\u00e9trica Electrolux 3,5L Efficient 2 em 1 por Rita Lobo Cor Inox - 127V\"><img decoding=\"async\" class=\"tp-image-hover\" src=\"https:\/\/lucasvasconcelos.com.br\/bumper\/wp-content\/uploads\/2025\/01\/229373-800-auto-300x300.webp\" srcset=\"https:\/\/lucasvasconcelos.com.br\/bumper\/wp-content\/uploads\/2025\/01\/229373-800-auto-300x300.webp 300w, https:\/\/lucasvasconcelos.com.br\/bumper\/wp-content\/uploads\/2025\/01\/229373-800-auto-100x100.webp 100w, https:\/\/lucasvasconcelos.com.br\/bumper\/wp-content\/uploads\/2025\/01\/229373-800-auto-600x600.webp 600w, https:\/\/lucasvasconcelos.com.br\/bumper\/wp-content\/uploads\/2025\/01\/229373-800-auto-150x150.webp 150w, https:\/\/lucasvasconcelos.com.br\/bumper\/wp-content\/uploads\/2025\/01\/229373-800-auto-768x768.webp 768w, https:\/\/lucasvasconcelos.com.br\/bumper\/wp-content\/uploads\/2025\/01\/229373-800-auto.webp 800w\" sizes=\"(max-width: 360px) 100vw, 360px\" alt=\"Panela de Arroz El\u00e9trica Electrolux 3,5L Efficient 2 em 1 por Rita Lobo Cor Inox - 127V\"><\/div><a href=\"https:\/\/lucasvasconcelos.com.br\/bumper\/produto\/panela-de-arroz-eletrica-electrolux-35l-efficient-2-em-1-por-rita-lobo-cor-inox-127v\/\"><h2 class=\"woocommerce-loop-product__title\">Panela de Arroz El\u00e9trica Electrolux 3,5L Efficient 2 em 1 por Rita Lobo Cor Inox &#8211; 127V<\/h2><\/a>\n\t<span class=\"price\">\r\n\t\t<div class=\"woo-custom-installments-group \">\r\n\t\t\t\r\n\t\t\t\r\n\t\t\t<div class=\"woo-custom-installments-group-main-price \">\r\n\t\t\t\t\t\t\t\t\t\t<span class=\"woo-custom-installments-price\"><span class=\"woocommerce-Price-amount amount\"><bdi><span class=\"woocommerce-Price-currencySymbol\">&#82;&#36;<\/span>250,90<\/bdi><\/span><\/span>\r\n\t\t\t\t\t\t\t\t<\/div>\r\n\r\n\t\t\t <span class=\"woo-custom-installments-card-container\"><span class=\"woo-custom-installments-details-without-fee\" data-end-installments=\"4\"><i class=\"wci-icon-best-installments icon-class fa-regular fa-credit-card\"><\/i><span class=\"woo-custom-installments-details best-value no-fee\">Em at\u00e9 4x de <span class=\"woocommerce-Price-amount amount\"><bdi><span class=\"woocommerce-Price-currencySymbol\">&#82;&#36;<\/span>62,73<\/bdi><\/span>  sem juros<\/span><\/span> <\/span><span class=\"woo-custom-installments-offer\"><i class=\"wci-icon-main-price icon-class fa-brands fa-pix\"><\/i><span class=\"discount-before-price\">\u00c0 vista<\/span><span class=\"discounted-price\"><span class=\"woocommerce-Price-amount amount\"><bdi><span class=\"woocommerce-Price-currencySymbol\">&#82;&#36;<\/span>238,36<\/bdi><\/span><\/span><span class=\"discount-after-price\">no Pix<\/span><\/span>\t\t<\/div>\r\n\r\n\t\t<\/span>\n<\/a><a href=\"\/bumper\/wp-json\/wp\/v2\/pages\/9?add-to-cart=340\" aria-describedby=\"woocommerce_loop_add_to_cart_link_describedby_340\" data-quantity=\"1\" class=\"button aux-ajax-add-to-cart product_type_simple add_to_cart_button\" data-product_id=\"340\" data-product_sku=\"ERC20-110V\" aria-label=\"Adicione ao carrinho: &ldquo;Panela de Arroz El\u00e9trica Electrolux 3,5L Efficient 2 em 1 por Rita Lobo Cor Inox - 127V&rdquo;\" rel=\"nofollow\" data-success_message=\"\u201cPanela de Arroz El\u00e9trica Electrolux 3,5L Efficient 2 em 1 por Rita Lobo Cor Inox - 127V\u201d foi adicionado ao seu carrinho\" data-product-type=\"simple\" data-verify_nonce=\"ed9193b25a\" role=\"button\">Adicionar ao carrinho<\/a>\t<span id=\"woocommerce_loop_add_to_cart_link_describedby_340\" class=\"screen-reader-text\">\n\t\t\t<\/span>\n<\/li>\n<li class=\"product type-product post-341 status-publish first instock product_cat-arrozeira product_cat-eletroportateis product_cat-para-cozinha has-post-thumbnail shipping-taxable purchasable product-type-simple aux-remove-view-cart\">\n\t<div class=\"tinv-wraper woocommerce tinv-wishlist auxshp-wishlist-wrapper tinvwl-above_thumb-add-to-cart tinvwl-loop-button-wrapper tinvwl-woocommerce_before_shop_loop_item\"\n\t data-product_id=\"341\">\n\t<a role=\"button\" tabindex=\"0\" name=\"adicionar-lista-de-desejos\" aria-label=\"Adicionar &agrave; lista de desejos\" class=\"tinvwl_add_to_wishlist_button auxshp-wishlist   no-txt tinvwl-product-already-on-wishlist  tinvwl-position-above_thumb tinvwl-loop\" data-tinv-wl-list=\"[]\" data-tinv-wl-product=\"341\" data-tinv-wl-productvariation=\"0\" data-tinv-wl-productvariations=\"[]\" data-tinv-wl-producttype=\"simple\" data-tinv-wl-action=\"add\"><span class=\"aux-wishlist-icon aux-ico auxicon-heart-small-outline\"><\/span><\/a>\t\t<div class=\"tinvwl-tooltip\">Adicionar &agrave; lista de desejos<\/div>\n<\/div>\n<a href=\"https:\/\/lucasvasconcelos.com.br\/bumper\/produto\/panela-de-arroz-eletrica-electrolux-35l-efficient-2-em-1-por-rita-lobo-cor-inox-220v\/\" class=\"woocommerce-LoopProduct-link woocommerce-loop-product__link\"><div class=\"tp-image-wrapper\"><img decoding=\"async\" class=\"tp-image\" src=\"https:\/\/lucasvasconcelos.com.br\/bumper\/wp-content\/uploads\/2025\/01\/229372-800-auto-300x300.webp\" srcset=\"https:\/\/lucasvasconcelos.com.br\/bumper\/wp-content\/uploads\/2025\/01\/229372-800-auto-300x300.webp 300w, https:\/\/lucasvasconcelos.com.br\/bumper\/wp-content\/uploads\/2025\/01\/229372-800-auto-100x100.webp 100w, https:\/\/lucasvasconcelos.com.br\/bumper\/wp-content\/uploads\/2025\/01\/229372-800-auto-600x600.webp 600w, https:\/\/lucasvasconcelos.com.br\/bumper\/wp-content\/uploads\/2025\/01\/229372-800-auto-150x150.webp 150w, https:\/\/lucasvasconcelos.com.br\/bumper\/wp-content\/uploads\/2025\/01\/229372-800-auto-768x768.webp 768w, https:\/\/lucasvasconcelos.com.br\/bumper\/wp-content\/uploads\/2025\/01\/229372-800-auto.webp 800w\" sizes=\"(max-width: 360px) 100vw, 360px\" alt=\"Panela de Arroz El\u00e9trica Electrolux 3,5L Efficient 2 em 1 por Rita Lobo Cor Inox - 220V\"><img decoding=\"async\" class=\"tp-image-hover\" src=\"https:\/\/lucasvasconcelos.com.br\/bumper\/wp-content\/uploads\/2025\/01\/229373-800-auto-300x300.webp\" srcset=\"https:\/\/lucasvasconcelos.com.br\/bumper\/wp-content\/uploads\/2025\/01\/229373-800-auto-300x300.webp 300w, https:\/\/lucasvasconcelos.com.br\/bumper\/wp-content\/uploads\/2025\/01\/229373-800-auto-100x100.webp 100w, https:\/\/lucasvasconcelos.com.br\/bumper\/wp-content\/uploads\/2025\/01\/229373-800-auto-600x600.webp 600w, https:\/\/lucasvasconcelos.com.br\/bumper\/wp-content\/uploads\/2025\/01\/229373-800-auto-150x150.webp 150w, https:\/\/lucasvasconcelos.com.br\/bumper\/wp-content\/uploads\/2025\/01\/229373-800-auto-768x768.webp 768w, https:\/\/lucasvasconcelos.com.br\/bumper\/wp-content\/uploads\/2025\/01\/229373-800-auto.webp 800w\" sizes=\"(max-width: 360px) 100vw, 360px\" alt=\"Panela de Arroz El\u00e9trica Electrolux 3,5L Efficient 2 em 1 por Rita Lobo Cor Inox - 220V\"><\/div><a href=\"https:\/\/lucasvasconcelos.com.br\/bumper\/produto\/panela-de-arroz-eletrica-electrolux-35l-efficient-2-em-1-por-rita-lobo-cor-inox-220v\/\"><h2 class=\"woocommerce-loop-product__title\">Panela de Arroz El\u00e9trica Electrolux 3,5L Efficient 2 em 1 por Rita Lobo Cor Inox &#8211; 220V<\/h2><\/a>\n\t<span class=\"price\">\r\n\t\t<div class=\"woo-custom-installments-group \">\r\n\t\t\t\r\n\t\t\t\r\n\t\t\t<div class=\"woo-custom-installments-group-main-price \">\r\n\t\t\t\t\t\t\t\t\t\t<span class=\"woo-custom-installments-price\"><span class=\"woocommerce-Price-amount amount\"><bdi><span class=\"woocommerce-Price-currencySymbol\">&#82;&#36;<\/span>250,90<\/bdi><\/span><\/span>\r\n\t\t\t\t\t\t\t\t<\/div>\r\n\r\n\t\t\t <span class=\"woo-custom-installments-card-container\"><span class=\"woo-custom-installments-details-without-fee\" data-end-installments=\"4\"><i class=\"wci-icon-best-installments icon-class fa-regular fa-credit-card\"><\/i><span class=\"woo-custom-installments-details best-value no-fee\">Em at\u00e9 4x de <span class=\"woocommerce-Price-amount amount\"><bdi><span class=\"woocommerce-Price-currencySymbol\">&#82;&#36;<\/span>62,73<\/bdi><\/span>  sem juros<\/span><\/span> <\/span><span class=\"woo-custom-installments-offer\"><i class=\"wci-icon-main-price icon-class fa-brands fa-pix\"><\/i><span class=\"discount-before-price\">\u00c0 vista<\/span><span class=\"discounted-price\"><span class=\"woocommerce-Price-amount amount\"><bdi><span class=\"woocommerce-Price-currencySymbol\">&#82;&#36;<\/span>238,36<\/bdi><\/span><\/span><span class=\"discount-after-price\">no Pix<\/span><\/span>\t\t<\/div>\r\n\r\n\t\t<\/span>\n<\/a><a href=\"\/bumper\/wp-json\/wp\/v2\/pages\/9?add-to-cart=341\" aria-describedby=\"woocommerce_loop_add_to_cart_link_describedby_341\" data-quantity=\"1\" class=\"button aux-ajax-add-to-cart product_type_simple add_to_cart_button\" data-product_id=\"341\" data-product_sku=\"ERC20-220V\" aria-label=\"Adicione ao carrinho: &ldquo;Panela de Arroz El\u00e9trica Electrolux 3,5L Efficient 2 em 1 por Rita Lobo Cor Inox - 220V&rdquo;\" rel=\"nofollow\" data-success_message=\"\u201cPanela de Arroz El\u00e9trica Electrolux 3,5L Efficient 2 em 1 por Rita Lobo Cor Inox - 220V\u201d foi adicionado ao seu carrinho\" data-product-type=\"simple\" data-verify_nonce=\"1d7fbd67de\" role=\"button\">Adicionar ao carrinho<\/a>\t<span id=\"woocommerce_loop_add_to_cart_link_describedby_341\" class=\"screen-reader-text\">\n\t\t\t<\/span>\n<\/li>\n<li class=\"product type-product post-345 status-publish instock product_cat-arrozeira product_cat-eletroportateis product_cat-para-cozinha product_tag-novos-produtos has-post-thumbnail shipping-taxable purchasable product-type-simple aux-remove-view-cart\">\n\t<div class=\"tinv-wraper woocommerce tinv-wishlist auxshp-wishlist-wrapper tinvwl-above_thumb-add-to-cart tinvwl-loop-button-wrapper tinvwl-woocommerce_before_shop_loop_item\"\n\t data-product_id=\"345\">\n\t<a role=\"button\" tabindex=\"0\" name=\"adicionar-lista-de-desejos\" aria-label=\"Adicionar &agrave; lista de desejos\" class=\"tinvwl_add_to_wishlist_button auxshp-wishlist   no-txt tinvwl-product-already-on-wishlist  tinvwl-position-above_thumb tinvwl-loop\" data-tinv-wl-list=\"[]\" data-tinv-wl-product=\"345\" data-tinv-wl-productvariation=\"0\" data-tinv-wl-productvariations=\"[]\" data-tinv-wl-producttype=\"simple\" data-tinv-wl-action=\"add\"><span class=\"aux-wishlist-icon aux-ico auxicon-heart-small-outline\"><\/span><\/a>\t\t<div class=\"tinvwl-tooltip\">Adicionar &agrave; lista de desejos<\/div>\n<\/div>\n<a href=\"https:\/\/lucasvasconcelos.com.br\/bumper\/produto\/panela-de-arroz-eletrica-agratto-6-xicaras-cor-branca-pa6x-127v\/\" class=\"woocommerce-LoopProduct-link woocommerce-loop-product__link\"><div class=\"tp-image-wrapper\"><img decoding=\"async\" class=\"tp-image\" src=\"https:\/\/lucasvasconcelos.com.br\/bumper\/wp-content\/uploads\/2025\/01\/2090344900-1587768118-300x300.jpg\" srcset=\"https:\/\/lucasvasconcelos.com.br\/bumper\/wp-content\/uploads\/2025\/01\/2090344900-1587768118-300x300.jpg 300w, https:\/\/lucasvasconcelos.com.br\/bumper\/wp-content\/uploads\/2025\/01\/2090344900-1587768118-100x100.jpg 100w, https:\/\/lucasvasconcelos.com.br\/bumper\/wp-content\/uploads\/2025\/01\/2090344900-1587768118-800x800.jpg 800w, https:\/\/lucasvasconcelos.com.br\/bumper\/wp-content\/uploads\/2025\/01\/2090344900-1587768118-150x150.jpg 150w, https:\/\/lucasvasconcelos.com.br\/bumper\/wp-content\/uploads\/2025\/01\/2090344900-1587768118-768x768.jpg 768w, https:\/\/lucasvasconcelos.com.br\/bumper\/wp-content\/uploads\/2025\/01\/2090344900-1587768118.jpg 1000w\" sizes=\"(max-width: 360px) 100vw, 360px\" alt=\"Panela de Arroz El\u00e9trica Agratto 6 X\u00edcaras Cor Branca (PA6X) - 127V\"><img decoding=\"async\" class=\"tp-image-hover\" src=\"https:\/\/lucasvasconcelos.com.br\/bumper\/wp-content\/uploads\/2025\/01\/2090344899-1587768118-300x300.jpg\" srcset=\"https:\/\/lucasvasconcelos.com.br\/bumper\/wp-content\/uploads\/2025\/01\/2090344899-1587768118-300x300.jpg 300w, https:\/\/lucasvasconcelos.com.br\/bumper\/wp-content\/uploads\/2025\/01\/2090344899-1587768118-100x100.jpg 100w, https:\/\/lucasvasconcelos.com.br\/bumper\/wp-content\/uploads\/2025\/01\/2090344899-1587768118-800x800.jpg 800w, https:\/\/lucasvasconcelos.com.br\/bumper\/wp-content\/uploads\/2025\/01\/2090344899-1587768118-150x150.jpg 150w, https:\/\/lucasvasconcelos.com.br\/bumper\/wp-content\/uploads\/2025\/01\/2090344899-1587768118-768x768.jpg 768w, https:\/\/lucasvasconcelos.com.br\/bumper\/wp-content\/uploads\/2025\/01\/2090344899-1587768118.jpg 1000w\" sizes=\"(max-width: 360px) 100vw, 360px\" alt=\"Panela de Arroz El\u00e9trica Agratto 6 X\u00edcaras Cor Branca (PA6X) - 127V\"><\/div><a href=\"https:\/\/lucasvasconcelos.com.br\/bumper\/produto\/panela-de-arroz-eletrica-agratto-6-xicaras-cor-branca-pa6x-127v\/\"><h2 class=\"woocommerce-loop-product__title\">Panela de Arroz El\u00e9trica Agratto 6 X\u00edcaras Cor Branca (PA6X) &#8211; 127V<\/h2><\/a>\n\t<span class=\"price\">\r\n\t\t<div class=\"woo-custom-installments-group \">\r\n\t\t\t\r\n\t\t\t\r\n\t\t\t<div class=\"woo-custom-installments-group-main-price \">\r\n\t\t\t\t\t\t\t\t\t\t<span class=\"woo-custom-installments-price\"><span class=\"woocommerce-Price-amount amount\"><bdi><span class=\"woocommerce-Price-currencySymbol\">&#82;&#36;<\/span>136,90<\/bdi><\/span><\/span>\r\n\t\t\t\t\t\t\t\t<\/div>\r\n\r\n\t\t\t <span class=\"woo-custom-installments-card-container\"><span class=\"woo-custom-installments-details-without-fee\" data-end-installments=\"4\"><i class=\"wci-icon-best-installments icon-class fa-regular fa-credit-card\"><\/i><span class=\"woo-custom-installments-details best-value no-fee\">Em at\u00e9 4x de <span class=\"woocommerce-Price-amount amount\"><bdi><span class=\"woocommerce-Price-currencySymbol\">&#82;&#36;<\/span>34,23<\/bdi><\/span>  sem juros<\/span><\/span> <\/span><span class=\"woo-custom-installments-offer\"><i class=\"wci-icon-main-price icon-class fa-brands fa-pix\"><\/i><span class=\"discount-before-price\">\u00c0 vista<\/span><span class=\"discounted-price\"><span class=\"woocommerce-Price-amount amount\"><bdi><span class=\"woocommerce-Price-currencySymbol\">&#82;&#36;<\/span>130,06<\/bdi><\/span><\/span><span class=\"discount-after-price\">no Pix<\/span><\/span>\t\t<\/div>\r\n\r\n\t\t<\/span>\n<\/a><a href=\"\/bumper\/wp-json\/wp\/v2\/pages\/9?add-to-cart=345\" aria-describedby=\"woocommerce_loop_add_to_cart_link_describedby_345\" data-quantity=\"1\" class=\"button aux-ajax-add-to-cart product_type_simple add_to_cart_button\" data-product_id=\"345\" data-product_sku=\"PA6X-BRANCO-127V\" aria-label=\"Adicione ao carrinho: &ldquo;Panela de Arroz El\u00e9trica Agratto 6 X\u00edcaras Cor Branca (PA6X) - 127V&rdquo;\" rel=\"nofollow\" data-success_message=\"\u201cPanela de Arroz El\u00e9trica Agratto 6 X\u00edcaras Cor Branca (PA6X) - 127V\u201d foi adicionado ao seu carrinho\" data-product-type=\"simple\" data-verify_nonce=\"91eeeb7a52\" role=\"button\">Adicionar ao carrinho<\/a>\t<span id=\"woocommerce_loop_add_to_cart_link_describedby_345\" class=\"screen-reader-text\">\n\t\t\t<\/span>\n<\/li>\n<li class=\"product type-product post-348 status-publish instock product_cat-acessorios-para-lavadoras product_cat-para-cozinha product_cat-pecas-e-acessorios product_tag-acessorios-para-lavadoras has-post-thumbnail shipping-taxable purchasable product-type-simple aux-remove-view-cart\">\n\t<div class=\"tinv-wraper woocommerce tinv-wishlist auxshp-wishlist-wrapper tinvwl-above_thumb-add-to-cart tinvwl-loop-button-wrapper tinvwl-woocommerce_before_shop_loop_item\"\n\t data-product_id=\"348\">\n\t<a role=\"button\" tabindex=\"0\" name=\"adicionar-lista-de-desejos\" aria-label=\"Adicionar &agrave; lista de desejos\" class=\"tinvwl_add_to_wishlist_button auxshp-wishlist   no-txt tinvwl-product-already-on-wishlist  tinvwl-position-above_thumb tinvwl-loop\" data-tinv-wl-list=\"[]\" data-tinv-wl-product=\"348\" data-tinv-wl-productvariation=\"0\" data-tinv-wl-productvariations=\"[]\" data-tinv-wl-producttype=\"simple\" data-tinv-wl-action=\"add\"><span class=\"aux-wishlist-icon aux-ico auxicon-heart-small-outline\"><\/span><\/a>\t\t<div class=\"tinvwl-tooltip\">Adicionar &agrave; lista de desejos<\/div>\n<\/div>\n<a href=\"https:\/\/lucasvasconcelos.com.br\/bumper\/produto\/capa-para-maquina-de-lavar-electrolux-10kg-a-16kg-cor-cinza\/\" class=\"woocommerce-LoopProduct-link woocommerce-loop-product__link\"><div class=\"tp-image-wrapper\"><img decoding=\"async\" class=\"tp-image\" src=\"https:\/\/lucasvasconcelos.com.br\/bumper\/wp-content\/uploads\/2025\/01\/215181-800-auto-300x300.webp\" srcset=\"https:\/\/lucasvasconcelos.com.br\/bumper\/wp-content\/uploads\/2025\/01\/215181-800-auto-300x300.webp 300w, https:\/\/lucasvasconcelos.com.br\/bumper\/wp-content\/uploads\/2025\/01\/215181-800-auto-100x100.webp 100w, https:\/\/lucasvasconcelos.com.br\/bumper\/wp-content\/uploads\/2025\/01\/215181-800-auto-150x150.webp 150w, https:\/\/lucasvasconcelos.com.br\/bumper\/wp-content\/uploads\/2025\/01\/215181-800-auto-768x768.webp 768w, https:\/\/lucasvasconcelos.com.br\/bumper\/wp-content\/uploads\/2025\/01\/215181-800-auto-200x200.webp 200w, https:\/\/lucasvasconcelos.com.br\/bumper\/wp-content\/uploads\/2025\/01\/215181-800-auto-600x600.webp 600w, https:\/\/lucasvasconcelos.com.br\/bumper\/wp-content\/uploads\/2025\/01\/215181-800-auto.webp 800w\" sizes=\"(max-width: 360px) 100vw, 360px\" alt=\"Capa para M\u00e1quina de Lavar Electrolux 10kg a 16kg Cor Cinza\"><img decoding=\"async\" class=\"tp-image-hover\" src=\"https:\/\/lucasvasconcelos.com.br\/bumper\/wp-content\/uploads\/2025\/01\/200719-800-auto-300x300.webp\" srcset=\"https:\/\/lucasvasconcelos.com.br\/bumper\/wp-content\/uploads\/2025\/01\/200719-800-auto-300x300.webp 300w, https:\/\/lucasvasconcelos.com.br\/bumper\/wp-content\/uploads\/2025\/01\/200719-800-auto-100x100.webp 100w, https:\/\/lucasvasconcelos.com.br\/bumper\/wp-content\/uploads\/2025\/01\/200719-800-auto-150x150.webp 150w, https:\/\/lucasvasconcelos.com.br\/bumper\/wp-content\/uploads\/2025\/01\/200719-800-auto-768x768.webp 768w, https:\/\/lucasvasconcelos.com.br\/bumper\/wp-content\/uploads\/2025\/01\/200719-800-auto-200x200.webp 200w, https:\/\/lucasvasconcelos.com.br\/bumper\/wp-content\/uploads\/2025\/01\/200719-800-auto-600x600.webp 600w, https:\/\/lucasvasconcelos.com.br\/bumper\/wp-content\/uploads\/2025\/01\/200719-800-auto.webp 800w\" sizes=\"(max-width: 360px) 100vw, 360px\" alt=\"Capa para M\u00e1quina de Lavar Electrolux 10kg a 16kg Cor Cinza\"><\/div><a href=\"https:\/\/lucasvasconcelos.com.br\/bumper\/produto\/capa-para-maquina-de-lavar-electrolux-10kg-a-16kg-cor-cinza\/\"><h2 class=\"woocommerce-loop-product__title\">Capa para M\u00e1quina de Lavar Electrolux 10kg a 16kg Cor Cinza<\/h2><\/a>\n\t<span class=\"price\">\r\n\t\t<div class=\"woo-custom-installments-group \">\r\n\t\t\t\r\n\t\t\t\r\n\t\t\t<div class=\"woo-custom-installments-group-main-price \">\r\n\t\t\t\t\t\t\t\t\t\t<span class=\"woo-custom-installments-price\"><span class=\"woocommerce-Price-amount amount\"><bdi><span class=\"woocommerce-Price-currencySymbol\">&#82;&#36;<\/span>68,90<\/bdi><\/span><\/span>\r\n\t\t\t\t\t\t\t\t<\/div>\r\n\r\n\t\t\t <span class=\"woo-custom-installments-card-container\"><span class=\"woo-custom-installments-details-without-fee\" data-end-installments=\"3\"><i class=\"wci-icon-best-installments icon-class fa-regular fa-credit-card\"><\/i><span class=\"woo-custom-installments-details best-value no-fee\">Em at\u00e9 3x de <span class=\"woocommerce-Price-amount amount\"><bdi><span class=\"woocommerce-Price-currencySymbol\">&#82;&#36;<\/span>22,97<\/bdi><\/span>  sem juros<\/span><\/span> <\/span><span class=\"woo-custom-installments-offer\"><i class=\"wci-icon-main-price icon-class fa-brands fa-pix\"><\/i><span class=\"discount-before-price\">\u00c0 vista<\/span><span class=\"discounted-price\"><span class=\"woocommerce-Price-amount amount\"><bdi><span class=\"woocommerce-Price-currencySymbol\">&#82;&#36;<\/span>65,46<\/bdi><\/span><\/span><span class=\"discount-after-price\">no Pix<\/span><\/span>\t\t<\/div>\r\n\r\n\t\t<\/span>\n<\/a><a href=\"\/bumper\/wp-json\/wp\/v2\/pages\/9?add-to-cart=348\" aria-describedby=\"woocommerce_loop_add_to_cart_link_describedby_348\" data-quantity=\"1\" class=\"button aux-ajax-add-to-cart product_type_simple add_to_cart_button\" data-product_id=\"348\" data-product_sku=\"41036669\" aria-label=\"Adicione ao carrinho: &ldquo;Capa para M\u00e1quina de Lavar Electrolux 10kg a 16kg Cor Cinza&rdquo;\" rel=\"nofollow\" data-success_message=\"\u201cCapa para M\u00e1quina de Lavar Electrolux 10kg a 16kg Cor Cinza\u201d foi adicionado ao seu carrinho\" data-product-type=\"simple\" data-verify_nonce=\"49457226f8\" role=\"button\">Adicionar ao carrinho<\/a>\t<span id=\"woocommerce_loop_add_to_cart_link_describedby_348\" class=\"screen-reader-text\">\n\t\t\t<\/span>\n<\/li>\n<li class=\"product type-product post-355 status-publish last instock product_cat-barbeador product_cat-cuidados-pessoais has-post-thumbnail shipping-taxable purchasable product-type-simple aux-remove-view-cart\">\n\t<div class=\"tinv-wraper woocommerce tinv-wishlist auxshp-wishlist-wrapper tinvwl-above_thumb-add-to-cart tinvwl-loop-button-wrapper tinvwl-woocommerce_before_shop_loop_item\"\n\t data-product_id=\"355\">\n\t<a role=\"button\" tabindex=\"0\" name=\"adicionar-lista-de-desejos\" aria-label=\"Adicionar &agrave; lista de desejos\" class=\"tinvwl_add_to_wishlist_button auxshp-wishlist   no-txt tinvwl-product-already-on-wishlist  tinvwl-position-above_thumb tinvwl-loop\" data-tinv-wl-list=\"[]\" data-tinv-wl-product=\"355\" data-tinv-wl-productvariation=\"0\" data-tinv-wl-productvariations=\"[]\" data-tinv-wl-producttype=\"simple\" data-tinv-wl-action=\"add\"><span class=\"aux-wishlist-icon aux-ico auxicon-heart-small-outline\"><\/span><\/a>\t\t<div class=\"tinvwl-tooltip\">Adicionar &agrave; lista de desejos<\/div>\n<\/div>\n<a href=\"https:\/\/lucasvasconcelos.com.br\/bumper\/produto\/aparador-de-pelos-philips-serie-3000-mg3721-77-7-em-1-bivolt\/\" class=\"woocommerce-LoopProduct-link woocommerce-loop-product__link\"><div class=\"tp-image-wrapper\"><img decoding=\"async\" class=\"tp-image\" src=\"https:\/\/lucasvasconcelos.com.br\/bumper\/wp-content\/uploads\/2025\/01\/2218362_02-300x300.webp\" srcset=\"https:\/\/lucasvasconcelos.com.br\/bumper\/wp-content\/uploads\/2025\/01\/2218362_02-300x300.webp 300w, https:\/\/lucasvasconcelos.com.br\/bumper\/wp-content\/uploads\/2025\/01\/2218362_02-100x100.webp 100w, https:\/\/lucasvasconcelos.com.br\/bumper\/wp-content\/uploads\/2025\/01\/2218362_02-150x150.webp 150w, https:\/\/lucasvasconcelos.com.br\/bumper\/wp-content\/uploads\/2025\/01\/2218362_02-200x200.webp 200w, https:\/\/lucasvasconcelos.com.br\/bumper\/wp-content\/uploads\/2025\/01\/2218362_02.webp 360w\" sizes=\"(max-width: 360px) 100vw, 360px\" alt=\"Aparador De Pelos Philips Serie 3000 MG3721\/77 7 Em 1  Bivolt\"><img decoding=\"async\" class=\"tp-image-hover\" src=\"https:\/\/lucasvasconcelos.com.br\/bumper\/wp-content\/uploads\/2025\/01\/D_NQ_NP_2X_807602-MLU72645321119_112023-F-300x300.webp\" srcset=\"https:\/\/lucasvasconcelos.com.br\/bumper\/wp-content\/uploads\/2025\/01\/D_NQ_NP_2X_807602-MLU72645321119_112023-F-300x300.webp 300w, https:\/\/lucasvasconcelos.com.br\/bumper\/wp-content\/uploads\/2025\/01\/D_NQ_NP_2X_807602-MLU72645321119_112023-F-100x100.webp 100w, https:\/\/lucasvasconcelos.com.br\/bumper\/wp-content\/uploads\/2025\/01\/D_NQ_NP_2X_807602-MLU72645321119_112023-F-150x150.webp 150w\" sizes=\"(max-width: 360px) 100vw, 360px\" alt=\"Aparador De Pelos Philips Serie 3000 MG3721\/77 7 Em 1  Bivolt\"><\/div><a href=\"https:\/\/lucasvasconcelos.com.br\/bumper\/produto\/aparador-de-pelos-philips-serie-3000-mg3721-77-7-em-1-bivolt\/\"><h2 class=\"woocommerce-loop-product__title\">Aparador De Pelos Philips Serie 3000 MG3721\/77 7 Em 1  Bivolt<\/h2><\/a>\n\t<span class=\"price\">\r\n\t\t<div class=\"woo-custom-installments-group \">\r\n\t\t\t\r\n\t\t\t\r\n\t\t\t<div class=\"woo-custom-installments-group-main-price \">\r\n\t\t\t\t\t\t\t\t\t\t<span class=\"woo-custom-installments-price\"><span class=\"woocommerce-Price-amount amount\"><bdi><span class=\"woocommerce-Price-currencySymbol\">&#82;&#36;<\/span>140,90<\/bdi><\/span><\/span>\r\n\t\t\t\t\t\t\t\t<\/div>\r\n\r\n\t\t\t <span class=\"woo-custom-installments-card-container\"><span class=\"woo-custom-installments-details-without-fee\" data-end-installments=\"4\"><i class=\"wci-icon-best-installments icon-class fa-regular fa-credit-card\"><\/i><span class=\"woo-custom-installments-details best-value no-fee\">Em at\u00e9 4x de <span class=\"woocommerce-Price-amount amount\"><bdi><span class=\"woocommerce-Price-currencySymbol\">&#82;&#36;<\/span>35,23<\/bdi><\/span>  sem juros<\/span><\/span> <\/span><span class=\"woo-custom-installments-offer\"><i class=\"wci-icon-main-price icon-class fa-brands fa-pix\"><\/i><span class=\"discount-before-price\">\u00c0 vista<\/span><span class=\"discounted-price\"><span class=\"woocommerce-Price-amount amount\"><bdi><span class=\"woocommerce-Price-currencySymbol\">&#82;&#36;<\/span>133,86<\/bdi><\/span><\/span><span class=\"discount-after-price\">no Pix<\/span><\/span>\t\t<\/div>\r\n\r\n\t\t<\/span>\n<\/a><a href=\"\/bumper\/wp-json\/wp\/v2\/pages\/9?add-to-cart=355\" aria-describedby=\"woocommerce_loop_add_to_cart_link_describedby_355\" data-quantity=\"1\" class=\"button aux-ajax-add-to-cart product_type_simple add_to_cart_button\" data-product_id=\"355\" data-product_sku=\"MG3721\" aria-label=\"Adicione ao carrinho: &ldquo;Aparador De Pelos Philips Serie 3000 MG3721\/77 7 Em 1  Bivolt&rdquo;\" rel=\"nofollow\" data-success_message=\"\u201cAparador De Pelos Philips Serie 3000 MG3721\/77 7 Em 1  Bivolt\u201d foi adicionado ao seu carrinho\" data-product-type=\"simple\" data-verify_nonce=\"e43bf43d1b\" role=\"button\">Adicionar ao carrinho<\/a>\t<span id=\"woocommerce_loop_add_to_cart_link_describedby_355\" class=\"screen-reader-text\">\n\t\t\t<\/span>\n<\/li>\n<\/ul>\n<\/div><\/div>\n\t\t\t\t\t\t<\/div>\n\t\t\t\t<\/div>\n\t\t\t\t<\/div>\n\t\t<div class=\"aux-parallax-section elementor-element elementor-element-1e55fdf e-con-full elementor-hidden-mobile e-flex e-con e-parent\" data-id=\"1e55fdf\" data-element_type=\"container\" data-e-type=\"container\">\n\t\t<div class=\"elementor-element elementor-element-35eafe0 e-con-full e-flex e-con e-child\" data-id=\"35eafe0\" data-element_type=\"container\" data-e-type=\"container\">\n\t\t\t\t<div class=\"elementor-element elementor-element-14de247 elementor-widget elementor-widget-shortcode\" data-id=\"14de247\" data-element_type=\"widget\" data-e-type=\"widget\" data-widget_type=\"shortcode.default\">\n\t\t\t\t<div class=\"elementor-widget-container\">\n\t\t\t\t\t\t\t<div class=\"elementor-shortcode\"><div class=\"woocommerce columns-5 \"><span class=\"wpfHidden\" data-shortcode-attribute=\"{&quot;limit&quot;:&quot;5&quot;,&quot;columns&quot;:&quot;5&quot;,&quot;rows&quot;:&quot;&quot;,&quot;orderby&quot;:&quot;date&quot;,&quot;order&quot;:&quot;DESC&quot;,&quot;ids&quot;:&quot;&quot;,&quot;skus&quot;:&quot;&quot;,&quot;category&quot;:&quot;&quot;,&quot;cat_operator&quot;:&quot;IN&quot;,&quot;attribute&quot;:&quot;&quot;,&quot;terms&quot;:&quot;&quot;,&quot;terms_operator&quot;:&quot;IN&quot;,&quot;tag&quot;:&quot;&quot;,&quot;tag_operator&quot;:&quot;IN&quot;,&quot;visibility&quot;:&quot;visible&quot;,&quot;class&quot;:&quot;&quot;,&quot;page&quot;:1,&quot;paginate&quot;:false,&quot;cache&quot;:false}\"><\/span><ul class=\"products columns-5\">\n<li class=\"product type-product post-1645 status-publish first instock product_cat-eletroportateis product_cat-para-cozinha product_cat-sanduicheira has-post-thumbnail shipping-taxable purchasable product-type-simple aux-remove-view-cart\">\n\t<div class=\"tinv-wraper woocommerce tinv-wishlist auxshp-wishlist-wrapper tinvwl-above_thumb-add-to-cart tinvwl-loop-button-wrapper tinvwl-woocommerce_before_shop_loop_item\"\n\t data-product_id=\"1645\">\n\t<a role=\"button\" tabindex=\"0\" name=\"adicionar-lista-de-desejos\" aria-label=\"Adicionar &agrave; lista de desejos\" class=\"tinvwl_add_to_wishlist_button auxshp-wishlist   no-txt tinvwl-product-already-on-wishlist  tinvwl-position-above_thumb tinvwl-loop\" data-tinv-wl-list=\"[]\" data-tinv-wl-product=\"1645\" data-tinv-wl-productvariation=\"0\" data-tinv-wl-productvariations=\"[]\" data-tinv-wl-producttype=\"simple\" data-tinv-wl-action=\"add\"><span class=\"aux-wishlist-icon aux-ico auxicon-heart-small-outline\"><\/span><\/a>\t\t<div class=\"tinvwl-tooltip\">Adicionar &agrave; lista de desejos<\/div>\n<\/div>\n<a href=\"https:\/\/lucasvasconcelos.com.br\/bumper\/produto\/sanduicheira-eletrica-blackdecker-cocina-g1400-cor-inox-220v\/\" class=\"woocommerce-LoopProduct-link woocommerce-loop-product__link\"><div class=\"tp-image-wrapper\"><img decoding=\"async\" class=\"tp-image\" src=\"https:\/\/lucasvasconcelos.com.br\/bumper\/wp-content\/uploads\/2025\/01\/D_NQ_NP_699981-MLA73432937705_122023-O-300x300.webp\" srcset=\"https:\/\/lucasvasconcelos.com.br\/bumper\/wp-content\/uploads\/2025\/01\/D_NQ_NP_699981-MLA73432937705_122023-O-300x300.webp 300w, https:\/\/lucasvasconcelos.com.br\/bumper\/wp-content\/uploads\/2025\/01\/D_NQ_NP_699981-MLA73432937705_122023-O-150x150.webp 150w, https:\/\/lucasvasconcelos.com.br\/bumper\/wp-content\/uploads\/2025\/01\/D_NQ_NP_699981-MLA73432937705_122023-O-100x100.webp 100w\" sizes=\"(max-width: 360px) 100vw, 360px\" alt=\"Sanduicheira El\u00e9trica Black+Decker Cocina G1400 Cor Inox 220V\"><img decoding=\"async\" class=\"tp-image-hover\" src=\"https:\/\/lucasvasconcelos.com.br\/bumper\/wp-content\/uploads\/2025\/01\/br-11134207-7r98o-lt8900ou9j3w93-300x300.jpeg\" srcset=\"https:\/\/lucasvasconcelos.com.br\/bumper\/wp-content\/uploads\/2025\/01\/br-11134207-7r98o-lt8900ou9j3w93-300x300.jpeg 300w, https:\/\/lucasvasconcelos.com.br\/bumper\/wp-content\/uploads\/2025\/01\/br-11134207-7r98o-lt8900ou9j3w93-150x150.jpeg 150w, https:\/\/lucasvasconcelos.com.br\/bumper\/wp-content\/uploads\/2025\/01\/br-11134207-7r98o-lt8900ou9j3w93-200x200.jpeg 200w, https:\/\/lucasvasconcelos.com.br\/bumper\/wp-content\/uploads\/2025\/01\/br-11134207-7r98o-lt8900ou9j3w93-100x100.jpeg 100w, https:\/\/lucasvasconcelos.com.br\/bumper\/wp-content\/uploads\/2025\/01\/br-11134207-7r98o-lt8900ou9j3w93.jpeg 500w\" sizes=\"(max-width: 360px) 100vw, 360px\" alt=\"Sanduicheira El\u00e9trica Black+Decker Cocina G1400 Cor Inox 220V\"><\/div><a href=\"https:\/\/lucasvasconcelos.com.br\/bumper\/produto\/sanduicheira-eletrica-blackdecker-cocina-g1400-cor-inox-220v\/\"><h2 class=\"woocommerce-loop-product__title\">Sanduicheira El\u00e9trica Black+Decker Cocina G1400 Cor Inox 220V<\/h2><\/a>\n\t<span class=\"price\">\r\n\t\t<div class=\"woo-custom-installments-group \">\r\n\t\t\t\r\n\t\t\t\r\n\t\t\t<div class=\"woo-custom-installments-group-main-price \">\r\n\t\t\t\t\t\t\t\t\t\t<span class=\"woo-custom-installments-price\"><span class=\"woocommerce-Price-amount amount\"><bdi><span class=\"woocommerce-Price-currencySymbol\">&#82;&#36;<\/span>337,90<\/bdi><\/span><\/span>\r\n\t\t\t\t\t\t\t\t<\/div>\r\n\r\n\t\t\t <span class=\"woo-custom-installments-card-container\"><span class=\"woo-custom-installments-details-without-fee\" data-end-installments=\"4\"><i class=\"wci-icon-best-installments icon-class fa-regular fa-credit-card\"><\/i><span class=\"woo-custom-installments-details best-value no-fee\">Em at\u00e9 4x de <span class=\"woocommerce-Price-amount amount\"><bdi><span class=\"woocommerce-Price-currencySymbol\">&#82;&#36;<\/span>84,48<\/bdi><\/span>  sem juros<\/span><\/span> <\/span><span class=\"woo-custom-installments-offer\"><i class=\"wci-icon-main-price icon-class fa-brands fa-pix\"><\/i><span class=\"discount-before-price\">\u00c0 vista<\/span><span class=\"discounted-price\"><span class=\"woocommerce-Price-amount amount\"><bdi><span class=\"woocommerce-Price-currencySymbol\">&#82;&#36;<\/span>321,01<\/bdi><\/span><\/span><span class=\"discount-after-price\">no Pix<\/span><\/span>\t\t<\/div>\r\n\r\n\t\t<\/span>\n<\/a><a href=\"\/bumper\/wp-json\/wp\/v2\/pages\/9?add-to-cart=1645\" aria-describedby=\"woocommerce_loop_add_to_cart_link_describedby_1645\" data-quantity=\"1\" class=\"button aux-ajax-add-to-cart product_type_simple add_to_cart_button\" data-product_id=\"1645\" data-product_sku=\"G1400-220V\" aria-label=\"Adicione ao carrinho: &ldquo;Sanduicheira El\u00e9trica Black+Decker Cocina G1400 Cor Inox 220V&rdquo;\" rel=\"nofollow\" data-success_message=\"\u201cSanduicheira El\u00e9trica Black+Decker Cocina G1400 Cor Inox 220V\u201d foi adicionado ao seu carrinho\" data-product-type=\"simple\" data-verify_nonce=\"a2b31fca41\" role=\"button\">Adicionar ao carrinho<\/a>\t<span id=\"woocommerce_loop_add_to_cart_link_describedby_1645\" class=\"screen-reader-text\">\n\t\t\t<\/span>\n<\/li>\n<li class=\"product type-product post-1644 status-publish instock product_cat-eletroportateis product_cat-grill-eletrico product_cat-para-cozinha has-post-thumbnail shipping-taxable purchasable product-type-simple aux-remove-view-cart\">\n\t<div class=\"tinv-wraper woocommerce tinv-wishlist auxshp-wishlist-wrapper tinvwl-above_thumb-add-to-cart tinvwl-loop-button-wrapper tinvwl-woocommerce_before_shop_loop_item\"\n\t data-product_id=\"1644\">\n\t<a role=\"button\" tabindex=\"0\" name=\"adicionar-lista-de-desejos\" aria-label=\"Adicionar &agrave; lista de desejos\" class=\"tinvwl_add_to_wishlist_button auxshp-wishlist   no-txt tinvwl-product-already-on-wishlist  tinvwl-position-above_thumb tinvwl-loop\" data-tinv-wl-list=\"[]\" data-tinv-wl-product=\"1644\" data-tinv-wl-productvariation=\"0\" data-tinv-wl-productvariations=\"[]\" data-tinv-wl-producttype=\"simple\" data-tinv-wl-action=\"add\"><span class=\"aux-wishlist-icon aux-ico auxicon-heart-small-outline\"><\/span><\/a>\t\t<div class=\"tinvwl-tooltip\">Adicionar &agrave; lista de desejos<\/div>\n<\/div>\n<a href=\"https:\/\/lucasvasconcelos.com.br\/bumper\/produto\/panela-grill-lenoxx-eletrico-multifuncional-gourmet-pgr151\/\" class=\"woocommerce-LoopProduct-link woocommerce-loop-product__link\"><div class=\"tp-image-wrapper\"><img decoding=\"async\" class=\"tp-image\" src=\"https:\/\/lucasvasconcelos.com.br\/bumper\/wp-content\/uploads\/2025\/01\/31523958_1-300x300.webp\" srcset=\"https:\/\/lucasvasconcelos.com.br\/bumper\/wp-content\/uploads\/2025\/01\/31523958_1-300x300.webp 300w, https:\/\/lucasvasconcelos.com.br\/bumper\/wp-content\/uploads\/2025\/01\/31523958_1-150x150.webp 150w, https:\/\/lucasvasconcelos.com.br\/bumper\/wp-content\/uploads\/2025\/01\/31523958_1-768x768.webp 768w, https:\/\/lucasvasconcelos.com.br\/bumper\/wp-content\/uploads\/2025\/01\/31523958_1-200x200.webp 200w, https:\/\/lucasvasconcelos.com.br\/bumper\/wp-content\/uploads\/2025\/01\/31523958_1-800x800.webp 800w, https:\/\/lucasvasconcelos.com.br\/bumper\/wp-content\/uploads\/2025\/01\/31523958_1-100x100.webp 100w, https:\/\/lucasvasconcelos.com.br\/bumper\/wp-content\/uploads\/2025\/01\/31523958_1.webp 1000w\" sizes=\"(max-width: 360px) 100vw, 360px\" alt=\"Panela Grill Lenoxx El\u00e9trico Multifuncional Gourmet Pgr151\"><img decoding=\"async\" class=\"tp-image-hover\" src=\"https:\/\/lucasvasconcelos.com.br\/bumper\/wp-content\/uploads\/2025\/01\/D_NQ_NP_604927-MLU70499827358_072023-O-300x300.webp\" srcset=\"https:\/\/lucasvasconcelos.com.br\/bumper\/wp-content\/uploads\/2025\/01\/D_NQ_NP_604927-MLU70499827358_072023-O-300x300.webp 300w, https:\/\/lucasvasconcelos.com.br\/bumper\/wp-content\/uploads\/2025\/01\/D_NQ_NP_604927-MLU70499827358_072023-O-150x150.webp 150w, https:\/\/lucasvasconcelos.com.br\/bumper\/wp-content\/uploads\/2025\/01\/D_NQ_NP_604927-MLU70499827358_072023-O-100x100.webp 100w\" sizes=\"(max-width: 360px) 100vw, 360px\" alt=\"Panela Grill Lenoxx El\u00e9trico Multifuncional Gourmet Pgr151\"><\/div><a href=\"https:\/\/lucasvasconcelos.com.br\/bumper\/produto\/panela-grill-lenoxx-eletrico-multifuncional-gourmet-pgr151\/\"><h2 class=\"woocommerce-loop-product__title\">Panela Grill Lenoxx El\u00e9trico Multifuncional Gourmet Pgr151<\/h2><\/a>\n\t<span class=\"price\">\r\n\t\t<div class=\"woo-custom-installments-group \">\r\n\t\t\t\r\n\t\t\t\r\n\t\t\t<div class=\"woo-custom-installments-group-main-price \">\r\n\t\t\t\t\t\t\t\t\t\t<span class=\"woo-custom-installments-price\"><span class=\"woocommerce-Price-amount amount\"><bdi><span class=\"woocommerce-Price-currencySymbol\">&#82;&#36;<\/span>185,90<\/bdi><\/span><\/span>\r\n\t\t\t\t\t\t\t\t<\/div>\r\n\r\n\t\t\t <span class=\"woo-custom-installments-card-container\"><span class=\"woo-custom-installments-details-without-fee\" data-end-installments=\"4\"><i class=\"wci-icon-best-installments icon-class fa-regular fa-credit-card\"><\/i><span class=\"woo-custom-installments-details best-value no-fee\">Em at\u00e9 4x de <span class=\"woocommerce-Price-amount amount\"><bdi><span class=\"woocommerce-Price-currencySymbol\">&#82;&#36;<\/span>46,48<\/bdi><\/span>  sem juros<\/span><\/span> <\/span><span class=\"woo-custom-installments-offer\"><i class=\"wci-icon-main-price icon-class fa-brands fa-pix\"><\/i><span class=\"discount-before-price\">\u00c0 vista<\/span><span class=\"discounted-price\"><span class=\"woocommerce-Price-amount amount\"><bdi><span class=\"woocommerce-Price-currencySymbol\">&#82;&#36;<\/span>176,61<\/bdi><\/span><\/span><span class=\"discount-after-price\">no Pix<\/span><\/span>\t\t<\/div>\r\n\r\n\t\t<\/span>\n<\/a><a href=\"\/bumper\/wp-json\/wp\/v2\/pages\/9?add-to-cart=1644\" aria-describedby=\"woocommerce_loop_add_to_cart_link_describedby_1644\" data-quantity=\"1\" class=\"button aux-ajax-add-to-cart product_type_simple add_to_cart_button\" data-product_id=\"1644\" data-product_sku=\"GRILL-PGR151-PRETO-127V\" aria-label=\"Adicione ao carrinho: &ldquo;Panela Grill Lenoxx El\u00e9trico Multifuncional Gourmet Pgr151&rdquo;\" rel=\"nofollow\" data-success_message=\"\u201cPanela Grill Lenoxx El\u00e9trico Multifuncional Gourmet Pgr151\u201d foi adicionado ao seu carrinho\" data-product-type=\"simple\" data-verify_nonce=\"70fb7889b1\" role=\"button\">Adicionar ao carrinho<\/a>\t<span id=\"woocommerce_loop_add_to_cart_link_describedby_1644\" class=\"screen-reader-text\">\n\t\t\t<\/span>\n<\/li>\n<li class=\"product type-product post-1643 status-publish instock product_cat-eletroportateis product_cat-grill-eletrico product_cat-para-cozinha has-post-thumbnail shipping-taxable purchasable product-type-simple aux-remove-view-cart\">\n\t<div class=\"tinv-wraper woocommerce tinv-wishlist auxshp-wishlist-wrapper tinvwl-above_thumb-add-to-cart tinvwl-loop-button-wrapper tinvwl-woocommerce_before_shop_loop_item\"\n\t data-product_id=\"1643\">\n\t<a role=\"button\" tabindex=\"0\" name=\"adicionar-lista-de-desejos\" aria-label=\"Adicionar &agrave; lista de desejos\" class=\"tinvwl_add_to_wishlist_button auxshp-wishlist   no-txt tinvwl-product-already-on-wishlist  tinvwl-position-above_thumb tinvwl-loop\" data-tinv-wl-list=\"[]\" data-tinv-wl-product=\"1643\" data-tinv-wl-productvariation=\"0\" data-tinv-wl-productvariations=\"[]\" data-tinv-wl-producttype=\"simple\" data-tinv-wl-action=\"add\"><span class=\"aux-wishlist-icon aux-ico auxicon-heart-small-outline\"><\/span><\/a>\t\t<div class=\"tinvwl-tooltip\">Adicionar &agrave; lista de desejos<\/div>\n<\/div>\n<a href=\"https:\/\/lucasvasconcelos.com.br\/bumper\/produto\/grill-multifuncional-eletrica-lenoxx-pgr159-vermelho-127v\/\" class=\"woocommerce-LoopProduct-link woocommerce-loop-product__link\"><div class=\"tp-image-wrapper\"><img decoding=\"async\" class=\"tp-image\" src=\"https:\/\/lucasvasconcelos.com.br\/bumper\/wp-content\/uploads\/2025\/01\/504764dfffbbee567f500405ae3465a3-300x300.webp\" srcset=\"https:\/\/lucasvasconcelos.com.br\/bumper\/wp-content\/uploads\/2025\/01\/504764dfffbbee567f500405ae3465a3-300x300.webp 300w, https:\/\/lucasvasconcelos.com.br\/bumper\/wp-content\/uploads\/2025\/01\/504764dfffbbee567f500405ae3465a3-150x150.webp 150w, https:\/\/lucasvasconcelos.com.br\/bumper\/wp-content\/uploads\/2025\/01\/504764dfffbbee567f500405ae3465a3-200x200.webp 200w, https:\/\/lucasvasconcelos.com.br\/bumper\/wp-content\/uploads\/2025\/01\/504764dfffbbee567f500405ae3465a3-100x100.webp 100w, https:\/\/lucasvasconcelos.com.br\/bumper\/wp-content\/uploads\/2025\/01\/504764dfffbbee567f500405ae3465a3.webp 560w\" sizes=\"(max-width: 360px) 100vw, 360px\" alt=\"Grill Multifuncional El\u00e9trica Lenoxx Pgr159 Vermelho 127V\"><img decoding=\"async\" class=\"tp-image-hover\" src=\"https:\/\/lucasvasconcelos.com.br\/bumper\/wp-content\/uploads\/2025\/01\/e481037157e05fe84c10301d15e25210-300x300.webp\" srcset=\"https:\/\/lucasvasconcelos.com.br\/bumper\/wp-content\/uploads\/2025\/01\/e481037157e05fe84c10301d15e25210-300x300.webp 300w, https:\/\/lucasvasconcelos.com.br\/bumper\/wp-content\/uploads\/2025\/01\/e481037157e05fe84c10301d15e25210-150x150.webp 150w, https:\/\/lucasvasconcelos.com.br\/bumper\/wp-content\/uploads\/2025\/01\/e481037157e05fe84c10301d15e25210-200x200.webp 200w, https:\/\/lucasvasconcelos.com.br\/bumper\/wp-content\/uploads\/2025\/01\/e481037157e05fe84c10301d15e25210-100x100.webp 100w, https:\/\/lucasvasconcelos.com.br\/bumper\/wp-content\/uploads\/2025\/01\/e481037157e05fe84c10301d15e25210.webp 560w\" sizes=\"(max-width: 360px) 100vw, 360px\" alt=\"Grill Multifuncional El\u00e9trica Lenoxx Pgr159 Vermelho 127V\"><\/div><a href=\"https:\/\/lucasvasconcelos.com.br\/bumper\/produto\/grill-multifuncional-eletrica-lenoxx-pgr159-vermelho-127v\/\"><h2 class=\"woocommerce-loop-product__title\">Grill Multifuncional El\u00e9trica Lenoxx Pgr159 Vermelho 127V<\/h2><\/a>\n\t<span class=\"price\">\r\n\t\t<div class=\"woo-custom-installments-group \">\r\n\t\t\t\r\n\t\t\t\r\n\t\t\t<div class=\"woo-custom-installments-group-main-price \">\r\n\t\t\t\t\t\t\t\t\t\t<span class=\"woo-custom-installments-price\"><span class=\"woocommerce-Price-amount amount\"><bdi><span class=\"woocommerce-Price-currencySymbol\">&#82;&#36;<\/span>161,90<\/bdi><\/span><\/span>\r\n\t\t\t\t\t\t\t\t<\/div>\r\n\r\n\t\t\t <span class=\"woo-custom-installments-card-container\"><span class=\"woo-custom-installments-details-without-fee\" data-end-installments=\"4\"><i class=\"wci-icon-best-installments icon-class fa-regular fa-credit-card\"><\/i><span class=\"woo-custom-installments-details best-value no-fee\">Em at\u00e9 4x de <span class=\"woocommerce-Price-amount amount\"><bdi><span class=\"woocommerce-Price-currencySymbol\">&#82;&#36;<\/span>40,48<\/bdi><\/span>  sem juros<\/span><\/span> <\/span><span class=\"woo-custom-installments-offer\"><i class=\"wci-icon-main-price icon-class fa-brands fa-pix\"><\/i><span class=\"discount-before-price\">\u00c0 vista<\/span><span class=\"discounted-price\"><span class=\"woocommerce-Price-amount amount\"><bdi><span class=\"woocommerce-Price-currencySymbol\">&#82;&#36;<\/span>153,81<\/bdi><\/span><\/span><span class=\"discount-after-price\">no Pix<\/span><\/span>\t\t<\/div>\r\n\r\n\t\t<\/span>\n<\/a><a href=\"\/bumper\/wp-json\/wp\/v2\/pages\/9?add-to-cart=1643\" aria-describedby=\"woocommerce_loop_add_to_cart_link_describedby_1643\" data-quantity=\"1\" class=\"button aux-ajax-add-to-cart product_type_simple add_to_cart_button\" data-product_id=\"1643\" data-product_sku=\"GRILL-PGR159-127V\" aria-label=\"Adicione ao carrinho: &ldquo;Grill Multifuncional El\u00e9trica Lenoxx Pgr159 Vermelho 127V&rdquo;\" rel=\"nofollow\" data-success_message=\"\u201cGrill Multifuncional El\u00e9trica Lenoxx Pgr159 Vermelho 127V\u201d foi adicionado ao seu carrinho\" data-product-type=\"simple\" data-verify_nonce=\"d709332752\" role=\"button\">Adicionar ao carrinho<\/a>\t<span id=\"woocommerce_loop_add_to_cart_link_describedby_1643\" class=\"screen-reader-text\">\n\t\t\t<\/span>\n<\/li>\n<li class=\"product type-product post-1642 status-publish instock product_cat-purificadores product_tag-novidade shipping-taxable purchasable product-type-simple aux-remove-view-cart\">\n\t<div class=\"tinv-wraper woocommerce tinv-wishlist auxshp-wishlist-wrapper tinvwl-above_thumb-add-to-cart tinvwl-loop-button-wrapper tinvwl-woocommerce_before_shop_loop_item\"\n\t data-product_id=\"1642\">\n\t<a role=\"button\" tabindex=\"0\" name=\"adicionar-lista-de-desejos\" aria-label=\"Adicionar &agrave; lista de desejos\" class=\"tinvwl_add_to_wishlist_button auxshp-wishlist   no-txt tinvwl-product-already-on-wishlist  tinvwl-position-above_thumb tinvwl-loop\" data-tinv-wl-list=\"[]\" data-tinv-wl-product=\"1642\" data-tinv-wl-productvariation=\"0\" data-tinv-wl-productvariations=\"[]\" data-tinv-wl-producttype=\"simple\" data-tinv-wl-action=\"add\"><span class=\"aux-wishlist-icon aux-ico auxicon-heart-small-outline\"><\/span><\/a>\t\t<div class=\"tinvwl-tooltip\">Adicionar &agrave; lista de desejos<\/div>\n<\/div>\n<a href=\"https:\/\/lucasvasconcelos.com.br\/bumper\/produto\/purificador-electrolux-pc01x-127v-agua-gelada-ou-natural-com-compressor\/\" class=\"woocommerce-LoopProduct-link woocommerce-loop-product__link\"><div class=\"tp-image-wrapper\"><img decoding=\"async\" class=\"image\" src=\"https:\/\/lucasvasconcelos.com.br\/bumper\/wp-content\/uploads\/woocommerce-placeholder-300x300.png\" \/><\/div><a href=\"https:\/\/lucasvasconcelos.com.br\/bumper\/produto\/purificador-electrolux-pc01x-127v-agua-gelada-ou-natural-com-compressor\/\"><h2 class=\"woocommerce-loop-product__title\">Purificador Electrolux PC01X &#8211; 127V \u00c1gua Gelada ou Natural com Compressor.<\/h2><\/a>\n\t<span class=\"price\">\r\n\t\t<div class=\"woo-custom-installments-group \">\r\n\t\t\t\r\n\t\t\t\r\n\t\t\t<div class=\"woo-custom-installments-group-main-price \">\r\n\t\t\t\t\t\t\t\t\t\t<span class=\"woo-custom-installments-price\"><span class=\"woocommerce-Price-amount amount\"><bdi><span class=\"woocommerce-Price-currencySymbol\">&#82;&#36;<\/span>941,54<\/bdi><\/span><\/span>\r\n\t\t\t\t\t\t\t\t<\/div>\r\n\r\n\t\t\t <span class=\"woo-custom-installments-card-container\"><span class=\"woo-custom-installments-details-without-fee\" data-end-installments=\"4\"><i class=\"wci-icon-best-installments icon-class fa-regular fa-credit-card\"><\/i><span class=\"woo-custom-installments-details best-value no-fee\">Em at\u00e9 4x de <span class=\"woocommerce-Price-amount amount\"><bdi><span class=\"woocommerce-Price-currencySymbol\">&#82;&#36;<\/span>235,39<\/bdi><\/span>  sem juros<\/span><\/span> <\/span><span class=\"woo-custom-installments-offer\"><i class=\"wci-icon-main-price icon-class fa-brands fa-pix\"><\/i><span class=\"discount-before-price\">\u00c0 vista<\/span><span class=\"discounted-price\"><span class=\"woocommerce-Price-amount amount\"><bdi><span class=\"woocommerce-Price-currencySymbol\">&#82;&#36;<\/span>894,46<\/bdi><\/span><\/span><span class=\"discount-after-price\">no Pix<\/span><\/span>\t\t<\/div>\r\n\r\n\t\t<\/span>\n<\/a><a href=\"\/bumper\/wp-json\/wp\/v2\/pages\/9?add-to-cart=1642\" aria-describedby=\"woocommerce_loop_add_to_cart_link_describedby_1642\" data-quantity=\"1\" class=\"button aux-ajax-add-to-cart product_type_simple add_to_cart_button\" data-product_id=\"1642\" data-product_sku=\"PC01X-127V\" aria-label=\"Adicione ao carrinho: &ldquo;Purificador Electrolux PC01X - 127V \u00c1gua Gelada ou Natural com Compressor.&rdquo;\" rel=\"nofollow\" data-success_message=\"\u201cPurificador Electrolux PC01X - 127V \u00c1gua Gelada ou Natural com Compressor.\u201d foi adicionado ao seu carrinho\" data-product-type=\"simple\" data-verify_nonce=\"96f2cd2a42\" role=\"button\">Adicionar ao carrinho<\/a>\t<span id=\"woocommerce_loop_add_to_cart_link_describedby_1642\" class=\"screen-reader-text\">\n\t\t\t<\/span>\n<\/li>\n<li class=\"product type-product post-1641 status-publish last instock product_cat-utensilios-para-cozinha product_cat-utilidades-domesticas product_tag-novidade product_tag-novidades shipping-taxable purchasable product-type-simple aux-remove-view-cart\">\n\t<div class=\"tinv-wraper woocommerce tinv-wishlist auxshp-wishlist-wrapper tinvwl-above_thumb-add-to-cart tinvwl-loop-button-wrapper tinvwl-woocommerce_before_shop_loop_item\"\n\t data-product_id=\"1641\">\n\t<a role=\"button\" tabindex=\"0\" name=\"adicionar-lista-de-desejos\" aria-label=\"Adicionar &agrave; lista de desejos\" class=\"tinvwl_add_to_wishlist_button auxshp-wishlist   no-txt tinvwl-product-already-on-wishlist  tinvwl-position-above_thumb tinvwl-loop\" data-tinv-wl-list=\"[]\" data-tinv-wl-product=\"1641\" data-tinv-wl-productvariation=\"0\" data-tinv-wl-productvariations=\"[]\" data-tinv-wl-producttype=\"simple\" data-tinv-wl-action=\"add\"><span class=\"aux-wishlist-icon aux-ico auxicon-heart-small-outline\"><\/span><\/a>\t\t<div class=\"tinvwl-tooltip\">Adicionar &agrave; lista de desejos<\/div>\n<\/div>\n<a href=\"https:\/\/lucasvasconcelos.com.br\/bumper\/produto\/conjunto-de-facas-electrolux-inox-7-pecas-bloco-madeira\/\" class=\"woocommerce-LoopProduct-link woocommerce-loop-product__link\"><div class=\"tp-image-wrapper\"><img decoding=\"async\" class=\"image\" src=\"https:\/\/lucasvasconcelos.com.br\/bumper\/wp-content\/uploads\/woocommerce-placeholder-300x300.png\" \/><\/div><a href=\"https:\/\/lucasvasconcelos.com.br\/bumper\/produto\/conjunto-de-facas-electrolux-inox-7-pecas-bloco-madeira\/\"><h2 class=\"woocommerce-loop-product__title\">Conjunto De Facas Electrolux Inox 7 Pe\u00e7as + Bloco Madeira<\/h2><\/a>\n\t<span class=\"price\">\r\n\t\t<div class=\"woo-custom-installments-group \">\r\n\t\t\t\r\n\t\t\t\r\n\t\t\t<div class=\"woo-custom-installments-group-main-price \">\r\n\t\t\t\t\t\t\t\t\t\t<span class=\"woo-custom-installments-price\"><span class=\"woocommerce-Price-amount amount\"><bdi><span class=\"woocommerce-Price-currencySymbol\">&#82;&#36;<\/span>417,88<\/bdi><\/span><\/span>\r\n\t\t\t\t\t\t\t\t<\/div>\r\n\r\n\t\t\t <span class=\"woo-custom-installments-card-container\"><span class=\"woo-custom-installments-details-without-fee\" data-end-installments=\"4\"><i class=\"wci-icon-best-installments icon-class fa-regular fa-credit-card\"><\/i><span class=\"woo-custom-installments-details best-value no-fee\">Em at\u00e9 4x de <span class=\"woocommerce-Price-amount amount\"><bdi><span class=\"woocommerce-Price-currencySymbol\">&#82;&#36;<\/span>104,47<\/bdi><\/span>  sem juros<\/span><\/span> <\/span><span class=\"woo-custom-installments-offer\"><i class=\"wci-icon-main-price icon-class fa-brands fa-pix\"><\/i><span class=\"discount-before-price\">\u00c0 vista<\/span><span class=\"discounted-price\"><span class=\"woocommerce-Price-amount amount\"><bdi><span class=\"woocommerce-Price-currencySymbol\">&#82;&#36;<\/span>396,99<\/bdi><\/span><\/span><span class=\"discount-after-price\">no Pix<\/span><\/span>\t\t<\/div>\r\n\r\n\t\t<\/span>\n<\/a><a href=\"\/bumper\/wp-json\/wp\/v2\/pages\/9?add-to-cart=1641\" aria-describedby=\"woocommerce_loop_add_to_cart_link_describedby_1641\" data-quantity=\"1\" class=\"button aux-ajax-add-to-cart product_type_simple add_to_cart_button\" data-product_id=\"1641\" data-product_sku=\"41044558\" aria-label=\"Adicione ao carrinho: &ldquo;Conjunto De Facas Electrolux Inox 7 Pe\u00e7as + Bloco Madeira&rdquo;\" rel=\"nofollow\" data-success_message=\"\u201cConjunto De Facas Electrolux Inox 7 Pe\u00e7as + Bloco Madeira\u201d foi adicionado ao seu carrinho\" data-product-type=\"simple\" data-verify_nonce=\"9db427ebf4\" role=\"button\">Adicionar ao carrinho<\/a>\t<span id=\"woocommerce_loop_add_to_cart_link_describedby_1641\" class=\"screen-reader-text\">\n\t\t\t<\/span>\n<\/li>\n<\/ul>\n<\/div><\/div>\n\t\t\t\t\t\t<\/div>\n\t\t\t\t<\/div>\n\t\t\t\t<\/div>\n\t\t\t\t<\/div>\n\t\t<div class=\"aux-parallax-section elementor-element elementor-element-e72eec3 e-flex e-con-boxed e-con e-parent\" data-id=\"e72eec3\" data-element_type=\"container\" data-e-type=\"container\">\n\t\t\t\t\t<div class=\"e-con-inner\">\n\t\t<div class=\"elementor-element elementor-element-ac78bd3 e-con-full e-flex e-con e-child\" data-id=\"ac78bd3\" data-element_type=\"container\" data-e-type=\"container\" data-settings=\"{&quot;background_background&quot;:&quot;classic&quot;}\">\n\t\t\t\t<div class=\"elementor-element elementor-element-721f187 elementor-widget elementor-widget-aux_image\" data-id=\"721f187\" data-element_type=\"widget\" data-e-type=\"widget\" data-widget_type=\"aux_image.default\">\n\t\t\t\t<div class=\"elementor-widget-container\">\n\t\t\t\t\t<section class=\"widget-container aux-widget-image aux-alignnone aux-parent-au3efb3443\">\n    <div class=\"aux-media-hint-frame \">\n        <div class=\"aux-media-image \" >\n        \n            \n\n            \n            <img loading=\"lazy\" decoding=\"async\" width=\"550\" height=\"250\" src=\"https:\/\/lucasvasconcelos.com.br\/bumper\/wp-content\/uploads\/2025\/01\/casa2.webp\" class=\"aux-attachment aux-featured-image aux-attachment-id-240\" alt=\"casa2\" data-ratio=\"2.2\" data-original-w=\"550\" \/>            \n                <\/div>\n    <\/div>\n\n<\/section><!-- widget-container -->\t\t\t\t<\/div>\n\t\t\t\t<\/div>\n\t\t\t\t<\/div>\n\t\t<div class=\"elementor-element elementor-element-c42adc3 e-con-full e-flex e-con e-child\" data-id=\"c42adc3\" data-element_type=\"container\" data-e-type=\"container\" data-settings=\"{&quot;background_background&quot;:&quot;classic&quot;}\">\n\t\t\t\t<div class=\"elementor-element elementor-element-2b56253 elementor-widget elementor-widget-aux_image\" data-id=\"2b56253\" data-element_type=\"widget\" data-e-type=\"widget\" data-widget_type=\"aux_image.default\">\n\t\t\t\t<div class=\"elementor-widget-container\">\n\t\t\t\t\t<section class=\"widget-container aux-widget-image aux-alignnone aux-parent-aud337c57c\">\n    <div class=\"aux-media-hint-frame \">\n        <div class=\"aux-media-image \" >\n        \n            \n\n            \n            <img loading=\"lazy\" decoding=\"async\" width=\"550\" height=\"250\" src=\"https:\/\/lucasvasconcelos.com.br\/bumper\/wp-content\/uploads\/2025\/01\/cozinha.webp\" class=\"aux-attachment aux-featured-image aux-attachment-id-242\" alt=\"cozinha\" data-ratio=\"2.2\" data-original-w=\"550\" \/>            \n                <\/div>\n    <\/div>\n\n<\/section><!-- widget-container -->\t\t\t\t<\/div>\n\t\t\t\t<\/div>\n\t\t\t\t<\/div>\n\t\t\t\t\t<\/div>\n\t\t\t\t<\/div>\n\t\t<div class=\"aux-parallax-section elementor-element elementor-element-1790bfd e-flex e-con-boxed e-con e-parent\" data-id=\"1790bfd\" data-element_type=\"container\" data-e-type=\"container\">\n\t\t\t\t\t<div class=\"e-con-inner\">\n\t\t<div class=\"elementor-element elementor-element-4f215f1 e-con-full e-flex e-con e-child\" data-id=\"4f215f1\" data-element_type=\"container\" data-e-type=\"container\">\n\t\t\t\t<div class=\"elementor-element elementor-element-149ab29 elementor-widget-mobile__width-auto aux-appear-watch-animation aux-fade-in-up elementor-widget elementor-widget-aux_modern_heading\" data-id=\"149ab29\" data-element_type=\"widget\" data-e-type=\"widget\" data-widget_type=\"aux_modern_heading.default\">\n\t\t\t\t<div class=\"elementor-widget-container\">\n\t\t\t\t\t<section class=\"aux-widget-modern-heading\">\n            <div class=\"aux-widget-inner\"><span class=\"aux-modern-heading-primary\"><\/span><h4 class=\"aux-modern-heading-secondary\"><span class=\"aux-head-before\">Novidades na Bumper \ud83c\udff7\ufe0f<\/span><\/h4><\/div>\n        <\/section>\t\t\t\t<\/div>\n\t\t\t\t<\/div>\n\t\t\t\t<\/div>\n\t\t<div class=\"elementor-element elementor-element-56f7ad6 e-con-full e-flex e-con e-child\" data-id=\"56f7ad6\" data-element_type=\"container\" data-e-type=\"container\">\n\t\t\t\t<div class=\"elementor-element elementor-element-c34ff37 elementor-widget elementor-widget-aux_modern_button\" data-id=\"c34ff37\" data-element_type=\"widget\" data-e-type=\"widget\" data-widget_type=\"aux_modern_button.default\">\n\t\t\t\t<div class=\"elementor-widget-container\">\n\t\t\t\t\t    <div class=\"aux-modern-button-wrapper aux-modern-button-align-right\" >\n                    <a class=\"aux-modern-button aux-black aux-modern-button-md aux-modern-button-normal aux-modern-button-default aux-icon-\" href=\"https:\/\/lucasvasconcelos.com.br\/bumper\/categoria-produto\/novidades\/\">\n                <div class=\"aux-overlay\"><\/div>\n                                    <div class=\"aux-icon \">\n                                            <\/div>\n                                <div class=\"aux-text\">\n<span class=\"aux-text-before\">Ver todas<\/span>                <\/div>\n            <\/a>\n            \n    <\/div>\n\n    \t\t\t\t<\/div>\n\t\t\t\t<\/div>\n\t\t\t\t<\/div>\n\t\t\t\t\t<\/div>\n\t\t\t\t<\/div>\n\t\t<div class=\"aux-parallax-section elementor-element elementor-element-e5b0347 e-con-full elementor-hidden-desktop elementor-hidden-tablet e-flex e-con e-parent\" data-id=\"e5b0347\" data-element_type=\"container\" data-e-type=\"container\">\n\t\t\t\t<div class=\"elementor-element elementor-element-509ea6f elementor-widget elementor-widget-shortcode\" data-id=\"509ea6f\" data-element_type=\"widget\" data-e-type=\"widget\" data-widget_type=\"shortcode.default\">\n\t\t\t\t<div class=\"elementor-widget-container\">\n\t\t\t\t\t\t\t<div class=\"elementor-shortcode\"><div class=\"woocommerce columns-4 \"><span class=\"wpfHidden\" data-shortcode-attribute=\"{&quot;limit&quot;:&quot;8&quot;,&quot;columns&quot;:&quot;4&quot;,&quot;rows&quot;:&quot;&quot;,&quot;orderby&quot;:&quot;date&quot;,&quot;order&quot;:&quot;ASC&quot;,&quot;ids&quot;:&quot;&quot;,&quot;skus&quot;:&quot;&quot;,&quot;category&quot;:&quot;&quot;,&quot;cat_operator&quot;:&quot;IN&quot;,&quot;attribute&quot;:&quot;&quot;,&quot;terms&quot;:&quot;&quot;,&quot;terms_operator&quot;:&quot;IN&quot;,&quot;tag&quot;:&quot;&quot;,&quot;tag_operator&quot;:&quot;IN&quot;,&quot;visibility&quot;:&quot;visible&quot;,&quot;class&quot;:&quot;&quot;,&quot;page&quot;:1,&quot;paginate&quot;:false,&quot;cache&quot;:false}\"><\/span><ul class=\"products columns-4\">\n<li class=\"product type-product post-326 status-publish first instock product_cat-caixa-de-som product_cat-eletronicos product_tag-mais-procurados has-post-thumbnail shipping-taxable purchasable product-type-simple aux-remove-view-cart\">\n\t<div class=\"tinv-wraper woocommerce tinv-wishlist auxshp-wishlist-wrapper tinvwl-above_thumb-add-to-cart tinvwl-loop-button-wrapper tinvwl-woocommerce_before_shop_loop_item\"\n\t data-product_id=\"326\">\n\t<a role=\"button\" tabindex=\"0\" name=\"adicionar-lista-de-desejos\" aria-label=\"Adicionar &agrave; lista de desejos\" class=\"tinvwl_add_to_wishlist_button auxshp-wishlist   no-txt tinvwl-product-already-on-wishlist  tinvwl-position-above_thumb tinvwl-loop\" data-tinv-wl-list=\"[]\" data-tinv-wl-product=\"326\" data-tinv-wl-productvariation=\"0\" data-tinv-wl-productvariations=\"[]\" data-tinv-wl-producttype=\"simple\" data-tinv-wl-action=\"add\"><span class=\"aux-wishlist-icon aux-ico auxicon-heart-small-outline\"><\/span><\/a>\t\t<div class=\"tinvwl-tooltip\">Adicionar &agrave; lista de desejos<\/div>\n<\/div>\n<a href=\"https:\/\/lucasvasconcelos.com.br\/bumper\/produto\/mini-system-lg-xboom-ck43n-com-bluetooth-preto-220w-bivolt\/\" class=\"woocommerce-LoopProduct-link woocommerce-loop-product__link\"><div class=\"tp-image-wrapper\"><img decoding=\"async\" class=\"image\" src=\"https:\/\/lucasvasconcelos.com.br\/bumper\/wp-content\/uploads\/2025\/01\/D_NQ_NP_653775-MLU75507155002_042024-O-300x300.webp\" srcset=\"https:\/\/lucasvasconcelos.com.br\/bumper\/wp-content\/uploads\/2025\/01\/D_NQ_NP_653775-MLU75507155002_042024-O-300x300.webp 300w, https:\/\/lucasvasconcelos.com.br\/bumper\/wp-content\/uploads\/2025\/01\/D_NQ_NP_653775-MLU75507155002_042024-O-100x100.webp 100w, https:\/\/lucasvasconcelos.com.br\/bumper\/wp-content\/uploads\/2025\/01\/D_NQ_NP_653775-MLU75507155002_042024-O-150x150.webp 150w\" sizes=\"(max-width: 360px) 100vw, 360px\" alt=\"Mini System LG Xboom Ck43N Com Bluetooth Preto 220w Bivolt\"><\/div><a href=\"https:\/\/lucasvasconcelos.com.br\/bumper\/produto\/mini-system-lg-xboom-ck43n-com-bluetooth-preto-220w-bivolt\/\"><h2 class=\"woocommerce-loop-product__title\">Mini System LG Xboom Ck43N Com Bluetooth Preto 220w Bivolt<\/h2><\/a>\n\t<span class=\"price\">\r\n\t\t<div class=\"woo-custom-installments-group \">\r\n\t\t\t\r\n\t\t\t\r\n\t\t\t<div class=\"woo-custom-installments-group-main-price \">\r\n\t\t\t\t\t\t\t\t\t\t<span class=\"woo-custom-installments-price\"><span class=\"woocommerce-Price-amount amount\"><bdi><span class=\"woocommerce-Price-currencySymbol\">&#82;&#36;<\/span>1.046,90<\/bdi><\/span><\/span>\r\n\t\t\t\t\t\t\t\t<\/div>\r\n\r\n\t\t\t <span class=\"woo-custom-installments-card-container\"><span class=\"woo-custom-installments-details-without-fee\" data-end-installments=\"4\"><i class=\"wci-icon-best-installments icon-class fa-regular fa-credit-card\"><\/i><span class=\"woo-custom-installments-details best-value no-fee\">Em at\u00e9 4x de <span class=\"woocommerce-Price-amount amount\"><bdi><span class=\"woocommerce-Price-currencySymbol\">&#82;&#36;<\/span>261,73<\/bdi><\/span>  sem juros<\/span><\/span> <\/span><span class=\"woo-custom-installments-offer\"><i class=\"wci-icon-main-price icon-class fa-brands fa-pix\"><\/i><span class=\"discount-before-price\">\u00c0 vista<\/span><span class=\"discounted-price\"><span class=\"woocommerce-Price-amount amount\"><bdi><span class=\"woocommerce-Price-currencySymbol\">&#82;&#36;<\/span>994,56<\/bdi><\/span><\/span><span class=\"discount-after-price\">no Pix<\/span><\/span>\t\t<\/div>\r\n\r\n\t\t<\/span>\n<\/a><a href=\"\/bumper\/wp-json\/wp\/v2\/pages\/9?add-to-cart=326\" aria-describedby=\"woocommerce_loop_add_to_cart_link_describedby_326\" data-quantity=\"1\" class=\"button aux-ajax-add-to-cart product_type_simple add_to_cart_button\" data-product_id=\"326\" data-product_sku=\"LG-XBOOM-CK43N\" aria-label=\"Adicione ao carrinho: &ldquo;Mini System LG Xboom Ck43N Com Bluetooth Preto 220w Bivolt&rdquo;\" rel=\"nofollow\" data-success_message=\"\u201cMini System LG Xboom Ck43N Com Bluetooth Preto 220w Bivolt\u201d foi adicionado ao seu carrinho\" data-product-type=\"simple\" data-verify_nonce=\"b5191cc3e1\" role=\"button\">Adicionar ao carrinho<\/a>\t<span id=\"woocommerce_loop_add_to_cart_link_describedby_326\" class=\"screen-reader-text\">\n\t\t\t<\/span>\n<\/li>\n<li class=\"product type-product post-336 status-publish instock product_cat-arrozeira product_cat-eletroportateis product_cat-para-cozinha has-post-thumbnail shipping-taxable purchasable product-type-simple aux-remove-view-cart\">\n\t<div class=\"tinv-wraper woocommerce tinv-wishlist auxshp-wishlist-wrapper tinvwl-above_thumb-add-to-cart tinvwl-loop-button-wrapper tinvwl-woocommerce_before_shop_loop_item\"\n\t data-product_id=\"336\">\n\t<a role=\"button\" tabindex=\"0\" name=\"adicionar-lista-de-desejos\" aria-label=\"Adicionar &agrave; lista de desejos\" class=\"tinvwl_add_to_wishlist_button auxshp-wishlist   no-txt tinvwl-product-already-on-wishlist  tinvwl-position-above_thumb tinvwl-loop\" data-tinv-wl-list=\"[]\" data-tinv-wl-product=\"336\" data-tinv-wl-productvariation=\"0\" data-tinv-wl-productvariations=\"[]\" data-tinv-wl-producttype=\"simple\" data-tinv-wl-action=\"add\"><span class=\"aux-wishlist-icon aux-ico auxicon-heart-small-outline\"><\/span><\/a>\t\t<div class=\"tinvwl-tooltip\">Adicionar &agrave; lista de desejos<\/div>\n<\/div>\n<a href=\"https:\/\/lucasvasconcelos.com.br\/bumper\/produto\/panela-de-arroz-eletrica-electrolux-13l-efficient-por-rita-lobo-cor-branca-220v\/\" class=\"woocommerce-LoopProduct-link woocommerce-loop-product__link\"><div class=\"tp-image-wrapper\"><img decoding=\"async\" class=\"tp-image\" src=\"https:\/\/lucasvasconcelos.com.br\/bumper\/wp-content\/uploads\/2025\/01\/220510-800-auto-300x300.webp\" srcset=\"https:\/\/lucasvasconcelos.com.br\/bumper\/wp-content\/uploads\/2025\/01\/220510-800-auto-300x300.webp 300w, https:\/\/lucasvasconcelos.com.br\/bumper\/wp-content\/uploads\/2025\/01\/220510-800-auto-100x100.webp 100w, https:\/\/lucasvasconcelos.com.br\/bumper\/wp-content\/uploads\/2025\/01\/220510-800-auto-600x600.webp 600w, https:\/\/lucasvasconcelos.com.br\/bumper\/wp-content\/uploads\/2025\/01\/220510-800-auto-150x150.webp 150w, https:\/\/lucasvasconcelos.com.br\/bumper\/wp-content\/uploads\/2025\/01\/220510-800-auto-768x768.webp 768w, https:\/\/lucasvasconcelos.com.br\/bumper\/wp-content\/uploads\/2025\/01\/220510-800-auto.webp 800w\" sizes=\"(max-width: 360px) 100vw, 360px\" alt=\"Panela de Arroz El\u00e9trica Electrolux 1,3L Efficient por Rita Lobo Cor Branca - 220V\"><img decoding=\"async\" class=\"tp-image-hover\" src=\"https:\/\/lucasvasconcelos.com.br\/bumper\/wp-content\/uploads\/2025\/01\/220511-800-auto-300x300.webp\" srcset=\"https:\/\/lucasvasconcelos.com.br\/bumper\/wp-content\/uploads\/2025\/01\/220511-800-auto-300x300.webp 300w, https:\/\/lucasvasconcelos.com.br\/bumper\/wp-content\/uploads\/2025\/01\/220511-800-auto-100x100.webp 100w, https:\/\/lucasvasconcelos.com.br\/bumper\/wp-content\/uploads\/2025\/01\/220511-800-auto-600x600.webp 600w, https:\/\/lucasvasconcelos.com.br\/bumper\/wp-content\/uploads\/2025\/01\/220511-800-auto-150x150.webp 150w, https:\/\/lucasvasconcelos.com.br\/bumper\/wp-content\/uploads\/2025\/01\/220511-800-auto-768x768.webp 768w, https:\/\/lucasvasconcelos.com.br\/bumper\/wp-content\/uploads\/2025\/01\/220511-800-auto.webp 800w\" sizes=\"(max-width: 360px) 100vw, 360px\" alt=\"Panela de Arroz El\u00e9trica Electrolux 1,3L Efficient por Rita Lobo Cor Branca - 220V\"><\/div><a href=\"https:\/\/lucasvasconcelos.com.br\/bumper\/produto\/panela-de-arroz-eletrica-electrolux-13l-efficient-por-rita-lobo-cor-branca-220v\/\"><h2 class=\"woocommerce-loop-product__title\">Panela de Arroz El\u00e9trica Electrolux 1,3L Efficient por Rita Lobo Cor Branca &#8211; 220V<\/h2><\/a>\n\t<span class=\"price\">\r\n\t\t<div class=\"woo-custom-installments-group \">\r\n\t\t\t\r\n\t\t\t\r\n\t\t\t<div class=\"woo-custom-installments-group-main-price \">\r\n\t\t\t\t\t\t\t\t\t\t<span class=\"woo-custom-installments-price\"><span class=\"woocommerce-Price-amount amount\"><bdi><span class=\"woocommerce-Price-currencySymbol\">&#82;&#36;<\/span>219,90<\/bdi><\/span><\/span>\r\n\t\t\t\t\t\t\t\t<\/div>\r\n\r\n\t\t\t <span class=\"woo-custom-installments-card-container\"><span class=\"woo-custom-installments-details-without-fee\" data-end-installments=\"4\"><i class=\"wci-icon-best-installments icon-class fa-regular fa-credit-card\"><\/i><span class=\"woo-custom-installments-details best-value no-fee\">Em at\u00e9 4x de <span class=\"woocommerce-Price-amount amount\"><bdi><span class=\"woocommerce-Price-currencySymbol\">&#82;&#36;<\/span>54,98<\/bdi><\/span>  sem juros<\/span><\/span> <\/span><span class=\"woo-custom-installments-offer\"><i class=\"wci-icon-main-price icon-class fa-brands fa-pix\"><\/i><span class=\"discount-before-price\">\u00c0 vista<\/span><span class=\"discounted-price\"><span class=\"woocommerce-Price-amount amount\"><bdi><span class=\"woocommerce-Price-currencySymbol\">&#82;&#36;<\/span>208,91<\/bdi><\/span><\/span><span class=\"discount-after-price\">no Pix<\/span><\/span>\t\t<\/div>\r\n\r\n\t\t<\/span>\n<\/a><a href=\"\/bumper\/wp-json\/wp\/v2\/pages\/9?add-to-cart=336\" aria-describedby=\"woocommerce_loop_add_to_cart_link_describedby_336\" data-quantity=\"1\" class=\"button aux-ajax-add-to-cart product_type_simple add_to_cart_button\" data-product_id=\"336\" data-product_sku=\"RCB50-220V\" aria-label=\"Adicione ao carrinho: &ldquo;Panela de Arroz El\u00e9trica Electrolux 1,3L Efficient por Rita Lobo Cor Branca - 220V&rdquo;\" rel=\"nofollow\" data-success_message=\"\u201cPanela de Arroz El\u00e9trica Electrolux 1,3L Efficient por Rita Lobo Cor Branca - 220V\u201d foi adicionado ao seu carrinho\" data-product-type=\"simple\" data-verify_nonce=\"765b783455\" role=\"button\">Adicionar ao carrinho<\/a>\t<span id=\"woocommerce_loop_add_to_cart_link_describedby_336\" class=\"screen-reader-text\">\n\t\t\t<\/span>\n<\/li>\n<li class=\"product type-product post-339 status-publish instock product_cat-arrozeira product_cat-eletroportateis product_cat-para-cozinha has-post-thumbnail shipping-taxable purchasable product-type-simple aux-remove-view-cart\">\n\t<div class=\"tinv-wraper woocommerce tinv-wishlist auxshp-wishlist-wrapper tinvwl-above_thumb-add-to-cart tinvwl-loop-button-wrapper tinvwl-woocommerce_before_shop_loop_item\"\n\t data-product_id=\"339\">\n\t<a role=\"button\" tabindex=\"0\" name=\"adicionar-lista-de-desejos\" aria-label=\"Adicionar &agrave; lista de desejos\" class=\"tinvwl_add_to_wishlist_button auxshp-wishlist   no-txt tinvwl-product-already-on-wishlist  tinvwl-position-above_thumb tinvwl-loop\" data-tinv-wl-list=\"[]\" data-tinv-wl-product=\"339\" data-tinv-wl-productvariation=\"0\" data-tinv-wl-productvariations=\"[]\" data-tinv-wl-producttype=\"simple\" data-tinv-wl-action=\"add\"><span class=\"aux-wishlist-icon aux-ico auxicon-heart-small-outline\"><\/span><\/a>\t\t<div class=\"tinvwl-tooltip\">Adicionar &agrave; lista de desejos<\/div>\n<\/div>\n<a href=\"https:\/\/lucasvasconcelos.com.br\/bumper\/produto\/panela-de-arroz-eletrica-electrolux-35l-efficient-visor-glass-por-rita-lobo-cor-preta-220v\/\" class=\"woocommerce-LoopProduct-link woocommerce-loop-product__link\"><div class=\"tp-image-wrapper\"><img decoding=\"async\" class=\"tp-image\" src=\"https:\/\/lucasvasconcelos.com.br\/bumper\/wp-content\/uploads\/2025\/01\/229383-800-auto-300x300.webp\" srcset=\"https:\/\/lucasvasconcelos.com.br\/bumper\/wp-content\/uploads\/2025\/01\/229383-800-auto-300x300.webp 300w, https:\/\/lucasvasconcelos.com.br\/bumper\/wp-content\/uploads\/2025\/01\/229383-800-auto-100x100.webp 100w, https:\/\/lucasvasconcelos.com.br\/bumper\/wp-content\/uploads\/2025\/01\/229383-800-auto-600x600.webp 600w, https:\/\/lucasvasconcelos.com.br\/bumper\/wp-content\/uploads\/2025\/01\/229383-800-auto-150x150.webp 150w, https:\/\/lucasvasconcelos.com.br\/bumper\/wp-content\/uploads\/2025\/01\/229383-800-auto-768x768.webp 768w, https:\/\/lucasvasconcelos.com.br\/bumper\/wp-content\/uploads\/2025\/01\/229383-800-auto.webp 800w\" sizes=\"(max-width: 360px) 100vw, 360px\" alt=\"Panela de Arroz El\u00e9trica Electrolux 3,5L Efficient Visor Glass por Rita Lobo Cor Preta - 220V\"><img decoding=\"async\" class=\"tp-image-hover\" src=\"https:\/\/lucasvasconcelos.com.br\/bumper\/wp-content\/uploads\/2025\/01\/229384-800-auto-300x300.webp\" srcset=\"https:\/\/lucasvasconcelos.com.br\/bumper\/wp-content\/uploads\/2025\/01\/229384-800-auto-300x300.webp 300w, https:\/\/lucasvasconcelos.com.br\/bumper\/wp-content\/uploads\/2025\/01\/229384-800-auto-100x100.webp 100w, https:\/\/lucasvasconcelos.com.br\/bumper\/wp-content\/uploads\/2025\/01\/229384-800-auto-600x600.webp 600w, https:\/\/lucasvasconcelos.com.br\/bumper\/wp-content\/uploads\/2025\/01\/229384-800-auto-150x150.webp 150w, https:\/\/lucasvasconcelos.com.br\/bumper\/wp-content\/uploads\/2025\/01\/229384-800-auto-768x768.webp 768w, https:\/\/lucasvasconcelos.com.br\/bumper\/wp-content\/uploads\/2025\/01\/229384-800-auto.webp 800w\" sizes=\"(max-width: 360px) 100vw, 360px\" alt=\"Panela de Arroz El\u00e9trica Electrolux 3,5L Efficient Visor Glass por Rita Lobo Cor Preta - 220V\"><\/div><a href=\"https:\/\/lucasvasconcelos.com.br\/bumper\/produto\/panela-de-arroz-eletrica-electrolux-35l-efficient-visor-glass-por-rita-lobo-cor-preta-220v\/\"><h2 class=\"woocommerce-loop-product__title\">Panela de Arroz El\u00e9trica Electrolux 3,5L Efficient Visor Glass por Rita Lobo Cor Preta &#8211; 220V<\/h2><\/a>\n\t<span class=\"price\">\r\n\t\t<div class=\"woo-custom-installments-group \">\r\n\t\t\t\r\n\t\t\t\r\n\t\t\t<div class=\"woo-custom-installments-group-main-price \">\r\n\t\t\t\t\t\t\t\t\t\t<span class=\"woo-custom-installments-price\"><span class=\"woocommerce-Price-amount amount\"><bdi><span class=\"woocommerce-Price-currencySymbol\">&#82;&#36;<\/span>276,90<\/bdi><\/span><\/span>\r\n\t\t\t\t\t\t\t\t<\/div>\r\n\r\n\t\t\t <span class=\"woo-custom-installments-card-container\"><span class=\"woo-custom-installments-details-without-fee\" data-end-installments=\"4\"><i class=\"wci-icon-best-installments icon-class fa-regular fa-credit-card\"><\/i><span class=\"woo-custom-installments-details best-value no-fee\">Em at\u00e9 4x de <span class=\"woocommerce-Price-amount amount\"><bdi><span class=\"woocommerce-Price-currencySymbol\">&#82;&#36;<\/span>69,23<\/bdi><\/span>  sem juros<\/span><\/span> <\/span><span class=\"woo-custom-installments-offer\"><i class=\"wci-icon-main-price icon-class fa-brands fa-pix\"><\/i><span class=\"discount-before-price\">\u00c0 vista<\/span><span class=\"discounted-price\"><span class=\"woocommerce-Price-amount amount\"><bdi><span class=\"woocommerce-Price-currencySymbol\">&#82;&#36;<\/span>263,06<\/bdi><\/span><\/span><span class=\"discount-after-price\">no Pix<\/span><\/span>\t\t<\/div>\r\n\r\n\t\t<\/span>\n<\/a><a href=\"\/bumper\/wp-json\/wp\/v2\/pages\/9?add-to-cart=339\" aria-describedby=\"woocommerce_loop_add_to_cart_link_describedby_339\" data-quantity=\"1\" class=\"button aux-ajax-add-to-cart product_type_simple add_to_cart_button\" data-product_id=\"339\" data-product_sku=\"ERC30-220V\" aria-label=\"Adicione ao carrinho: &ldquo;Panela de Arroz El\u00e9trica Electrolux 3,5L Efficient Visor Glass por Rita Lobo Cor Preta - 220V&rdquo;\" rel=\"nofollow\" data-success_message=\"\u201cPanela de Arroz El\u00e9trica Electrolux 3,5L Efficient Visor Glass por Rita Lobo Cor Preta - 220V\u201d foi adicionado ao seu carrinho\" data-product-type=\"simple\" data-verify_nonce=\"652f4b9134\" role=\"button\">Adicionar ao carrinho<\/a>\t<span id=\"woocommerce_loop_add_to_cart_link_describedby_339\" class=\"screen-reader-text\">\n\t\t\t<\/span>\n<\/li>\n<li class=\"product type-product post-340 status-publish last instock product_cat-arrozeira product_cat-eletroportateis product_cat-para-cozinha has-post-thumbnail shipping-taxable purchasable product-type-simple aux-remove-view-cart\">\n\t<div class=\"tinv-wraper woocommerce tinv-wishlist auxshp-wishlist-wrapper tinvwl-above_thumb-add-to-cart tinvwl-loop-button-wrapper tinvwl-woocommerce_before_shop_loop_item\"\n\t data-product_id=\"340\">\n\t<a role=\"button\" tabindex=\"0\" name=\"adicionar-lista-de-desejos\" aria-label=\"Adicionar &agrave; lista de desejos\" class=\"tinvwl_add_to_wishlist_button auxshp-wishlist   no-txt tinvwl-product-already-on-wishlist  tinvwl-position-above_thumb tinvwl-loop\" data-tinv-wl-list=\"[]\" data-tinv-wl-product=\"340\" data-tinv-wl-productvariation=\"0\" data-tinv-wl-productvariations=\"[]\" data-tinv-wl-producttype=\"simple\" data-tinv-wl-action=\"add\"><span class=\"aux-wishlist-icon aux-ico auxicon-heart-small-outline\"><\/span><\/a>\t\t<div class=\"tinvwl-tooltip\">Adicionar &agrave; lista de desejos<\/div>\n<\/div>\n<a href=\"https:\/\/lucasvasconcelos.com.br\/bumper\/produto\/panela-de-arroz-eletrica-electrolux-35l-efficient-2-em-1-por-rita-lobo-cor-inox-127v\/\" class=\"woocommerce-LoopProduct-link woocommerce-loop-product__link\"><div class=\"tp-image-wrapper\"><img decoding=\"async\" class=\"tp-image\" src=\"https:\/\/lucasvasconcelos.com.br\/bumper\/wp-content\/uploads\/2025\/01\/229372-800-auto-300x300.webp\" srcset=\"https:\/\/lucasvasconcelos.com.br\/bumper\/wp-content\/uploads\/2025\/01\/229372-800-auto-300x300.webp 300w, https:\/\/lucasvasconcelos.com.br\/bumper\/wp-content\/uploads\/2025\/01\/229372-800-auto-100x100.webp 100w, https:\/\/lucasvasconcelos.com.br\/bumper\/wp-content\/uploads\/2025\/01\/229372-800-auto-600x600.webp 600w, https:\/\/lucasvasconcelos.com.br\/bumper\/wp-content\/uploads\/2025\/01\/229372-800-auto-150x150.webp 150w, https:\/\/lucasvasconcelos.com.br\/bumper\/wp-content\/uploads\/2025\/01\/229372-800-auto-768x768.webp 768w, https:\/\/lucasvasconcelos.com.br\/bumper\/wp-content\/uploads\/2025\/01\/229372-800-auto.webp 800w\" sizes=\"(max-width: 360px) 100vw, 360px\" alt=\"Panela de Arroz El\u00e9trica Electrolux 3,5L Efficient 2 em 1 por Rita Lobo Cor Inox - 127V\"><img decoding=\"async\" class=\"tp-image-hover\" src=\"https:\/\/lucasvasconcelos.com.br\/bumper\/wp-content\/uploads\/2025\/01\/229373-800-auto-300x300.webp\" srcset=\"https:\/\/lucasvasconcelos.com.br\/bumper\/wp-content\/uploads\/2025\/01\/229373-800-auto-300x300.webp 300w, https:\/\/lucasvasconcelos.com.br\/bumper\/wp-content\/uploads\/2025\/01\/229373-800-auto-100x100.webp 100w, https:\/\/lucasvasconcelos.com.br\/bumper\/wp-content\/uploads\/2025\/01\/229373-800-auto-600x600.webp 600w, https:\/\/lucasvasconcelos.com.br\/bumper\/wp-content\/uploads\/2025\/01\/229373-800-auto-150x150.webp 150w, https:\/\/lucasvasconcelos.com.br\/bumper\/wp-content\/uploads\/2025\/01\/229373-800-auto-768x768.webp 768w, https:\/\/lucasvasconcelos.com.br\/bumper\/wp-content\/uploads\/2025\/01\/229373-800-auto.webp 800w\" sizes=\"(max-width: 360px) 100vw, 360px\" alt=\"Panela de Arroz El\u00e9trica Electrolux 3,5L Efficient 2 em 1 por Rita Lobo Cor Inox - 127V\"><\/div><a href=\"https:\/\/lucasvasconcelos.com.br\/bumper\/produto\/panela-de-arroz-eletrica-electrolux-35l-efficient-2-em-1-por-rita-lobo-cor-inox-127v\/\"><h2 class=\"woocommerce-loop-product__title\">Panela de Arroz El\u00e9trica Electrolux 3,5L Efficient 2 em 1 por Rita Lobo Cor Inox &#8211; 127V<\/h2><\/a>\n\t<span class=\"price\">\r\n\t\t<div class=\"woo-custom-installments-group \">\r\n\t\t\t\r\n\t\t\t\r\n\t\t\t<div class=\"woo-custom-installments-group-main-price \">\r\n\t\t\t\t\t\t\t\t\t\t<span class=\"woo-custom-installments-price\"><span class=\"woocommerce-Price-amount amount\"><bdi><span class=\"woocommerce-Price-currencySymbol\">&#82;&#36;<\/span>250,90<\/bdi><\/span><\/span>\r\n\t\t\t\t\t\t\t\t<\/div>\r\n\r\n\t\t\t <span class=\"woo-custom-installments-card-container\"><span class=\"woo-custom-installments-details-without-fee\" data-end-installments=\"4\"><i class=\"wci-icon-best-installments icon-class fa-regular fa-credit-card\"><\/i><span class=\"woo-custom-installments-details best-value no-fee\">Em at\u00e9 4x de <span class=\"woocommerce-Price-amount amount\"><bdi><span class=\"woocommerce-Price-currencySymbol\">&#82;&#36;<\/span>62,73<\/bdi><\/span>  sem juros<\/span><\/span> <\/span><span class=\"woo-custom-installments-offer\"><i class=\"wci-icon-main-price icon-class fa-brands fa-pix\"><\/i><span class=\"discount-before-price\">\u00c0 vista<\/span><span class=\"discounted-price\"><span class=\"woocommerce-Price-amount amount\"><bdi><span class=\"woocommerce-Price-currencySymbol\">&#82;&#36;<\/span>238,36<\/bdi><\/span><\/span><span class=\"discount-after-price\">no Pix<\/span><\/span>\t\t<\/div>\r\n\r\n\t\t<\/span>\n<\/a><a href=\"\/bumper\/wp-json\/wp\/v2\/pages\/9?add-to-cart=340\" aria-describedby=\"woocommerce_loop_add_to_cart_link_describedby_340\" data-quantity=\"1\" class=\"button aux-ajax-add-to-cart product_type_simple add_to_cart_button\" data-product_id=\"340\" data-product_sku=\"ERC20-110V\" aria-label=\"Adicione ao carrinho: &ldquo;Panela de Arroz El\u00e9trica Electrolux 3,5L Efficient 2 em 1 por Rita Lobo Cor Inox - 127V&rdquo;\" rel=\"nofollow\" data-success_message=\"\u201cPanela de Arroz El\u00e9trica Electrolux 3,5L Efficient 2 em 1 por Rita Lobo Cor Inox - 127V\u201d foi adicionado ao seu carrinho\" data-product-type=\"simple\" data-verify_nonce=\"ed9193b25a\" role=\"button\">Adicionar ao carrinho<\/a>\t<span id=\"woocommerce_loop_add_to_cart_link_describedby_340\" class=\"screen-reader-text\">\n\t\t\t<\/span>\n<\/li>\n<li class=\"product type-product post-341 status-publish first instock product_cat-arrozeira product_cat-eletroportateis product_cat-para-cozinha has-post-thumbnail shipping-taxable purchasable product-type-simple aux-remove-view-cart\">\n\t<div class=\"tinv-wraper woocommerce tinv-wishlist auxshp-wishlist-wrapper tinvwl-above_thumb-add-to-cart tinvwl-loop-button-wrapper tinvwl-woocommerce_before_shop_loop_item\"\n\t data-product_id=\"341\">\n\t<a role=\"button\" tabindex=\"0\" name=\"adicionar-lista-de-desejos\" aria-label=\"Adicionar &agrave; lista de desejos\" class=\"tinvwl_add_to_wishlist_button auxshp-wishlist   no-txt tinvwl-product-already-on-wishlist  tinvwl-position-above_thumb tinvwl-loop\" data-tinv-wl-list=\"[]\" data-tinv-wl-product=\"341\" data-tinv-wl-productvariation=\"0\" data-tinv-wl-productvariations=\"[]\" data-tinv-wl-producttype=\"simple\" data-tinv-wl-action=\"add\"><span class=\"aux-wishlist-icon aux-ico auxicon-heart-small-outline\"><\/span><\/a>\t\t<div class=\"tinvwl-tooltip\">Adicionar &agrave; lista de desejos<\/div>\n<\/div>\n<a href=\"https:\/\/lucasvasconcelos.com.br\/bumper\/produto\/panela-de-arroz-eletrica-electrolux-35l-efficient-2-em-1-por-rita-lobo-cor-inox-220v\/\" class=\"woocommerce-LoopProduct-link woocommerce-loop-product__link\"><div class=\"tp-image-wrapper\"><img decoding=\"async\" class=\"tp-image\" src=\"https:\/\/lucasvasconcelos.com.br\/bumper\/wp-content\/uploads\/2025\/01\/229372-800-auto-300x300.webp\" srcset=\"https:\/\/lucasvasconcelos.com.br\/bumper\/wp-content\/uploads\/2025\/01\/229372-800-auto-300x300.webp 300w, https:\/\/lucasvasconcelos.com.br\/bumper\/wp-content\/uploads\/2025\/01\/229372-800-auto-100x100.webp 100w, https:\/\/lucasvasconcelos.com.br\/bumper\/wp-content\/uploads\/2025\/01\/229372-800-auto-600x600.webp 600w, https:\/\/lucasvasconcelos.com.br\/bumper\/wp-content\/uploads\/2025\/01\/229372-800-auto-150x150.webp 150w, https:\/\/lucasvasconcelos.com.br\/bumper\/wp-content\/uploads\/2025\/01\/229372-800-auto-768x768.webp 768w, https:\/\/lucasvasconcelos.com.br\/bumper\/wp-content\/uploads\/2025\/01\/229372-800-auto.webp 800w\" sizes=\"(max-width: 360px) 100vw, 360px\" alt=\"Panela de Arroz El\u00e9trica Electrolux 3,5L Efficient 2 em 1 por Rita Lobo Cor Inox - 220V\"><img decoding=\"async\" class=\"tp-image-hover\" src=\"https:\/\/lucasvasconcelos.com.br\/bumper\/wp-content\/uploads\/2025\/01\/229373-800-auto-300x300.webp\" srcset=\"https:\/\/lucasvasconcelos.com.br\/bumper\/wp-content\/uploads\/2025\/01\/229373-800-auto-300x300.webp 300w, https:\/\/lucasvasconcelos.com.br\/bumper\/wp-content\/uploads\/2025\/01\/229373-800-auto-100x100.webp 100w, https:\/\/lucasvasconcelos.com.br\/bumper\/wp-content\/uploads\/2025\/01\/229373-800-auto-600x600.webp 600w, https:\/\/lucasvasconcelos.com.br\/bumper\/wp-content\/uploads\/2025\/01\/229373-800-auto-150x150.webp 150w, https:\/\/lucasvasconcelos.com.br\/bumper\/wp-content\/uploads\/2025\/01\/229373-800-auto-768x768.webp 768w, https:\/\/lucasvasconcelos.com.br\/bumper\/wp-content\/uploads\/2025\/01\/229373-800-auto.webp 800w\" sizes=\"(max-width: 360px) 100vw, 360px\" alt=\"Panela de Arroz El\u00e9trica Electrolux 3,5L Efficient 2 em 1 por Rita Lobo Cor Inox - 220V\"><\/div><a href=\"https:\/\/lucasvasconcelos.com.br\/bumper\/produto\/panela-de-arroz-eletrica-electrolux-35l-efficient-2-em-1-por-rita-lobo-cor-inox-220v\/\"><h2 class=\"woocommerce-loop-product__title\">Panela de Arroz El\u00e9trica Electrolux 3,5L Efficient 2 em 1 por Rita Lobo Cor Inox &#8211; 220V<\/h2><\/a>\n\t<span class=\"price\">\r\n\t\t<div class=\"woo-custom-installments-group \">\r\n\t\t\t\r\n\t\t\t\r\n\t\t\t<div class=\"woo-custom-installments-group-main-price \">\r\n\t\t\t\t\t\t\t\t\t\t<span class=\"woo-custom-installments-price\"><span class=\"woocommerce-Price-amount amount\"><bdi><span class=\"woocommerce-Price-currencySymbol\">&#82;&#36;<\/span>250,90<\/bdi><\/span><\/span>\r\n\t\t\t\t\t\t\t\t<\/div>\r\n\r\n\t\t\t <span class=\"woo-custom-installments-card-container\"><span class=\"woo-custom-installments-details-without-fee\" data-end-installments=\"4\"><i class=\"wci-icon-best-installments icon-class fa-regular fa-credit-card\"><\/i><span class=\"woo-custom-installments-details best-value no-fee\">Em at\u00e9 4x de <span class=\"woocommerce-Price-amount amount\"><bdi><span class=\"woocommerce-Price-currencySymbol\">&#82;&#36;<\/span>62,73<\/bdi><\/span>  sem juros<\/span><\/span> <\/span><span class=\"woo-custom-installments-offer\"><i class=\"wci-icon-main-price icon-class fa-brands fa-pix\"><\/i><span class=\"discount-before-price\">\u00c0 vista<\/span><span class=\"discounted-price\"><span class=\"woocommerce-Price-amount amount\"><bdi><span class=\"woocommerce-Price-currencySymbol\">&#82;&#36;<\/span>238,36<\/bdi><\/span><\/span><span class=\"discount-after-price\">no Pix<\/span><\/span>\t\t<\/div>\r\n\r\n\t\t<\/span>\n<\/a><a href=\"\/bumper\/wp-json\/wp\/v2\/pages\/9?add-to-cart=341\" aria-describedby=\"woocommerce_loop_add_to_cart_link_describedby_341\" data-quantity=\"1\" class=\"button aux-ajax-add-to-cart product_type_simple add_to_cart_button\" data-product_id=\"341\" data-product_sku=\"ERC20-220V\" aria-label=\"Adicione ao carrinho: &ldquo;Panela de Arroz El\u00e9trica Electrolux 3,5L Efficient 2 em 1 por Rita Lobo Cor Inox - 220V&rdquo;\" rel=\"nofollow\" data-success_message=\"\u201cPanela de Arroz El\u00e9trica Electrolux 3,5L Efficient 2 em 1 por Rita Lobo Cor Inox - 220V\u201d foi adicionado ao seu carrinho\" data-product-type=\"simple\" data-verify_nonce=\"1d7fbd67de\" role=\"button\">Adicionar ao carrinho<\/a>\t<span id=\"woocommerce_loop_add_to_cart_link_describedby_341\" class=\"screen-reader-text\">\n\t\t\t<\/span>\n<\/li>\n<li class=\"product type-product post-345 status-publish instock product_cat-arrozeira product_cat-eletroportateis product_cat-para-cozinha product_tag-novos-produtos has-post-thumbnail shipping-taxable purchasable product-type-simple aux-remove-view-cart\">\n\t<div class=\"tinv-wraper woocommerce tinv-wishlist auxshp-wishlist-wrapper tinvwl-above_thumb-add-to-cart tinvwl-loop-button-wrapper tinvwl-woocommerce_before_shop_loop_item\"\n\t data-product_id=\"345\">\n\t<a role=\"button\" tabindex=\"0\" name=\"adicionar-lista-de-desejos\" aria-label=\"Adicionar &agrave; lista de desejos\" class=\"tinvwl_add_to_wishlist_button auxshp-wishlist   no-txt tinvwl-product-already-on-wishlist  tinvwl-position-above_thumb tinvwl-loop\" data-tinv-wl-list=\"[]\" data-tinv-wl-product=\"345\" data-tinv-wl-productvariation=\"0\" data-tinv-wl-productvariations=\"[]\" data-tinv-wl-producttype=\"simple\" data-tinv-wl-action=\"add\"><span class=\"aux-wishlist-icon aux-ico auxicon-heart-small-outline\"><\/span><\/a>\t\t<div class=\"tinvwl-tooltip\">Adicionar &agrave; lista de desejos<\/div>\n<\/div>\n<a href=\"https:\/\/lucasvasconcelos.com.br\/bumper\/produto\/panela-de-arroz-eletrica-agratto-6-xicaras-cor-branca-pa6x-127v\/\" class=\"woocommerce-LoopProduct-link woocommerce-loop-product__link\"><div class=\"tp-image-wrapper\"><img decoding=\"async\" class=\"tp-image\" src=\"https:\/\/lucasvasconcelos.com.br\/bumper\/wp-content\/uploads\/2025\/01\/2090344900-1587768118-300x300.jpg\" srcset=\"https:\/\/lucasvasconcelos.com.br\/bumper\/wp-content\/uploads\/2025\/01\/2090344900-1587768118-300x300.jpg 300w, https:\/\/lucasvasconcelos.com.br\/bumper\/wp-content\/uploads\/2025\/01\/2090344900-1587768118-100x100.jpg 100w, https:\/\/lucasvasconcelos.com.br\/bumper\/wp-content\/uploads\/2025\/01\/2090344900-1587768118-800x800.jpg 800w, https:\/\/lucasvasconcelos.com.br\/bumper\/wp-content\/uploads\/2025\/01\/2090344900-1587768118-150x150.jpg 150w, https:\/\/lucasvasconcelos.com.br\/bumper\/wp-content\/uploads\/2025\/01\/2090344900-1587768118-768x768.jpg 768w, https:\/\/lucasvasconcelos.com.br\/bumper\/wp-content\/uploads\/2025\/01\/2090344900-1587768118.jpg 1000w\" sizes=\"(max-width: 360px) 100vw, 360px\" alt=\"Panela de Arroz El\u00e9trica Agratto 6 X\u00edcaras Cor Branca (PA6X) - 127V\"><img decoding=\"async\" class=\"tp-image-hover\" src=\"https:\/\/lucasvasconcelos.com.br\/bumper\/wp-content\/uploads\/2025\/01\/2090344899-1587768118-300x300.jpg\" srcset=\"https:\/\/lucasvasconcelos.com.br\/bumper\/wp-content\/uploads\/2025\/01\/2090344899-1587768118-300x300.jpg 300w, https:\/\/lucasvasconcelos.com.br\/bumper\/wp-content\/uploads\/2025\/01\/2090344899-1587768118-100x100.jpg 100w, https:\/\/lucasvasconcelos.com.br\/bumper\/wp-content\/uploads\/2025\/01\/2090344899-1587768118-800x800.jpg 800w, https:\/\/lucasvasconcelos.com.br\/bumper\/wp-content\/uploads\/2025\/01\/2090344899-1587768118-150x150.jpg 150w, https:\/\/lucasvasconcelos.com.br\/bumper\/wp-content\/uploads\/2025\/01\/2090344899-1587768118-768x768.jpg 768w, https:\/\/lucasvasconcelos.com.br\/bumper\/wp-content\/uploads\/2025\/01\/2090344899-1587768118.jpg 1000w\" sizes=\"(max-width: 360px) 100vw, 360px\" alt=\"Panela de Arroz El\u00e9trica Agratto 6 X\u00edcaras Cor Branca (PA6X) - 127V\"><\/div><a href=\"https:\/\/lucasvasconcelos.com.br\/bumper\/produto\/panela-de-arroz-eletrica-agratto-6-xicaras-cor-branca-pa6x-127v\/\"><h2 class=\"woocommerce-loop-product__title\">Panela de Arroz El\u00e9trica Agratto 6 X\u00edcaras Cor Branca (PA6X) &#8211; 127V<\/h2><\/a>\n\t<span class=\"price\">\r\n\t\t<div class=\"woo-custom-installments-group \">\r\n\t\t\t\r\n\t\t\t\r\n\t\t\t<div class=\"woo-custom-installments-group-main-price \">\r\n\t\t\t\t\t\t\t\t\t\t<span class=\"woo-custom-installments-price\"><span class=\"woocommerce-Price-amount amount\"><bdi><span class=\"woocommerce-Price-currencySymbol\">&#82;&#36;<\/span>136,90<\/bdi><\/span><\/span>\r\n\t\t\t\t\t\t\t\t<\/div>\r\n\r\n\t\t\t <span class=\"woo-custom-installments-card-container\"><span class=\"woo-custom-installments-details-without-fee\" data-end-installments=\"4\"><i class=\"wci-icon-best-installments icon-class fa-regular fa-credit-card\"><\/i><span class=\"woo-custom-installments-details best-value no-fee\">Em at\u00e9 4x de <span class=\"woocommerce-Price-amount amount\"><bdi><span class=\"woocommerce-Price-currencySymbol\">&#82;&#36;<\/span>34,23<\/bdi><\/span>  sem juros<\/span><\/span> <\/span><span class=\"woo-custom-installments-offer\"><i class=\"wci-icon-main-price icon-class fa-brands fa-pix\"><\/i><span class=\"discount-before-price\">\u00c0 vista<\/span><span class=\"discounted-price\"><span class=\"woocommerce-Price-amount amount\"><bdi><span class=\"woocommerce-Price-currencySymbol\">&#82;&#36;<\/span>130,06<\/bdi><\/span><\/span><span class=\"discount-after-price\">no Pix<\/span><\/span>\t\t<\/div>\r\n\r\n\t\t<\/span>\n<\/a><a href=\"\/bumper\/wp-json\/wp\/v2\/pages\/9?add-to-cart=345\" aria-describedby=\"woocommerce_loop_add_to_cart_link_describedby_345\" data-quantity=\"1\" class=\"button aux-ajax-add-to-cart product_type_simple add_to_cart_button\" data-product_id=\"345\" data-product_sku=\"PA6X-BRANCO-127V\" aria-label=\"Adicione ao carrinho: &ldquo;Panela de Arroz El\u00e9trica Agratto 6 X\u00edcaras Cor Branca (PA6X) - 127V&rdquo;\" rel=\"nofollow\" data-success_message=\"\u201cPanela de Arroz El\u00e9trica Agratto 6 X\u00edcaras Cor Branca (PA6X) - 127V\u201d foi adicionado ao seu carrinho\" data-product-type=\"simple\" data-verify_nonce=\"91eeeb7a52\" role=\"button\">Adicionar ao carrinho<\/a>\t<span id=\"woocommerce_loop_add_to_cart_link_describedby_345\" class=\"screen-reader-text\">\n\t\t\t<\/span>\n<\/li>\n<li class=\"product type-product post-348 status-publish instock product_cat-acessorios-para-lavadoras product_cat-para-cozinha product_cat-pecas-e-acessorios product_tag-acessorios-para-lavadoras has-post-thumbnail shipping-taxable purchasable product-type-simple aux-remove-view-cart\">\n\t<div class=\"tinv-wraper woocommerce tinv-wishlist auxshp-wishlist-wrapper tinvwl-above_thumb-add-to-cart tinvwl-loop-button-wrapper tinvwl-woocommerce_before_shop_loop_item\"\n\t data-product_id=\"348\">\n\t<a role=\"button\" tabindex=\"0\" name=\"adicionar-lista-de-desejos\" aria-label=\"Adicionar &agrave; lista de desejos\" class=\"tinvwl_add_to_wishlist_button auxshp-wishlist   no-txt tinvwl-product-already-on-wishlist  tinvwl-position-above_thumb tinvwl-loop\" data-tinv-wl-list=\"[]\" data-tinv-wl-product=\"348\" data-tinv-wl-productvariation=\"0\" data-tinv-wl-productvariations=\"[]\" data-tinv-wl-producttype=\"simple\" data-tinv-wl-action=\"add\"><span class=\"aux-wishlist-icon aux-ico auxicon-heart-small-outline\"><\/span><\/a>\t\t<div class=\"tinvwl-tooltip\">Adicionar &agrave; lista de desejos<\/div>\n<\/div>\n<a href=\"https:\/\/lucasvasconcelos.com.br\/bumper\/produto\/capa-para-maquina-de-lavar-electrolux-10kg-a-16kg-cor-cinza\/\" class=\"woocommerce-LoopProduct-link woocommerce-loop-product__link\"><div class=\"tp-image-wrapper\"><img decoding=\"async\" class=\"tp-image\" src=\"https:\/\/lucasvasconcelos.com.br\/bumper\/wp-content\/uploads\/2025\/01\/215181-800-auto-300x300.webp\" srcset=\"https:\/\/lucasvasconcelos.com.br\/bumper\/wp-content\/uploads\/2025\/01\/215181-800-auto-300x300.webp 300w, https:\/\/lucasvasconcelos.com.br\/bumper\/wp-content\/uploads\/2025\/01\/215181-800-auto-100x100.webp 100w, https:\/\/lucasvasconcelos.com.br\/bumper\/wp-content\/uploads\/2025\/01\/215181-800-auto-150x150.webp 150w, https:\/\/lucasvasconcelos.com.br\/bumper\/wp-content\/uploads\/2025\/01\/215181-800-auto-768x768.webp 768w, https:\/\/lucasvasconcelos.com.br\/bumper\/wp-content\/uploads\/2025\/01\/215181-800-auto-200x200.webp 200w, https:\/\/lucasvasconcelos.com.br\/bumper\/wp-content\/uploads\/2025\/01\/215181-800-auto-600x600.webp 600w, https:\/\/lucasvasconcelos.com.br\/bumper\/wp-content\/uploads\/2025\/01\/215181-800-auto.webp 800w\" sizes=\"(max-width: 360px) 100vw, 360px\" alt=\"Capa para M\u00e1quina de Lavar Electrolux 10kg a 16kg Cor Cinza\"><img decoding=\"async\" class=\"tp-image-hover\" src=\"https:\/\/lucasvasconcelos.com.br\/bumper\/wp-content\/uploads\/2025\/01\/200719-800-auto-300x300.webp\" srcset=\"https:\/\/lucasvasconcelos.com.br\/bumper\/wp-content\/uploads\/2025\/01\/200719-800-auto-300x300.webp 300w, https:\/\/lucasvasconcelos.com.br\/bumper\/wp-content\/uploads\/2025\/01\/200719-800-auto-100x100.webp 100w, https:\/\/lucasvasconcelos.com.br\/bumper\/wp-content\/uploads\/2025\/01\/200719-800-auto-150x150.webp 150w, https:\/\/lucasvasconcelos.com.br\/bumper\/wp-content\/uploads\/2025\/01\/200719-800-auto-768x768.webp 768w, https:\/\/lucasvasconcelos.com.br\/bumper\/wp-content\/uploads\/2025\/01\/200719-800-auto-200x200.webp 200w, https:\/\/lucasvasconcelos.com.br\/bumper\/wp-content\/uploads\/2025\/01\/200719-800-auto-600x600.webp 600w, https:\/\/lucasvasconcelos.com.br\/bumper\/wp-content\/uploads\/2025\/01\/200719-800-auto.webp 800w\" sizes=\"(max-width: 360px) 100vw, 360px\" alt=\"Capa para M\u00e1quina de Lavar Electrolux 10kg a 16kg Cor Cinza\"><\/div><a href=\"https:\/\/lucasvasconcelos.com.br\/bumper\/produto\/capa-para-maquina-de-lavar-electrolux-10kg-a-16kg-cor-cinza\/\"><h2 class=\"woocommerce-loop-product__title\">Capa para M\u00e1quina de Lavar Electrolux 10kg a 16kg Cor Cinza<\/h2><\/a>\n\t<span class=\"price\">\r\n\t\t<div class=\"woo-custom-installments-group \">\r\n\t\t\t\r\n\t\t\t\r\n\t\t\t<div class=\"woo-custom-installments-group-main-price \">\r\n\t\t\t\t\t\t\t\t\t\t<span class=\"woo-custom-installments-price\"><span class=\"woocommerce-Price-amount amount\"><bdi><span class=\"woocommerce-Price-currencySymbol\">&#82;&#36;<\/span>68,90<\/bdi><\/span><\/span>\r\n\t\t\t\t\t\t\t\t<\/div>\r\n\r\n\t\t\t <span class=\"woo-custom-installments-card-container\"><span class=\"woo-custom-installments-details-without-fee\" data-end-installments=\"3\"><i class=\"wci-icon-best-installments icon-class fa-regular fa-credit-card\"><\/i><span class=\"woo-custom-installments-details best-value no-fee\">Em at\u00e9 3x de <span class=\"woocommerce-Price-amount amount\"><bdi><span class=\"woocommerce-Price-currencySymbol\">&#82;&#36;<\/span>22,97<\/bdi><\/span>  sem juros<\/span><\/span> <\/span><span class=\"woo-custom-installments-offer\"><i class=\"wci-icon-main-price icon-class fa-brands fa-pix\"><\/i><span class=\"discount-before-price\">\u00c0 vista<\/span><span class=\"discounted-price\"><span class=\"woocommerce-Price-amount amount\"><bdi><span class=\"woocommerce-Price-currencySymbol\">&#82;&#36;<\/span>65,46<\/bdi><\/span><\/span><span class=\"discount-after-price\">no Pix<\/span><\/span>\t\t<\/div>\r\n\r\n\t\t<\/span>\n<\/a><a href=\"\/bumper\/wp-json\/wp\/v2\/pages\/9?add-to-cart=348\" aria-describedby=\"woocommerce_loop_add_to_cart_link_describedby_348\" data-quantity=\"1\" class=\"button aux-ajax-add-to-cart product_type_simple add_to_cart_button\" data-product_id=\"348\" data-product_sku=\"41036669\" aria-label=\"Adicione ao carrinho: &ldquo;Capa para M\u00e1quina de Lavar Electrolux 10kg a 16kg Cor Cinza&rdquo;\" rel=\"nofollow\" data-success_message=\"\u201cCapa para M\u00e1quina de Lavar Electrolux 10kg a 16kg Cor Cinza\u201d foi adicionado ao seu carrinho\" data-product-type=\"simple\" data-verify_nonce=\"49457226f8\" role=\"button\">Adicionar ao carrinho<\/a>\t<span id=\"woocommerce_loop_add_to_cart_link_describedby_348\" class=\"screen-reader-text\">\n\t\t\t<\/span>\n<\/li>\n<li class=\"product type-product post-355 status-publish last instock product_cat-barbeador product_cat-cuidados-pessoais has-post-thumbnail shipping-taxable purchasable product-type-simple aux-remove-view-cart\">\n\t<div class=\"tinv-wraper woocommerce tinv-wishlist auxshp-wishlist-wrapper tinvwl-above_thumb-add-to-cart tinvwl-loop-button-wrapper tinvwl-woocommerce_before_shop_loop_item\"\n\t data-product_id=\"355\">\n\t<a role=\"button\" tabindex=\"0\" name=\"adicionar-lista-de-desejos\" aria-label=\"Adicionar &agrave; lista de desejos\" class=\"tinvwl_add_to_wishlist_button auxshp-wishlist   no-txt tinvwl-product-already-on-wishlist  tinvwl-position-above_thumb tinvwl-loop\" data-tinv-wl-list=\"[]\" data-tinv-wl-product=\"355\" data-tinv-wl-productvariation=\"0\" data-tinv-wl-productvariations=\"[]\" data-tinv-wl-producttype=\"simple\" data-tinv-wl-action=\"add\"><span class=\"aux-wishlist-icon aux-ico auxicon-heart-small-outline\"><\/span><\/a>\t\t<div class=\"tinvwl-tooltip\">Adicionar &agrave; lista de desejos<\/div>\n<\/div>\n<a href=\"https:\/\/lucasvasconcelos.com.br\/bumper\/produto\/aparador-de-pelos-philips-serie-3000-mg3721-77-7-em-1-bivolt\/\" class=\"woocommerce-LoopProduct-link woocommerce-loop-product__link\"><div class=\"tp-image-wrapper\"><img decoding=\"async\" class=\"tp-image\" src=\"https:\/\/lucasvasconcelos.com.br\/bumper\/wp-content\/uploads\/2025\/01\/2218362_02-300x300.webp\" srcset=\"https:\/\/lucasvasconcelos.com.br\/bumper\/wp-content\/uploads\/2025\/01\/2218362_02-300x300.webp 300w, https:\/\/lucasvasconcelos.com.br\/bumper\/wp-content\/uploads\/2025\/01\/2218362_02-100x100.webp 100w, https:\/\/lucasvasconcelos.com.br\/bumper\/wp-content\/uploads\/2025\/01\/2218362_02-150x150.webp 150w, https:\/\/lucasvasconcelos.com.br\/bumper\/wp-content\/uploads\/2025\/01\/2218362_02-200x200.webp 200w, https:\/\/lucasvasconcelos.com.br\/bumper\/wp-content\/uploads\/2025\/01\/2218362_02.webp 360w\" sizes=\"(max-width: 360px) 100vw, 360px\" alt=\"Aparador De Pelos Philips Serie 3000 MG3721\/77 7 Em 1  Bivolt\"><img decoding=\"async\" class=\"tp-image-hover\" src=\"https:\/\/lucasvasconcelos.com.br\/bumper\/wp-content\/uploads\/2025\/01\/D_NQ_NP_2X_807602-MLU72645321119_112023-F-300x300.webp\" srcset=\"https:\/\/lucasvasconcelos.com.br\/bumper\/wp-content\/uploads\/2025\/01\/D_NQ_NP_2X_807602-MLU72645321119_112023-F-300x300.webp 300w, https:\/\/lucasvasconcelos.com.br\/bumper\/wp-content\/uploads\/2025\/01\/D_NQ_NP_2X_807602-MLU72645321119_112023-F-100x100.webp 100w, https:\/\/lucasvasconcelos.com.br\/bumper\/wp-content\/uploads\/2025\/01\/D_NQ_NP_2X_807602-MLU72645321119_112023-F-150x150.webp 150w\" sizes=\"(max-width: 360px) 100vw, 360px\" alt=\"Aparador De Pelos Philips Serie 3000 MG3721\/77 7 Em 1  Bivolt\"><\/div><a href=\"https:\/\/lucasvasconcelos.com.br\/bumper\/produto\/aparador-de-pelos-philips-serie-3000-mg3721-77-7-em-1-bivolt\/\"><h2 class=\"woocommerce-loop-product__title\">Aparador De Pelos Philips Serie 3000 MG3721\/77 7 Em 1  Bivolt<\/h2><\/a>\n\t<span class=\"price\">\r\n\t\t<div class=\"woo-custom-installments-group \">\r\n\t\t\t\r\n\t\t\t\r\n\t\t\t<div class=\"woo-custom-installments-group-main-price \">\r\n\t\t\t\t\t\t\t\t\t\t<span class=\"woo-custom-installments-price\"><span class=\"woocommerce-Price-amount amount\"><bdi><span class=\"woocommerce-Price-currencySymbol\">&#82;&#36;<\/span>140,90<\/bdi><\/span><\/span>\r\n\t\t\t\t\t\t\t\t<\/div>\r\n\r\n\t\t\t <span class=\"woo-custom-installments-card-container\"><span class=\"woo-custom-installments-details-without-fee\" data-end-installments=\"4\"><i class=\"wci-icon-best-installments icon-class fa-regular fa-credit-card\"><\/i><span class=\"woo-custom-installments-details best-value no-fee\">Em at\u00e9 4x de <span class=\"woocommerce-Price-amount amount\"><bdi><span class=\"woocommerce-Price-currencySymbol\">&#82;&#36;<\/span>35,23<\/bdi><\/span>  sem juros<\/span><\/span> <\/span><span class=\"woo-custom-installments-offer\"><i class=\"wci-icon-main-price icon-class fa-brands fa-pix\"><\/i><span class=\"discount-before-price\">\u00c0 vista<\/span><span class=\"discounted-price\"><span class=\"woocommerce-Price-amount amount\"><bdi><span class=\"woocommerce-Price-currencySymbol\">&#82;&#36;<\/span>133,86<\/bdi><\/span><\/span><span class=\"discount-after-price\">no Pix<\/span><\/span>\t\t<\/div>\r\n\r\n\t\t<\/span>\n<\/a><a href=\"\/bumper\/wp-json\/wp\/v2\/pages\/9?add-to-cart=355\" aria-describedby=\"woocommerce_loop_add_to_cart_link_describedby_355\" data-quantity=\"1\" class=\"button aux-ajax-add-to-cart product_type_simple add_to_cart_button\" data-product_id=\"355\" data-product_sku=\"MG3721\" aria-label=\"Adicione ao carrinho: &ldquo;Aparador De Pelos Philips Serie 3000 MG3721\/77 7 Em 1  Bivolt&rdquo;\" rel=\"nofollow\" data-success_message=\"\u201cAparador De Pelos Philips Serie 3000 MG3721\/77 7 Em 1  Bivolt\u201d foi adicionado ao seu carrinho\" data-product-type=\"simple\" data-verify_nonce=\"e43bf43d1b\" role=\"button\">Adicionar ao carrinho<\/a>\t<span id=\"woocommerce_loop_add_to_cart_link_describedby_355\" class=\"screen-reader-text\">\n\t\t\t<\/span>\n<\/li>\n<\/ul>\n<\/div><\/div>\n\t\t\t\t\t\t<\/div>\n\t\t\t\t<\/div>\n\t\t\t\t<\/div>\n\t\t<div class=\"aux-parallax-section elementor-element elementor-element-e67f2cc e-con-full elementor-hidden-mobile e-flex e-con e-parent\" data-id=\"e67f2cc\" data-element_type=\"container\" data-e-type=\"container\">\n\t\t<div class=\"elementor-element elementor-element-d86ddc9 e-con-full e-flex e-con e-child\" data-id=\"d86ddc9\" data-element_type=\"container\" data-e-type=\"container\">\n\t\t\t\t<div class=\"elementor-element elementor-element-d76027d elementor-widget elementor-widget-shortcode\" data-id=\"d76027d\" data-element_type=\"widget\" data-e-type=\"widget\" data-widget_type=\"shortcode.default\">\n\t\t\t\t<div class=\"elementor-widget-container\">\n\t\t\t\t\t\t\t<div class=\"elementor-shortcode\"><div class=\"woocommerce columns-5 \"><span class=\"wpfHidden\" data-shortcode-attribute=\"{&quot;limit&quot;:&quot;5&quot;,&quot;columns&quot;:&quot;5&quot;,&quot;rows&quot;:&quot;&quot;,&quot;orderby&quot;:&quot;date&quot;,&quot;order&quot;:&quot;DESC&quot;,&quot;ids&quot;:&quot;&quot;,&quot;skus&quot;:&quot;&quot;,&quot;category&quot;:&quot;&quot;,&quot;cat_operator&quot;:&quot;IN&quot;,&quot;attribute&quot;:&quot;&quot;,&quot;terms&quot;:&quot;&quot;,&quot;terms_operator&quot;:&quot;IN&quot;,&quot;tag&quot;:&quot;&quot;,&quot;tag_operator&quot;:&quot;IN&quot;,&quot;visibility&quot;:&quot;visible&quot;,&quot;class&quot;:&quot;&quot;,&quot;page&quot;:1,&quot;paginate&quot;:false,&quot;cache&quot;:false}\"><\/span><ul class=\"products columns-5\">\n<li class=\"product type-product post-1645 status-publish first instock product_cat-eletroportateis product_cat-para-cozinha product_cat-sanduicheira has-post-thumbnail shipping-taxable purchasable product-type-simple aux-remove-view-cart\">\n\t<div class=\"tinv-wraper woocommerce tinv-wishlist auxshp-wishlist-wrapper tinvwl-above_thumb-add-to-cart tinvwl-loop-button-wrapper tinvwl-woocommerce_before_shop_loop_item\"\n\t data-product_id=\"1645\">\n\t<a role=\"button\" tabindex=\"0\" name=\"adicionar-lista-de-desejos\" aria-label=\"Adicionar &agrave; lista de desejos\" class=\"tinvwl_add_to_wishlist_button auxshp-wishlist   no-txt tinvwl-product-already-on-wishlist  tinvwl-position-above_thumb tinvwl-loop\" data-tinv-wl-list=\"[]\" data-tinv-wl-product=\"1645\" data-tinv-wl-productvariation=\"0\" data-tinv-wl-productvariations=\"[]\" data-tinv-wl-producttype=\"simple\" data-tinv-wl-action=\"add\"><span class=\"aux-wishlist-icon aux-ico auxicon-heart-small-outline\"><\/span><\/a>\t\t<div class=\"tinvwl-tooltip\">Adicionar &agrave; lista de desejos<\/div>\n<\/div>\n<a href=\"https:\/\/lucasvasconcelos.com.br\/bumper\/produto\/sanduicheira-eletrica-blackdecker-cocina-g1400-cor-inox-220v\/\" class=\"woocommerce-LoopProduct-link woocommerce-loop-product__link\"><div class=\"tp-image-wrapper\"><img decoding=\"async\" class=\"tp-image\" src=\"https:\/\/lucasvasconcelos.com.br\/bumper\/wp-content\/uploads\/2025\/01\/D_NQ_NP_699981-MLA73432937705_122023-O-300x300.webp\" srcset=\"https:\/\/lucasvasconcelos.com.br\/bumper\/wp-content\/uploads\/2025\/01\/D_NQ_NP_699981-MLA73432937705_122023-O-300x300.webp 300w, https:\/\/lucasvasconcelos.com.br\/bumper\/wp-content\/uploads\/2025\/01\/D_NQ_NP_699981-MLA73432937705_122023-O-150x150.webp 150w, https:\/\/lucasvasconcelos.com.br\/bumper\/wp-content\/uploads\/2025\/01\/D_NQ_NP_699981-MLA73432937705_122023-O-100x100.webp 100w\" sizes=\"(max-width: 360px) 100vw, 360px\" alt=\"Sanduicheira El\u00e9trica Black+Decker Cocina G1400 Cor Inox 220V\"><img decoding=\"async\" class=\"tp-image-hover\" src=\"https:\/\/lucasvasconcelos.com.br\/bumper\/wp-content\/uploads\/2025\/01\/br-11134207-7r98o-lt8900ou9j3w93-300x300.jpeg\" srcset=\"https:\/\/lucasvasconcelos.com.br\/bumper\/wp-content\/uploads\/2025\/01\/br-11134207-7r98o-lt8900ou9j3w93-300x300.jpeg 300w, https:\/\/lucasvasconcelos.com.br\/bumper\/wp-content\/uploads\/2025\/01\/br-11134207-7r98o-lt8900ou9j3w93-150x150.jpeg 150w, https:\/\/lucasvasconcelos.com.br\/bumper\/wp-content\/uploads\/2025\/01\/br-11134207-7r98o-lt8900ou9j3w93-200x200.jpeg 200w, https:\/\/lucasvasconcelos.com.br\/bumper\/wp-content\/uploads\/2025\/01\/br-11134207-7r98o-lt8900ou9j3w93-100x100.jpeg 100w, https:\/\/lucasvasconcelos.com.br\/bumper\/wp-content\/uploads\/2025\/01\/br-11134207-7r98o-lt8900ou9j3w93.jpeg 500w\" sizes=\"(max-width: 360px) 100vw, 360px\" alt=\"Sanduicheira El\u00e9trica Black+Decker Cocina G1400 Cor Inox 220V\"><\/div><a href=\"https:\/\/lucasvasconcelos.com.br\/bumper\/produto\/sanduicheira-eletrica-blackdecker-cocina-g1400-cor-inox-220v\/\"><h2 class=\"woocommerce-loop-product__title\">Sanduicheira El\u00e9trica Black+Decker Cocina G1400 Cor Inox 220V<\/h2><\/a>\n\t<span class=\"price\">\r\n\t\t<div class=\"woo-custom-installments-group \">\r\n\t\t\t\r\n\t\t\t\r\n\t\t\t<div class=\"woo-custom-installments-group-main-price \">\r\n\t\t\t\t\t\t\t\t\t\t<span class=\"woo-custom-installments-price\"><span class=\"woocommerce-Price-amount amount\"><bdi><span class=\"woocommerce-Price-currencySymbol\">&#82;&#36;<\/span>337,90<\/bdi><\/span><\/span>\r\n\t\t\t\t\t\t\t\t<\/div>\r\n\r\n\t\t\t <span class=\"woo-custom-installments-card-container\"><span class=\"woo-custom-installments-details-without-fee\" data-end-installments=\"4\"><i class=\"wci-icon-best-installments icon-class fa-regular fa-credit-card\"><\/i><span class=\"woo-custom-installments-details best-value no-fee\">Em at\u00e9 4x de <span class=\"woocommerce-Price-amount amount\"><bdi><span class=\"woocommerce-Price-currencySymbol\">&#82;&#36;<\/span>84,48<\/bdi><\/span>  sem juros<\/span><\/span> <\/span><span class=\"woo-custom-installments-offer\"><i class=\"wci-icon-main-price icon-class fa-brands fa-pix\"><\/i><span class=\"discount-before-price\">\u00c0 vista<\/span><span class=\"discounted-price\"><span class=\"woocommerce-Price-amount amount\"><bdi><span class=\"woocommerce-Price-currencySymbol\">&#82;&#36;<\/span>321,01<\/bdi><\/span><\/span><span class=\"discount-after-price\">no Pix<\/span><\/span>\t\t<\/div>\r\n\r\n\t\t<\/span>\n<\/a><a href=\"\/bumper\/wp-json\/wp\/v2\/pages\/9?add-to-cart=1645\" aria-describedby=\"woocommerce_loop_add_to_cart_link_describedby_1645\" data-quantity=\"1\" class=\"button aux-ajax-add-to-cart product_type_simple add_to_cart_button\" data-product_id=\"1645\" data-product_sku=\"G1400-220V\" aria-label=\"Adicione ao carrinho: &ldquo;Sanduicheira El\u00e9trica Black+Decker Cocina G1400 Cor Inox 220V&rdquo;\" rel=\"nofollow\" data-success_message=\"\u201cSanduicheira El\u00e9trica Black+Decker Cocina G1400 Cor Inox 220V\u201d foi adicionado ao seu carrinho\" data-product-type=\"simple\" data-verify_nonce=\"a2b31fca41\" role=\"button\">Adicionar ao carrinho<\/a>\t<span id=\"woocommerce_loop_add_to_cart_link_describedby_1645\" class=\"screen-reader-text\">\n\t\t\t<\/span>\n<\/li>\n<li class=\"product type-product post-1644 status-publish instock product_cat-eletroportateis product_cat-grill-eletrico product_cat-para-cozinha has-post-thumbnail shipping-taxable purchasable product-type-simple aux-remove-view-cart\">\n\t<div class=\"tinv-wraper woocommerce tinv-wishlist auxshp-wishlist-wrapper tinvwl-above_thumb-add-to-cart tinvwl-loop-button-wrapper tinvwl-woocommerce_before_shop_loop_item\"\n\t data-product_id=\"1644\">\n\t<a role=\"button\" tabindex=\"0\" name=\"adicionar-lista-de-desejos\" aria-label=\"Adicionar &agrave; lista de desejos\" class=\"tinvwl_add_to_wishlist_button auxshp-wishlist   no-txt tinvwl-product-already-on-wishlist  tinvwl-position-above_thumb tinvwl-loop\" data-tinv-wl-list=\"[]\" data-tinv-wl-product=\"1644\" data-tinv-wl-productvariation=\"0\" data-tinv-wl-productvariations=\"[]\" data-tinv-wl-producttype=\"simple\" data-tinv-wl-action=\"add\"><span class=\"aux-wishlist-icon aux-ico auxicon-heart-small-outline\"><\/span><\/a>\t\t<div class=\"tinvwl-tooltip\">Adicionar &agrave; lista de desejos<\/div>\n<\/div>\n<a href=\"https:\/\/lucasvasconcelos.com.br\/bumper\/produto\/panela-grill-lenoxx-eletrico-multifuncional-gourmet-pgr151\/\" class=\"woocommerce-LoopProduct-link woocommerce-loop-product__link\"><div class=\"tp-image-wrapper\"><img decoding=\"async\" class=\"tp-image\" src=\"https:\/\/lucasvasconcelos.com.br\/bumper\/wp-content\/uploads\/2025\/01\/31523958_1-300x300.webp\" srcset=\"https:\/\/lucasvasconcelos.com.br\/bumper\/wp-content\/uploads\/2025\/01\/31523958_1-300x300.webp 300w, https:\/\/lucasvasconcelos.com.br\/bumper\/wp-content\/uploads\/2025\/01\/31523958_1-150x150.webp 150w, https:\/\/lucasvasconcelos.com.br\/bumper\/wp-content\/uploads\/2025\/01\/31523958_1-768x768.webp 768w, https:\/\/lucasvasconcelos.com.br\/bumper\/wp-content\/uploads\/2025\/01\/31523958_1-200x200.webp 200w, https:\/\/lucasvasconcelos.com.br\/bumper\/wp-content\/uploads\/2025\/01\/31523958_1-800x800.webp 800w, https:\/\/lucasvasconcelos.com.br\/bumper\/wp-content\/uploads\/2025\/01\/31523958_1-100x100.webp 100w, https:\/\/lucasvasconcelos.com.br\/bumper\/wp-content\/uploads\/2025\/01\/31523958_1.webp 1000w\" sizes=\"(max-width: 360px) 100vw, 360px\" alt=\"Panela Grill Lenoxx El\u00e9trico Multifuncional Gourmet Pgr151\"><img decoding=\"async\" class=\"tp-image-hover\" src=\"https:\/\/lucasvasconcelos.com.br\/bumper\/wp-content\/uploads\/2025\/01\/D_NQ_NP_604927-MLU70499827358_072023-O-300x300.webp\" srcset=\"https:\/\/lucasvasconcelos.com.br\/bumper\/wp-content\/uploads\/2025\/01\/D_NQ_NP_604927-MLU70499827358_072023-O-300x300.webp 300w, https:\/\/lucasvasconcelos.com.br\/bumper\/wp-content\/uploads\/2025\/01\/D_NQ_NP_604927-MLU70499827358_072023-O-150x150.webp 150w, https:\/\/lucasvasconcelos.com.br\/bumper\/wp-content\/uploads\/2025\/01\/D_NQ_NP_604927-MLU70499827358_072023-O-100x100.webp 100w\" sizes=\"(max-width: 360px) 100vw, 360px\" alt=\"Panela Grill Lenoxx El\u00e9trico Multifuncional Gourmet Pgr151\"><\/div><a href=\"https:\/\/lucasvasconcelos.com.br\/bumper\/produto\/panela-grill-lenoxx-eletrico-multifuncional-gourmet-pgr151\/\"><h2 class=\"woocommerce-loop-product__title\">Panela Grill Lenoxx El\u00e9trico Multifuncional Gourmet Pgr151<\/h2><\/a>\n\t<span class=\"price\">\r\n\t\t<div class=\"woo-custom-installments-group \">\r\n\t\t\t\r\n\t\t\t\r\n\t\t\t<div class=\"woo-custom-installments-group-main-price \">\r\n\t\t\t\t\t\t\t\t\t\t<span class=\"woo-custom-installments-price\"><span class=\"woocommerce-Price-amount amount\"><bdi><span class=\"woocommerce-Price-currencySymbol\">&#82;&#36;<\/span>185,90<\/bdi><\/span><\/span>\r\n\t\t\t\t\t\t\t\t<\/div>\r\n\r\n\t\t\t <span class=\"woo-custom-installments-card-container\"><span class=\"woo-custom-installments-details-without-fee\" data-end-installments=\"4\"><i class=\"wci-icon-best-installments icon-class fa-regular fa-credit-card\"><\/i><span class=\"woo-custom-installments-details best-value no-fee\">Em at\u00e9 4x de <span class=\"woocommerce-Price-amount amount\"><bdi><span class=\"woocommerce-Price-currencySymbol\">&#82;&#36;<\/span>46,48<\/bdi><\/span>  sem juros<\/span><\/span> <\/span><span class=\"woo-custom-installments-offer\"><i class=\"wci-icon-main-price icon-class fa-brands fa-pix\"><\/i><span class=\"discount-before-price\">\u00c0 vista<\/span><span class=\"discounted-price\"><span class=\"woocommerce-Price-amount amount\"><bdi><span class=\"woocommerce-Price-currencySymbol\">&#82;&#36;<\/span>176,61<\/bdi><\/span><\/span><span class=\"discount-after-price\">no Pix<\/span><\/span>\t\t<\/div>\r\n\r\n\t\t<\/span>\n<\/a><a href=\"\/bumper\/wp-json\/wp\/v2\/pages\/9?add-to-cart=1644\" aria-describedby=\"woocommerce_loop_add_to_cart_link_describedby_1644\" data-quantity=\"1\" class=\"button aux-ajax-add-to-cart product_type_simple add_to_cart_button\" data-product_id=\"1644\" data-product_sku=\"GRILL-PGR151-PRETO-127V\" aria-label=\"Adicione ao carrinho: &ldquo;Panela Grill Lenoxx El\u00e9trico Multifuncional Gourmet Pgr151&rdquo;\" rel=\"nofollow\" data-success_message=\"\u201cPanela Grill Lenoxx El\u00e9trico Multifuncional Gourmet Pgr151\u201d foi adicionado ao seu carrinho\" data-product-type=\"simple\" data-verify_nonce=\"70fb7889b1\" role=\"button\">Adicionar ao carrinho<\/a>\t<span id=\"woocommerce_loop_add_to_cart_link_describedby_1644\" class=\"screen-reader-text\">\n\t\t\t<\/span>\n<\/li>\n<li class=\"product type-product post-1643 status-publish instock product_cat-eletroportateis product_cat-grill-eletrico product_cat-para-cozinha has-post-thumbnail shipping-taxable purchasable product-type-simple aux-remove-view-cart\">\n\t<div class=\"tinv-wraper woocommerce tinv-wishlist auxshp-wishlist-wrapper tinvwl-above_thumb-add-to-cart tinvwl-loop-button-wrapper tinvwl-woocommerce_before_shop_loop_item\"\n\t data-product_id=\"1643\">\n\t<a role=\"button\" tabindex=\"0\" name=\"adicionar-lista-de-desejos\" aria-label=\"Adicionar &agrave; lista de desejos\" class=\"tinvwl_add_to_wishlist_button auxshp-wishlist   no-txt tinvwl-product-already-on-wishlist  tinvwl-position-above_thumb tinvwl-loop\" data-tinv-wl-list=\"[]\" data-tinv-wl-product=\"1643\" data-tinv-wl-productvariation=\"0\" data-tinv-wl-productvariations=\"[]\" data-tinv-wl-producttype=\"simple\" data-tinv-wl-action=\"add\"><span class=\"aux-wishlist-icon aux-ico auxicon-heart-small-outline\"><\/span><\/a>\t\t<div class=\"tinvwl-tooltip\">Adicionar &agrave; lista de desejos<\/div>\n<\/div>\n<a href=\"https:\/\/lucasvasconcelos.com.br\/bumper\/produto\/grill-multifuncional-eletrica-lenoxx-pgr159-vermelho-127v\/\" class=\"woocommerce-LoopProduct-link woocommerce-loop-product__link\"><div class=\"tp-image-wrapper\"><img decoding=\"async\" class=\"tp-image\" src=\"https:\/\/lucasvasconcelos.com.br\/bumper\/wp-content\/uploads\/2025\/01\/504764dfffbbee567f500405ae3465a3-300x300.webp\" srcset=\"https:\/\/lucasvasconcelos.com.br\/bumper\/wp-content\/uploads\/2025\/01\/504764dfffbbee567f500405ae3465a3-300x300.webp 300w, https:\/\/lucasvasconcelos.com.br\/bumper\/wp-content\/uploads\/2025\/01\/504764dfffbbee567f500405ae3465a3-150x150.webp 150w, https:\/\/lucasvasconcelos.com.br\/bumper\/wp-content\/uploads\/2025\/01\/504764dfffbbee567f500405ae3465a3-200x200.webp 200w, https:\/\/lucasvasconcelos.com.br\/bumper\/wp-content\/uploads\/2025\/01\/504764dfffbbee567f500405ae3465a3-100x100.webp 100w, https:\/\/lucasvasconcelos.com.br\/bumper\/wp-content\/uploads\/2025\/01\/504764dfffbbee567f500405ae3465a3.webp 560w\" sizes=\"(max-width: 360px) 100vw, 360px\" alt=\"Grill Multifuncional El\u00e9trica Lenoxx Pgr159 Vermelho 127V\"><img decoding=\"async\" class=\"tp-image-hover\" src=\"https:\/\/lucasvasconcelos.com.br\/bumper\/wp-content\/uploads\/2025\/01\/e481037157e05fe84c10301d15e25210-300x300.webp\" srcset=\"https:\/\/lucasvasconcelos.com.br\/bumper\/wp-content\/uploads\/2025\/01\/e481037157e05fe84c10301d15e25210-300x300.webp 300w, https:\/\/lucasvasconcelos.com.br\/bumper\/wp-content\/uploads\/2025\/01\/e481037157e05fe84c10301d15e25210-150x150.webp 150w, https:\/\/lucasvasconcelos.com.br\/bumper\/wp-content\/uploads\/2025\/01\/e481037157e05fe84c10301d15e25210-200x200.webp 200w, https:\/\/lucasvasconcelos.com.br\/bumper\/wp-content\/uploads\/2025\/01\/e481037157e05fe84c10301d15e25210-100x100.webp 100w, https:\/\/lucasvasconcelos.com.br\/bumper\/wp-content\/uploads\/2025\/01\/e481037157e05fe84c10301d15e25210.webp 560w\" sizes=\"(max-width: 360px) 100vw, 360px\" alt=\"Grill Multifuncional El\u00e9trica Lenoxx Pgr159 Vermelho 127V\"><\/div><a href=\"https:\/\/lucasvasconcelos.com.br\/bumper\/produto\/grill-multifuncional-eletrica-lenoxx-pgr159-vermelho-127v\/\"><h2 class=\"woocommerce-loop-product__title\">Grill Multifuncional El\u00e9trica Lenoxx Pgr159 Vermelho 127V<\/h2><\/a>\n\t<span class=\"price\">\r\n\t\t<div class=\"woo-custom-installments-group \">\r\n\t\t\t\r\n\t\t\t\r\n\t\t\t<div class=\"woo-custom-installments-group-main-price \">\r\n\t\t\t\t\t\t\t\t\t\t<span class=\"woo-custom-installments-price\"><span class=\"woocommerce-Price-amount amount\"><bdi><span class=\"woocommerce-Price-currencySymbol\">&#82;&#36;<\/span>161,90<\/bdi><\/span><\/span>\r\n\t\t\t\t\t\t\t\t<\/div>\r\n\r\n\t\t\t <span class=\"woo-custom-installments-card-container\"><span class=\"woo-custom-installments-details-without-fee\" data-end-installments=\"4\"><i class=\"wci-icon-best-installments icon-class fa-regular fa-credit-card\"><\/i><span class=\"woo-custom-installments-details best-value no-fee\">Em at\u00e9 4x de <span class=\"woocommerce-Price-amount amount\"><bdi><span class=\"woocommerce-Price-currencySymbol\">&#82;&#36;<\/span>40,48<\/bdi><\/span>  sem juros<\/span><\/span> <\/span><span class=\"woo-custom-installments-offer\"><i class=\"wci-icon-main-price icon-class fa-brands fa-pix\"><\/i><span class=\"discount-before-price\">\u00c0 vista<\/span><span class=\"discounted-price\"><span class=\"woocommerce-Price-amount amount\"><bdi><span class=\"woocommerce-Price-currencySymbol\">&#82;&#36;<\/span>153,81<\/bdi><\/span><\/span><span class=\"discount-after-price\">no Pix<\/span><\/span>\t\t<\/div>\r\n\r\n\t\t<\/span>\n<\/a><a href=\"\/bumper\/wp-json\/wp\/v2\/pages\/9?add-to-cart=1643\" aria-describedby=\"woocommerce_loop_add_to_cart_link_describedby_1643\" data-quantity=\"1\" class=\"button aux-ajax-add-to-cart product_type_simple add_to_cart_button\" data-product_id=\"1643\" data-product_sku=\"GRILL-PGR159-127V\" aria-label=\"Adicione ao carrinho: &ldquo;Grill Multifuncional El\u00e9trica Lenoxx Pgr159 Vermelho 127V&rdquo;\" rel=\"nofollow\" data-success_message=\"\u201cGrill Multifuncional El\u00e9trica Lenoxx Pgr159 Vermelho 127V\u201d foi adicionado ao seu carrinho\" data-product-type=\"simple\" data-verify_nonce=\"d709332752\" role=\"button\">Adicionar ao carrinho<\/a>\t<span id=\"woocommerce_loop_add_to_cart_link_describedby_1643\" class=\"screen-reader-text\">\n\t\t\t<\/span>\n<\/li>\n<li class=\"product type-product post-1642 status-publish instock product_cat-purificadores product_tag-novidade shipping-taxable purchasable product-type-simple aux-remove-view-cart\">\n\t<div class=\"tinv-wraper woocommerce tinv-wishlist auxshp-wishlist-wrapper tinvwl-above_thumb-add-to-cart tinvwl-loop-button-wrapper tinvwl-woocommerce_before_shop_loop_item\"\n\t data-product_id=\"1642\">\n\t<a role=\"button\" tabindex=\"0\" name=\"adicionar-lista-de-desejos\" aria-label=\"Adicionar &agrave; lista de desejos\" class=\"tinvwl_add_to_wishlist_button auxshp-wishlist   no-txt tinvwl-product-already-on-wishlist  tinvwl-position-above_thumb tinvwl-loop\" data-tinv-wl-list=\"[]\" data-tinv-wl-product=\"1642\" data-tinv-wl-productvariation=\"0\" data-tinv-wl-productvariations=\"[]\" data-tinv-wl-producttype=\"simple\" data-tinv-wl-action=\"add\"><span class=\"aux-wishlist-icon aux-ico auxicon-heart-small-outline\"><\/span><\/a>\t\t<div class=\"tinvwl-tooltip\">Adicionar &agrave; lista de desejos<\/div>\n<\/div>\n<a href=\"https:\/\/lucasvasconcelos.com.br\/bumper\/produto\/purificador-electrolux-pc01x-127v-agua-gelada-ou-natural-com-compressor\/\" class=\"woocommerce-LoopProduct-link woocommerce-loop-product__link\"><div class=\"tp-image-wrapper\"><img decoding=\"async\" class=\"image\" src=\"https:\/\/lucasvasconcelos.com.br\/bumper\/wp-content\/uploads\/woocommerce-placeholder-300x300.png\" \/><\/div><a href=\"https:\/\/lucasvasconcelos.com.br\/bumper\/produto\/purificador-electrolux-pc01x-127v-agua-gelada-ou-natural-com-compressor\/\"><h2 class=\"woocommerce-loop-product__title\">Purificador Electrolux PC01X &#8211; 127V \u00c1gua Gelada ou Natural com Compressor.<\/h2><\/a>\n\t<span class=\"price\">\r\n\t\t<div class=\"woo-custom-installments-group \">\r\n\t\t\t\r\n\t\t\t\r\n\t\t\t<div class=\"woo-custom-installments-group-main-price \">\r\n\t\t\t\t\t\t\t\t\t\t<span class=\"woo-custom-installments-price\"><span class=\"woocommerce-Price-amount amount\"><bdi><span class=\"woocommerce-Price-currencySymbol\">&#82;&#36;<\/span>941,54<\/bdi><\/span><\/span>\r\n\t\t\t\t\t\t\t\t<\/div>\r\n\r\n\t\t\t <span class=\"woo-custom-installments-card-container\"><span class=\"woo-custom-installments-details-without-fee\" data-end-installments=\"4\"><i class=\"wci-icon-best-installments icon-class fa-regular fa-credit-card\"><\/i><span class=\"woo-custom-installments-details best-value no-fee\">Em at\u00e9 4x de <span class=\"woocommerce-Price-amount amount\"><bdi><span class=\"woocommerce-Price-currencySymbol\">&#82;&#36;<\/span>235,39<\/bdi><\/span>  sem juros<\/span><\/span> <\/span><span class=\"woo-custom-installments-offer\"><i class=\"wci-icon-main-price icon-class fa-brands fa-pix\"><\/i><span class=\"discount-before-price\">\u00c0 vista<\/span><span class=\"discounted-price\"><span class=\"woocommerce-Price-amount amount\"><bdi><span class=\"woocommerce-Price-currencySymbol\">&#82;&#36;<\/span>894,46<\/bdi><\/span><\/span><span class=\"discount-after-price\">no Pix<\/span><\/span>\t\t<\/div>\r\n\r\n\t\t<\/span>\n<\/a><a href=\"\/bumper\/wp-json\/wp\/v2\/pages\/9?add-to-cart=1642\" aria-describedby=\"woocommerce_loop_add_to_cart_link_describedby_1642\" data-quantity=\"1\" class=\"button aux-ajax-add-to-cart product_type_simple add_to_cart_button\" data-product_id=\"1642\" data-product_sku=\"PC01X-127V\" aria-label=\"Adicione ao carrinho: &ldquo;Purificador Electrolux PC01X - 127V \u00c1gua Gelada ou Natural com Compressor.&rdquo;\" rel=\"nofollow\" data-success_message=\"\u201cPurificador Electrolux PC01X - 127V \u00c1gua Gelada ou Natural com Compressor.\u201d foi adicionado ao seu carrinho\" data-product-type=\"simple\" data-verify_nonce=\"96f2cd2a42\" role=\"button\">Adicionar ao carrinho<\/a>\t<span id=\"woocommerce_loop_add_to_cart_link_describedby_1642\" class=\"screen-reader-text\">\n\t\t\t<\/span>\n<\/li>\n<li class=\"product type-product post-1641 status-publish last instock product_cat-utensilios-para-cozinha product_cat-utilidades-domesticas product_tag-novidade product_tag-novidades shipping-taxable purchasable product-type-simple aux-remove-view-cart\">\n\t<div class=\"tinv-wraper woocommerce tinv-wishlist auxshp-wishlist-wrapper tinvwl-above_thumb-add-to-cart tinvwl-loop-button-wrapper tinvwl-woocommerce_before_shop_loop_item\"\n\t data-product_id=\"1641\">\n\t<a role=\"button\" tabindex=\"0\" name=\"adicionar-lista-de-desejos\" aria-label=\"Adicionar &agrave; lista de desejos\" class=\"tinvwl_add_to_wishlist_button auxshp-wishlist   no-txt tinvwl-product-already-on-wishlist  tinvwl-position-above_thumb tinvwl-loop\" data-tinv-wl-list=\"[]\" data-tinv-wl-product=\"1641\" data-tinv-wl-productvariation=\"0\" data-tinv-wl-productvariations=\"[]\" data-tinv-wl-producttype=\"simple\" data-tinv-wl-action=\"add\"><span class=\"aux-wishlist-icon aux-ico auxicon-heart-small-outline\"><\/span><\/a>\t\t<div class=\"tinvwl-tooltip\">Adicionar &agrave; lista de desejos<\/div>\n<\/div>\n<a href=\"https:\/\/lucasvasconcelos.com.br\/bumper\/produto\/conjunto-de-facas-electrolux-inox-7-pecas-bloco-madeira\/\" class=\"woocommerce-LoopProduct-link woocommerce-loop-product__link\"><div class=\"tp-image-wrapper\"><img decoding=\"async\" class=\"image\" src=\"https:\/\/lucasvasconcelos.com.br\/bumper\/wp-content\/uploads\/woocommerce-placeholder-300x300.png\" \/><\/div><a href=\"https:\/\/lucasvasconcelos.com.br\/bumper\/produto\/conjunto-de-facas-electrolux-inox-7-pecas-bloco-madeira\/\"><h2 class=\"woocommerce-loop-product__title\">Conjunto De Facas Electrolux Inox 7 Pe\u00e7as + Bloco Madeira<\/h2><\/a>\n\t<span class=\"price\">\r\n\t\t<div class=\"woo-custom-installments-group \">\r\n\t\t\t\r\n\t\t\t\r\n\t\t\t<div class=\"woo-custom-installments-group-main-price \">\r\n\t\t\t\t\t\t\t\t\t\t<span class=\"woo-custom-installments-price\"><span class=\"woocommerce-Price-amount amount\"><bdi><span class=\"woocommerce-Price-currencySymbol\">&#82;&#36;<\/span>417,88<\/bdi><\/span><\/span>\r\n\t\t\t\t\t\t\t\t<\/div>\r\n\r\n\t\t\t <span class=\"woo-custom-installments-card-container\"><span class=\"woo-custom-installments-details-without-fee\" data-end-installments=\"4\"><i class=\"wci-icon-best-installments icon-class fa-regular fa-credit-card\"><\/i><span class=\"woo-custom-installments-details best-value no-fee\">Em at\u00e9 4x de <span class=\"woocommerce-Price-amount amount\"><bdi><span class=\"woocommerce-Price-currencySymbol\">&#82;&#36;<\/span>104,47<\/bdi><\/span>  sem juros<\/span><\/span> <\/span><span class=\"woo-custom-installments-offer\"><i class=\"wci-icon-main-price icon-class fa-brands fa-pix\"><\/i><span class=\"discount-before-price\">\u00c0 vista<\/span><span class=\"discounted-price\"><span class=\"woocommerce-Price-amount amount\"><bdi><span class=\"woocommerce-Price-currencySymbol\">&#82;&#36;<\/span>396,99<\/bdi><\/span><\/span><span class=\"discount-after-price\">no Pix<\/span><\/span>\t\t<\/div>\r\n\r\n\t\t<\/span>\n<\/a><a href=\"\/bumper\/wp-json\/wp\/v2\/pages\/9?add-to-cart=1641\" aria-describedby=\"woocommerce_loop_add_to_cart_link_describedby_1641\" data-quantity=\"1\" class=\"button aux-ajax-add-to-cart product_type_simple add_to_cart_button\" data-product_id=\"1641\" data-product_sku=\"41044558\" aria-label=\"Adicione ao carrinho: &ldquo;Conjunto De Facas Electrolux Inox 7 Pe\u00e7as + Bloco Madeira&rdquo;\" rel=\"nofollow\" data-success_message=\"\u201cConjunto De Facas Electrolux Inox 7 Pe\u00e7as + Bloco Madeira\u201d foi adicionado ao seu carrinho\" data-product-type=\"simple\" data-verify_nonce=\"9db427ebf4\" role=\"button\">Adicionar ao carrinho<\/a>\t<span id=\"woocommerce_loop_add_to_cart_link_describedby_1641\" class=\"screen-reader-text\">\n\t\t\t<\/span>\n<\/li>\n<\/ul>\n<\/div><\/div>\n\t\t\t\t\t\t<\/div>\n\t\t\t\t<\/div>\n\t\t\t\t<\/div>\n\t\t\t\t<\/div>\n\t\t<div class=\"aux-parallax-section elementor-element elementor-element-79de763 e-flex e-con-boxed e-con e-parent\" data-id=\"79de763\" data-element_type=\"container\" data-e-type=\"container\">\n\t\t\t\t\t<div class=\"e-con-inner\">\n\t\t<div class=\"elementor-element elementor-element-8bc4e64 e-con-full e-flex e-con e-child\" data-id=\"8bc4e64\" data-element_type=\"container\" data-e-type=\"container\" data-settings=\"{&quot;background_background&quot;:&quot;classic&quot;}\">\n\t\t\t\t<div class=\"elementor-element elementor-element-ece6083 elementor-widget elementor-widget-aux_image\" data-id=\"ece6083\" data-element_type=\"widget\" data-e-type=\"widget\" data-widget_type=\"aux_image.default\">\n\t\t\t\t<div class=\"elementor-widget-container\">\n\t\t\t\t\t<section class=\"widget-container aux-widget-image aux-alignnone aux-parent-au59c0a98e\">\n    <div class=\"aux-media-hint-frame \">\n        <div class=\"aux-media-image \" >\n        \n            \n\n            \n            <img loading=\"lazy\" decoding=\"async\" width=\"1110\" height=\"250\" src=\"https:\/\/lucasvasconcelos.com.br\/bumper\/wp-content\/uploads\/2025\/01\/eletronicos1.webp\" class=\"aux-attachment aux-featured-image aux-attachment-id-1233\" alt=\"eletronicos1\" data-ratio=\"4.44\" data-original-w=\"1110\" \/>            \n                <\/div>\n    <\/div>\n\n<\/section><!-- widget-container -->\t\t\t\t<\/div>\n\t\t\t\t<\/div>\n\t\t\t\t<\/div>\n\t\t\t\t\t<\/div>\n\t\t\t\t<\/div>\n\t\t<div class=\"aux-parallax-section elementor-element elementor-element-c028e23 e-flex e-con-boxed e-con e-parent\" data-id=\"c028e23\" data-element_type=\"container\" data-e-type=\"container\">\n\t\t\t\t\t<div class=\"e-con-inner\">\n\t\t<div class=\"elementor-element elementor-element-788b26d e-con-full e-flex e-con e-child\" data-id=\"788b26d\" data-element_type=\"container\" data-e-type=\"container\">\n\t\t\t\t<div class=\"elementor-element elementor-element-459d31f elementor-widget-mobile__width-auto aux-appear-watch-animation aux-fade-in-up elementor-widget elementor-widget-aux_modern_heading\" data-id=\"459d31f\" data-element_type=\"widget\" data-e-type=\"widget\" data-widget_type=\"aux_modern_heading.default\">\n\t\t\t\t<div class=\"elementor-widget-container\">\n\t\t\t\t\t<section class=\"aux-widget-modern-heading\">\n            <div class=\"aux-widget-inner\"><span class=\"aux-modern-heading-primary\"><\/span><h4 class=\"aux-modern-heading-secondary\"><span class=\"aux-head-before\">Blog Bumper Magazine<\/span><\/h4><\/div>\n        <\/section>\t\t\t\t<\/div>\n\t\t\t\t<\/div>\n\t\t\t\t<\/div>\n\t\t\t\t\t<\/div>\n\t\t\t\t<\/div>\n\t\t\t\t<section class=\"elementor-section elementor-top-section elementor-element elementor-element-a049a83 elementor-section-full_width elementor-section-height-default elementor-section-height-default\" data-id=\"a049a83\" data-element_type=\"section\" data-e-type=\"section\">\n\t\t\t\t\t\t<div class=\"elementor-container elementor-column-gap-default\">\n\t\t\t\t\t<div class=\"aux-parallax-section elementor-column elementor-col-100 elementor-top-column elementor-element elementor-element-660810d\" data-id=\"660810d\" data-element_type=\"column\" data-e-type=\"column\">\n\t\t\t<div class=\"elementor-widget-wrap elementor-element-populated\">\n\t\t\t\t\t\t<div class=\"elementor-element elementor-element-6dc2535 aux-appear-watch-animation aux-fade-in-up-1 elementor-widget elementor-widget-aux_recent_posts\" data-id=\"6dc2535\" data-element_type=\"widget\" data-e-type=\"widget\" data-settings=\"{&quot;columns&quot;:&quot;3&quot;,&quot;columns_tablet&quot;:&quot;inherit&quot;,&quot;columns_mobile&quot;:&quot;1&quot;}\" data-widget_type=\"aux_recent_posts.default\">\n\t\t\t\t<div class=\"elementor-widget-container\">\n\t\t\t\t\t<section class=\"widget-container aux-widget-recent-posts aux-parent-auf60c03b5\"><div data-element-id=\"auf60c03b5\" class=\"aux-match-height aux-row aux-de-col3 aux-tb-col3 aux-mb-col1 aux-total-3 aux-ajax-view  \"><div class=\"aux-col post-1823\">\n                        <article class=\"post column-entry post-1823 type-post status-publish format-standard has-post-thumbnail hentry category-sem-categoria\">\n                                                        <div class=\"entry-media\"><div class=\"aux-media-frame aux-media-image aux-image-mask\"><a href=\"https:\/\/lucasvasconcelos.com.br\/bumper\/2025\/01\/23\/deliciosas-receitas-para-explorar-com-o-seu-mixer\/\"><img loading=\"lazy\" decoding=\"async\" width=\"636\" height=\"356\" src=\"data:image\/gif;base64,R0lGODlhAQABAIAAAAAAAP\/\/\/yH5BAEAAAAALAAAAAABAAEAAAIBRAA7\" class=\"aux-attachment aux-featured-image attachment-636.66666666667x356.53333333333 aux-attachment-id-1829  aux-preload aux-blank\" alt=\"receitas\" data-ratio=\"1.79\" data-original-w=\"1400\" sizes=\"auto\" data-srcset=\"https:\/\/lucasvasconcelos.com.br\/bumper\/wp-content\/uploads\/2025\/01\/receitas-150x84.webp 150w,https:\/\/lucasvasconcelos.com.br\/bumper\/wp-content\/uploads\/2025\/01\/receitas-300x168.webp 300w,https:\/\/lucasvasconcelos.com.br\/bumper\/wp-content\/uploads\/2025\/01\/receitas-768x430.webp 768w,https:\/\/lucasvasconcelos.com.br\/bumper\/wp-content\/uploads\/2025\/01\/receitas-1024x573.webp 1024w,https:\/\/lucasvasconcelos.com.br\/bumper\/wp-content\/uploads\/2025\/01\/receitas-637x357.webp 637w,https:\/\/lucasvasconcelos.com.br\/bumper\/wp-content\/uploads\/2025\/01\/receitas-1390x778.webp 1390w\" data-src=\"https:\/\/lucasvasconcelos.com.br\/bumper\/wp-content\/uploads\/2025\/01\/receitas-637x357.webp\" \/><\/a><\/div><\/div>\n                            \n                            <div class=\"entry-main\">\n                                                                                        \n                                <div class=\"entry-info\">\n                                                                                                                                                                                                        <\/div>\n                            \n                                <header class=\"entry-header\">\n                                \n                                    <h4 class=\"entry-title\">\n                                        <a href=\"https:\/\/lucasvasconcelos.com.br\/bumper\/2025\/01\/23\/deliciosas-receitas-para-explorar-com-o-seu-mixer\/\">\n                                            Deliciosas receitas para explorar com o seu Mixer                                        <\/a>\n                                    <\/h4>\n                                                                    <div class=\"entry-format\">\n                                        <a href=\"https:\/\/lucasvasconcelos.com.br\/bumper\/2025\/01\/23\/deliciosas-receitas-para-explorar-com-o-seu-mixer\/\">\n                                            <div class=\"post-format format-\"> <\/div>\n                                        <\/a>\n                                    <\/div>\n                                <\/header>\n                            \n                                                            <div class=\"entry-content\">\n                                                                            <p>\nVers\u00e1til. Compacto. Multifuncional. N\u00e3o importa o adjetivo, o Mixer 3 em 1&nbsp;transforma a experi\u00eancia&nbsp;na hora de preparar receitas e permite explorar a criatividade com maior praticidade.\n\n\n\nO design ergon\u00f4mico foi projetado para oferecer&nb ...<\/p><div class=\"clear\"><\/div>                                <\/div>\n                                                                                        <footer class=\"entry-meta aux-after-content\">\n                                                                        <div class=\"readmore\">\n                                        <a href=\"https:\/\/lucasvasconcelos.com.br\/bumper\/2025\/01\/23\/deliciosas-receitas-para-explorar-com-o-seu-mixer\/\" class=\"aux-read-more\"><span class=\"aux-read-more-text\">Leia mais<\/span><\/a>\n                                    <\/div>\n                                                                    <\/footer>\n                            \n                            <\/div>\n\n                        <\/article>\n<\/div><div class=\"aux-col post-1822\">\n                        <article class=\"post column-entry post-1822 type-post status-publish format-standard has-post-thumbnail hentry category-sem-categoria\">\n                                                        <div class=\"entry-media\"><div class=\"aux-media-frame aux-media-image aux-image-mask\"><a href=\"https:\/\/lucasvasconcelos.com.br\/bumper\/2025\/01\/23\/o-complemento-ideal-para-o-seu-aspirador\/\"><img loading=\"lazy\" decoding=\"async\" width=\"636\" height=\"356\" src=\"data:image\/gif;base64,R0lGODlhAQABAIAAAAAAAP\/\/\/yH5BAEAAAAALAAAAAABAAEAAAIBRAA7\" class=\"aux-attachment aux-featured-image attachment-636.66666666667x356.53333333333 aux-attachment-id-1828  aux-preload aux-blank\" alt=\"complemento\" data-ratio=\"1.79\" data-original-w=\"1400\" sizes=\"auto\" data-srcset=\"https:\/\/lucasvasconcelos.com.br\/bumper\/wp-content\/uploads\/2025\/01\/complemento-150x84.webp 150w,https:\/\/lucasvasconcelos.com.br\/bumper\/wp-content\/uploads\/2025\/01\/complemento-300x168.webp 300w,https:\/\/lucasvasconcelos.com.br\/bumper\/wp-content\/uploads\/2025\/01\/complemento-768x430.webp 768w,https:\/\/lucasvasconcelos.com.br\/bumper\/wp-content\/uploads\/2025\/01\/complemento-1024x573.webp 1024w,https:\/\/lucasvasconcelos.com.br\/bumper\/wp-content\/uploads\/2025\/01\/complemento-637x357.webp 637w,https:\/\/lucasvasconcelos.com.br\/bumper\/wp-content\/uploads\/2025\/01\/complemento-1390x778.webp 1390w\" data-src=\"https:\/\/lucasvasconcelos.com.br\/bumper\/wp-content\/uploads\/2025\/01\/complemento-637x357.webp\" \/><\/a><\/div><\/div>\n                            \n                            <div class=\"entry-main\">\n                                                                                        \n                                <div class=\"entry-info\">\n                                                                                                                                                                                                        <\/div>\n                            \n                                <header class=\"entry-header\">\n                                \n                                    <h4 class=\"entry-title\">\n                                        <a href=\"https:\/\/lucasvasconcelos.com.br\/bumper\/2025\/01\/23\/o-complemento-ideal-para-o-seu-aspirador\/\">\n                                            O complemento ideal para o seu aspirador!                                        <\/a>\n                                    <\/h4>\n                                                                    <div class=\"entry-format\">\n                                        <a href=\"https:\/\/lucasvasconcelos.com.br\/bumper\/2025\/01\/23\/o-complemento-ideal-para-o-seu-aspirador\/\">\n                                            <div class=\"post-format format-\"> <\/div>\n                                        <\/a>\n                                    <\/div>\n                                <\/header>\n                            \n                                                            <div class=\"entry-content\">\n                                                                            <p>\nNa hora de escolher um novo aspirador de p\u00f3 para auxiliar nas tarefas dom\u00e9sticas, pesquisamos as melhores marcas, a efici\u00eancia, os acess\u00f3rios e o fator decisivo de compra: o pre\u00e7o. No entanto, a qualidade do filtro que acompanha o produto quase pass ...<\/p><div class=\"clear\"><\/div>                                <\/div>\n                                                                                        <footer class=\"entry-meta aux-after-content\">\n                                                                        <div class=\"readmore\">\n                                        <a href=\"https:\/\/lucasvasconcelos.com.br\/bumper\/2025\/01\/23\/o-complemento-ideal-para-o-seu-aspirador\/\" class=\"aux-read-more\"><span class=\"aux-read-more-text\">Leia mais<\/span><\/a>\n                                    <\/div>\n                                                                    <\/footer>\n                            \n                            <\/div>\n\n                        <\/article>\n<\/div><div class=\"aux-col post-1821\">\n                        <article class=\"post column-entry post-1821 type-post status-publish format-standard has-post-thumbnail hentry category-sem-categoria\">\n                                                        <div class=\"entry-media\"><div class=\"aux-media-frame aux-media-image aux-image-mask\"><a href=\"https:\/\/lucasvasconcelos.com.br\/bumper\/2025\/01\/23\/como-encontrar-o-presente-ideal-para-sua-mae\/\"><img loading=\"lazy\" decoding=\"async\" width=\"636\" height=\"356\" src=\"data:image\/gif;base64,R0lGODlhAQABAIAAAAAAAP\/\/\/yH5BAEAAAAALAAAAAABAAEAAAIBRAA7\" class=\"aux-attachment aux-featured-image attachment-636.66666666667x356.53333333333 aux-attachment-id-1827  aux-preload aux-blank\" alt=\"maes\" data-ratio=\"1.79\" data-original-w=\"1400\" sizes=\"auto\" data-srcset=\"https:\/\/lucasvasconcelos.com.br\/bumper\/wp-content\/uploads\/2025\/01\/maes-150x84.webp 150w,https:\/\/lucasvasconcelos.com.br\/bumper\/wp-content\/uploads\/2025\/01\/maes-300x168.webp 300w,https:\/\/lucasvasconcelos.com.br\/bumper\/wp-content\/uploads\/2025\/01\/maes-768x430.webp 768w,https:\/\/lucasvasconcelos.com.br\/bumper\/wp-content\/uploads\/2025\/01\/maes-1024x573.webp 1024w,https:\/\/lucasvasconcelos.com.br\/bumper\/wp-content\/uploads\/2025\/01\/maes-637x357.webp 637w,https:\/\/lucasvasconcelos.com.br\/bumper\/wp-content\/uploads\/2025\/01\/maes-1390x778.webp 1390w\" data-src=\"https:\/\/lucasvasconcelos.com.br\/bumper\/wp-content\/uploads\/2025\/01\/maes-637x357.webp\" \/><\/a><\/div><\/div>\n                            \n                            <div class=\"entry-main\">\n                                                                                        \n                                <div class=\"entry-info\">\n                                                                                                                                                                                                        <\/div>\n                            \n                                <header class=\"entry-header\">\n                                \n                                    <h4 class=\"entry-title\">\n                                        <a href=\"https:\/\/lucasvasconcelos.com.br\/bumper\/2025\/01\/23\/como-encontrar-o-presente-ideal-para-sua-mae\/\">\n                                            Como encontrar o presente ideal para sua m\u00e3e                                        <\/a>\n                                    <\/h4>\n                                                                    <div class=\"entry-format\">\n                                        <a href=\"https:\/\/lucasvasconcelos.com.br\/bumper\/2025\/01\/23\/como-encontrar-o-presente-ideal-para-sua-mae\/\">\n                                            <div class=\"post-format format-\"> <\/div>\n                                        <\/a>\n                                    <\/div>\n                                <\/header>\n                            \n                                                            <div class=\"entry-content\">\n                                                                            <p>\nNa psicologia Junguiana, o arqu\u00e9tipo de M\u00e3e \u00e9 caracterizado pelo amor, carinho e prote\u00e7\u00e3o da figura materna e a conex\u00e3o com o pr\u00f3ximo. \u00c9 uma figura presente desde a tenra idade que auxilia no desenvolvimento humano, presente nas representa\u00e7\u00f5es mitol ...<\/p><div class=\"clear\"><\/div>                                <\/div>\n                                                                                        <footer class=\"entry-meta aux-after-content\">\n                                                                        <div class=\"readmore\">\n                                        <a href=\"https:\/\/lucasvasconcelos.com.br\/bumper\/2025\/01\/23\/como-encontrar-o-presente-ideal-para-sua-mae\/\" class=\"aux-read-more\"><span class=\"aux-read-more-text\">Leia mais<\/span><\/a>\n                                    <\/div>\n                                                                    <\/footer>\n                            \n                            <\/div>\n\n                        <\/article>\n<\/div><\/div><\/section><!-- widget-container -->\t\t\t\t<\/div>\n\t\t\t\t<\/div>\n\t\t\t\t\t<\/div>\n\t\t<\/div>\n\t\t\t\t\t<\/div>\n\t\t<\/section>\n\t\t\t\t<\/div>\n\t\t","protected":false},"excerpt":{"rendered":"<p>Entrega em todo Brasil Em at\u00e9 4x sem juros parcele seu pedido Site seguro certificado SSL 5% de desconto via pix Eletroport\u00e1teis Eletr\u00f4nicos Ferramentas el\u00e9tricas Pe\u00e7as e acess\u00f3rios Utilidades dom\u00e9sticas Casa m\u00f3veis e decora\u00e7\u00e3o Cuidados pessoais C\u00e2meras e acess\u00f3rios Inform\u00e1tica M\u00e1quina de Costura Ofertas Bumper \ud83d\uded2 Ver todas Em alta na Bumper \ud83d\udd25 Ver todos [&hellip;]<\/p>\n","protected":false},"author":1,"featured_media":0,"parent":0,"menu_order":0,"comment_status":"closed","ping_status":"closed","template":"","meta":{"footnotes":""},"class_list":["post-9","page","type-page","status-publish","hentry"],"_links":{"self":[{"href":"https:\/\/lucasvasconcelos.com.br\/bumper\/wp-json\/wp\/v2\/pages\/9","targetHints":{"allow":["GET"]}}],"collection":[{"href":"https:\/\/lucasvasconcelos.com.br\/bumper\/wp-json\/wp\/v2\/pages"}],"about":[{"href":"https:\/\/lucasvasconcelos.com.br\/bumper\/wp-json\/wp\/v2\/types\/page"}],"author":[{"embeddable":true,"href":"https:\/\/lucasvasconcelos.com.br\/bumper\/wp-json\/wp\/v2\/users\/1"}],"replies":[{"embeddable":true,"href":"https:\/\/lucasvasconcelos.com.br\/bumper\/wp-json\/wp\/v2\/comments?post=9"}],"version-history":[{"count":158,"href":"https:\/\/lucasvasconcelos.com.br\/bumper\/wp-json\/wp\/v2\/pages\/9\/revisions"}],"predecessor-version":[{"id":2073,"href":"https:\/\/lucasvasconcelos.com.br\/bumper\/wp-json\/wp\/v2\/pages\/9\/revisions\/2073"}],"wp:attachment":[{"href":"https:\/\/lucasvasconcelos.com.br\/bumper\/wp-json\/wp\/v2\/media?parent=9"}],"curies":[{"name":"wp","href":"https:\/\/api.w.org\/{rel}","templated":true}]}}